{"id":11424,"date":"2018-10-08T10:34:49","date_gmt":"2018-10-08T13:34:49","guid":{"rendered":"https:\/\/www.taller-palabras.com\/WordPress_04\/?post_type=product&#038;p=11424"},"modified":"2025-07-08T16:42:23","modified_gmt":"2025-07-08T19:42:23","slug":"6-la-quinta-mujer-henning-mankell-ebook","status":"publish","type":"product","link":"https:\/\/www.taller-palabras.com\/WordPress_04\/producto\/6-la-quinta-mujer-henning-mankell-ebook","title":{"rendered":"6-La quinta mujer &#8211; Henning Mankell  \/ebook"},"content":{"rendered":"<figure id=\"attachment_106\" aria-describedby=\"caption-attachment-106\" style=\"width: 150px\" class=\"wp-caption alignleft\"><img loading=\"lazy\" decoding=\"async\" class=\"wp-image-106 size-thumbnail\" src=\"https:\/\/www.taller-palabras.com\/WordPress_04\/wp-content\/uploads\/2018\/10\/Henning-Mankell-150x150.jpg\" alt=\"\" width=\"150\" height=\"150\" srcset=\"https:\/\/www.taller-palabras.com\/WordPress_04\/wp-content\/uploads\/2018\/10\/Henning-Mankell-150x150.jpg 150w, https:\/\/www.taller-palabras.com\/WordPress_04\/wp-content\/uploads\/2018\/10\/Henning-Mankell-324x324.jpg 324w, https:\/\/www.taller-palabras.com\/WordPress_04\/wp-content\/uploads\/2018\/10\/Henning-Mankell-100x100.jpg 100w\" sizes=\"auto, (max-width: 150px) 100vw, 150px\" \/><figcaption id=\"caption-attachment-106\" class=\"wp-caption-text\">Autor Henning Mankell<\/figcaption><\/figure>\n<p>La placidez habitual de la ciudad sueca de Ystad se ve rota cuando, con cierto intervalo de tiempo, tres hombres aparecen salvajemente asesinados. Las v\u00edctimas llevaban una vida apacible y tranquila, dedicadas a la ornitolog\u00eda, el cultivo de orqu\u00eddeas y la poes\u00eda, lo cual hace a\u00fan m\u00e1s incomprensible el casi insoportable sadismo de que han sido objeto. Durante la investigaci\u00f3n del caso, Wallander \u2014un detective vulnerable y con aires de antih\u00e9roe\u2014 descubre que no s\u00f3lo debe enfrentarse a un asesino de temible inteligencia, sino que \u00e9ste parece guiarse por un sanguinario y turbio deseo de venganza. Cuando por fin la polic\u00eda cree estar tras la buena pista, un nuevo asesinato da un vuelco a la investigaci\u00f3n y provoca un mot\u00edn entre la asustada poblaci\u00f3n local.<\/p>\n","protected":false},"excerpt":{"rendered":"<p>La placidez habitual de la ciudad sueca de Ystad se ve rota cuando, con cierto intervalo de tiempo, tres hombres aparecen salvajemente asesinados. Las v\u00edctimas llevaban una vida apacible y tranquila, dedicadas a la ornitolog\u00eda, el cultivo de orqu\u00eddeas y la poes\u00eda, lo cual hace a\u00fan m\u00e1s incomprensible el casi insoportable sadismo de que han [&hellip;]<\/p>\n","protected":false},"featured_media":11429,"template":"","meta":[],"product_brand":[],"product_cat":[25],"product_tag":[54,56,1512,55],"class_list":{"0":"post-11424","1":"product","2":"type-product","3":"status-publish","4":"has-post-thumbnail","6":"product_cat-libros-digitales-ebooks","7":"product_tag-descargar-ebook","8":"product_tag-henning-mankell","9":"product_tag-la-quinta-mujer","10":"product_tag-novelas","12":"first","13":"instock","14":"shipping-taxable","15":"purchasable","16":"product-type-variable","17":"has-default-attributes"},"_links":{"self":[{"href":"https:\/\/www.taller-palabras.com\/WordPress_04\/wp-json\/wp\/v2\/product\/11424","targetHints":{"allow":["GET"]}}],"collection":[{"href":"https:\/\/www.taller-palabras.com\/WordPress_04\/wp-json\/wp\/v2\/product"}],"about":[{"href":"https:\/\/www.taller-palabras.com\/WordPress_04\/wp-json\/wp\/v2\/types\/product"}],"wp:featuredmedia":[{"embeddable":true,"href":"https:\/\/www.taller-palabras.com\/WordPress_04\/wp-json\/wp\/v2\/media\/11429"}],"wp:attachment":[{"href":"https:\/\/www.taller-palabras.com\/WordPress_04\/wp-json\/wp\/v2\/media?parent=11424"}],"wp:term":[{"taxonomy":"product_brand","embeddable":true,"href":"https:\/\/www.taller-palabras.com\/WordPress_04\/wp-json\/wp\/v2\/product_brand?post=11424"},{"taxonomy":"product_cat","embeddable":true,"href":"https:\/\/www.taller-palabras.com\/WordPress_04\/wp-json\/wp\/v2\/product_cat?post=11424"},{"taxonomy":"product_tag","embeddable":true,"href":"https:\/\/www.taller-palabras.com\/WordPress_04\/wp-json\/wp\/v2\/product_tag?post=11424"}],"curies":[{"name":"wp","href":"https:\/\/api.w.org\/{rel}","templated":true}]}}