{"id":12325,"date":"2026-03-13T09:42:59","date_gmt":"2026-03-13T12:42:59","guid":{"rendered":"https:\/\/www.taller-palabras.com\/WordPress_04\/?post_type=product&#038;p=12325"},"modified":"2026-03-13T09:51:05","modified_gmt":"2026-03-13T12:51:05","slug":"cerca-del-corazon-salvaje-clarice-lispector-ebook","status":"publish","type":"product","link":"https:\/\/www.taller-palabras.com\/WordPress_04\/producto\/cerca-del-corazon-salvaje-clarice-lispector-ebook","title":{"rendered":"Cerca del coraz\u00f3n salvaje &#8211; Clarice Lispector  \/ebook"},"content":{"rendered":"<figure id=\"attachment_12329\" aria-describedby=\"caption-attachment-12329\" style=\"width: 150px\" class=\"wp-caption alignleft\"><img loading=\"lazy\" decoding=\"async\" class=\"wp-image-12329 size-thumbnail\" src=\"https:\/\/www.taller-palabras.com\/WordPress_04\/wp-content\/uploads\/2026\/03\/Clarice_Lispector-150x150.jpg\" alt=\"\" width=\"150\" height=\"150\" srcset=\"https:\/\/www.taller-palabras.com\/WordPress_04\/wp-content\/uploads\/2026\/03\/Clarice_Lispector-150x150.jpg 150w, https:\/\/www.taller-palabras.com\/WordPress_04\/wp-content\/uploads\/2026\/03\/Clarice_Lispector-100x100.jpg 100w, https:\/\/www.taller-palabras.com\/WordPress_04\/wp-content\/uploads\/2026\/03\/Clarice_Lispector.jpg 255w\" sizes=\"auto, (max-width: 150px) 100vw, 150px\" \/><figcaption id=\"caption-attachment-12329\" class=\"wp-caption-text\">Autora Clarice Lispector<\/figcaption><\/figure>\n<p>Cerca del coraz\u00f3n salvaje es el intento de construir la biograf\u00eda de Joana, no el personaje central, sino uno de ellos, desde la infancia hasta la madurez, buscando la verdad interior, estudiando la complejidad de las relaciones humanas, intentando olvidar la muerte, la muerte del padre, que Joana no aceptar\u00e1 jam\u00e1s. Nadie duda hoy de que la obra de Lispector es una de las experiencias m\u00e1s profundas para expresar temas que nos desbordan: el silencio y el ansia de comunicaci\u00f3n, la soledad en un mundo en el que la comunicaci\u00f3n ficticia nos abisma en el desamparo, la situaci\u00f3n de la mujer en un mundo creado por los hombres. Cerca del coraz\u00f3n salvaje es ya, en este sentido, un cl\u00e1sico, y su importancia no har\u00e1 m\u00e1s que destacarse con el tiempo.<\/p>\n","protected":false},"excerpt":{"rendered":"<p>Cerca del coraz\u00f3n salvaje es el intento de construir la biograf\u00eda de Joana, no el personaje central, sino uno de ellos, desde la infancia hasta la madurez, buscando la verdad interior, estudiando la complejidad de las relaciones humanas, intentando olvidar la muerte, la muerte del padre, que Joana no aceptar\u00e1 jam\u00e1s. Nadie duda hoy de [&hellip;]<\/p>\n","protected":false},"featured_media":12328,"template":"","meta":[],"product_brand":[],"product_cat":[25],"product_tag":[1692,1691,54,1184],"class_list":{"0":"post-12325","1":"product","2":"type-product","3":"status-publish","4":"has-post-thumbnail","6":"product_cat-libros-digitales-ebooks","7":"product_tag-cerca-del-corazon-salvaje","8":"product_tag-clarice-lispector","9":"product_tag-descargar-ebook","10":"product_tag-mejor-novelas","12":"first","13":"instock","14":"shipping-taxable","15":"purchasable","16":"product-type-variable","17":"has-default-attributes"},"_links":{"self":[{"href":"https:\/\/www.taller-palabras.com\/WordPress_04\/wp-json\/wp\/v2\/product\/12325","targetHints":{"allow":["GET"]}}],"collection":[{"href":"https:\/\/www.taller-palabras.com\/WordPress_04\/wp-json\/wp\/v2\/product"}],"about":[{"href":"https:\/\/www.taller-palabras.com\/WordPress_04\/wp-json\/wp\/v2\/types\/product"}],"wp:featuredmedia":[{"embeddable":true,"href":"https:\/\/www.taller-palabras.com\/WordPress_04\/wp-json\/wp\/v2\/media\/12328"}],"wp:attachment":[{"href":"https:\/\/www.taller-palabras.com\/WordPress_04\/wp-json\/wp\/v2\/media?parent=12325"}],"wp:term":[{"taxonomy":"product_brand","embeddable":true,"href":"https:\/\/www.taller-palabras.com\/WordPress_04\/wp-json\/wp\/v2\/product_brand?post=12325"},{"taxonomy":"product_cat","embeddable":true,"href":"https:\/\/www.taller-palabras.com\/WordPress_04\/wp-json\/wp\/v2\/product_cat?post=12325"},{"taxonomy":"product_tag","embeddable":true,"href":"https:\/\/www.taller-palabras.com\/WordPress_04\/wp-json\/wp\/v2\/product_tag?post=12325"}],"curies":[{"name":"wp","href":"https:\/\/api.w.org\/{rel}","templated":true}]}}