{"id":1813,"date":"2020-03-25T15:05:43","date_gmt":"2020-03-25T18:05:43","guid":{"rendered":"https:\/\/www.taller-palabras.com\/WordPress_04\/?post_type=product&#038;p=1813"},"modified":"2023-11-09T18:02:13","modified_gmt":"2023-11-09T21:02:13","slug":"la-ladrona-de-libros-markus-zusak-ebook","status":"publish","type":"product","link":"https:\/\/www.taller-palabras.com\/WordPress_04\/producto\/la-ladrona-de-libros-markus-zusak-ebook","title":{"rendered":"La ladrona de libros &#8211; Markus Zusak \/ebook"},"content":{"rendered":"<figure id=\"attachment_1820\" aria-describedby=\"caption-attachment-1820\" style=\"width: 150px\" class=\"wp-caption alignleft\"><img loading=\"lazy\" decoding=\"async\" class=\"wp-image-1820 size-thumbnail\" src=\"https:\/\/www.taller-palabras.com\/WordPress_04\/wp-content\/uploads\/2020\/03\/zusak-150x150.jpg\" alt=\"\" width=\"150\" height=\"150\" srcset=\"https:\/\/www.taller-palabras.com\/WordPress_04\/wp-content\/uploads\/2020\/03\/zusak-150x150.jpg 150w, https:\/\/www.taller-palabras.com\/WordPress_04\/wp-content\/uploads\/2020\/03\/zusak-324x324.jpg 324w, https:\/\/www.taller-palabras.com\/WordPress_04\/wp-content\/uploads\/2020\/03\/zusak-100x100.jpg 100w\" sizes=\"auto, (max-width: 150px) 100vw, 150px\" \/><figcaption id=\"caption-attachment-1820\" class=\"wp-caption-text\">Autor Markus Zusak<\/figcaption><\/figure>\n<p>\u00c9rase una vez un pueblo donde las noches eran largas y la muerte contaba su propia historia. En el pueblo viv\u00eda una ni\u00f1a que quer\u00eda leer, un hombre que tocaba el acorde\u00f3n y un joven jud\u00edo que escrib\u00eda cuentos hermosos para escapar del horror de la guerra. Al cabo de un tiempo, la ni\u00f1a se convirti\u00f3 en una ladrona que robaba libros y regalaba palabras. Con estas palabras se escribi\u00f3 una historia hermosa y cruel que ahora ya es una novela inolvidable.<\/p>\n<p>La prosa se acerca a la literatura juvenil por la sencillez del discurso narrativo. Zusak mediante un estilo simple y despojado, sin llegar al paroxismo de la l\u00edrica, introduce una especia de bruma po\u00e9tica que atrapa con im\u00e1genes sencillamente acariciadoras.<br \/>\nLa ladrona de libros emparentado con obras como \u201cLa vida es bella\u201d o \u201cEl chico del piyama a rayas\u201d nos acerca una mirada diferente del horror de la Segunda Guerra Mundial, nos habla de la posibilidad de continuar siendo compasivos, tiernos, sensibles, humanos, en medio de una debacle tan inhumana como la Segunda o cualquier otra guerra.<\/p>\n","protected":false},"excerpt":{"rendered":"<p>\u00c9rase una vez un pueblo donde las noches eran largas y la muerte contaba su propia historia. En el pueblo viv\u00eda una ni\u00f1a que quer\u00eda leer, un hombre que tocaba el acorde\u00f3n y un joven jud\u00edo que escrib\u00eda cuentos hermosos para escapar del horror de la guerra. Al cabo de un tiempo, la ni\u00f1a se [&hellip;]<\/p>\n","protected":false},"featured_media":1821,"template":"","meta":[],"product_brand":[],"product_cat":[25],"product_tag":[136,207,208,55],"class_list":{"0":"post-1813","1":"product","2":"type-product","3":"status-publish","4":"has-post-thumbnail","6":"product_cat-libros-digitales-ebooks","7":"product_tag-decargar-ebook","8":"product_tag-la-ladrona-de-libros","9":"product_tag-markus-zusak","10":"product_tag-novelas","12":"first","13":"instock","14":"shipping-taxable","15":"purchasable","16":"product-type-variable","17":"has-default-attributes"},"_links":{"self":[{"href":"https:\/\/www.taller-palabras.com\/WordPress_04\/wp-json\/wp\/v2\/product\/1813","targetHints":{"allow":["GET"]}}],"collection":[{"href":"https:\/\/www.taller-palabras.com\/WordPress_04\/wp-json\/wp\/v2\/product"}],"about":[{"href":"https:\/\/www.taller-palabras.com\/WordPress_04\/wp-json\/wp\/v2\/types\/product"}],"wp:featuredmedia":[{"embeddable":true,"href":"https:\/\/www.taller-palabras.com\/WordPress_04\/wp-json\/wp\/v2\/media\/1821"}],"wp:attachment":[{"href":"https:\/\/www.taller-palabras.com\/WordPress_04\/wp-json\/wp\/v2\/media?parent=1813"}],"wp:term":[{"taxonomy":"product_brand","embeddable":true,"href":"https:\/\/www.taller-palabras.com\/WordPress_04\/wp-json\/wp\/v2\/product_brand?post=1813"},{"taxonomy":"product_cat","embeddable":true,"href":"https:\/\/www.taller-palabras.com\/WordPress_04\/wp-json\/wp\/v2\/product_cat?post=1813"},{"taxonomy":"product_tag","embeddable":true,"href":"https:\/\/www.taller-palabras.com\/WordPress_04\/wp-json\/wp\/v2\/product_tag?post=1813"}],"curies":[{"name":"wp","href":"https:\/\/api.w.org\/{rel}","templated":true}]}}