{"id":4182,"date":"2022-03-06T10:17:04","date_gmt":"2022-03-06T13:17:04","guid":{"rendered":"https:\/\/www.taller-palabras.com\/WordPress_04\/?post_type=product&#038;p=4182"},"modified":"2026-03-31T13:05:19","modified_gmt":"2026-03-31T16:05:19","slug":"historia-de-un-deicidio-mario-vargas-llosa-ebook-copia","status":"publish","type":"product","link":"https:\/\/www.taller-palabras.com\/WordPress_04\/producto\/historia-de-un-deicidio-mario-vargas-llosa-ebook-copia","title":{"rendered":"Historia de un deicidio &#8211; Mario Vargas Llosa \/ebook"},"content":{"rendered":"<figure id=\"attachment_235\" aria-describedby=\"caption-attachment-235\" style=\"width: 150px\" class=\"wp-caption alignleft\"><img loading=\"lazy\" decoding=\"async\" class=\"wp-image-235 size-thumbnail\" src=\"https:\/\/www.taller-palabras.com\/WordPress_04\/wp-content\/uploads\/2018\/10\/vargas_llosa-150x150.jpg\" alt=\"\" width=\"150\" height=\"150\" srcset=\"https:\/\/www.taller-palabras.com\/WordPress_04\/wp-content\/uploads\/2018\/10\/vargas_llosa-150x150.jpg 150w, https:\/\/www.taller-palabras.com\/WordPress_04\/wp-content\/uploads\/2018\/10\/vargas_llosa-324x324.jpg 324w, https:\/\/www.taller-palabras.com\/WordPress_04\/wp-content\/uploads\/2018\/10\/vargas_llosa-100x100.jpg 100w\" sizes=\"auto, (max-width: 150px) 100vw, 150px\" \/><figcaption id=\"caption-attachment-235\" class=\"wp-caption-text\">Autor Mario Vargas Llosa<\/figcaption><\/figure>\n<p>Este trabajo fue la tesis doctoral que le sirvi\u00f3 al autor para obtener el t\u00edtulo de Doctor en la Universidad Complutense de Madrid, donde fue presentado con el t\u00edtulo Garc\u00eda M\u00e1rquez: lengua y estructura de su obra narrativa, obteniendo la calificaci\u00f3n de sobresaliente cum laude tras su presentaci\u00f3n el 25 de junio de 1971. Se trata de un an\u00e1lisis en profundidad de la obra de Garc\u00eda M\u00e1rquez, desde sus primeros cuentos hasta Cien a\u00f1os de soledad. El t\u00edtulo original se cambi\u00f3 al publicar el ensayo por el m\u00e1s sugerente de Historia de un deicidio. Deicidio (del lat\u00edn deic\u012bda) hace referencia al acto de matar a Dios o una divinidad. A lo largo del ensayo Vargas Llosa relaciona diferentes hechos ocurridos en la vida de Garc\u00eda M\u00e1rquez con su obra narrativa y desarrolla una teor\u00eda, seg\u00fan la cual el creador literario se rebela contra la realidad e intenta sustituirla por la ficci\u00f3n que \u00e9l mismo fabrica, suplantando en cierto sentido el poder de Dios.<\/p>\n","protected":false},"excerpt":{"rendered":"<p>Este trabajo fue la tesis doctoral que le sirvi\u00f3 al autor para obtener el t\u00edtulo de Doctor en la Universidad Complutense de Madrid, donde fue presentado con el t\u00edtulo Garc\u00eda M\u00e1rquez: lengua y estructura de su obra narrativa, obteniendo la calificaci\u00f3n de sobresaliente cum laude tras su presentaci\u00f3n el 25 de junio de 1971. Se [&hellip;]<\/p>\n","protected":false},"featured_media":4174,"template":"","meta":[],"product_brand":[1706],"product_cat":[25],"product_tag":[54,84,225],"class_list":{"0":"post-4182","1":"product","2":"type-product","3":"status-publish","4":"has-post-thumbnail","6":"product_brand-grupo1","7":"product_cat-libros-digitales-ebooks","8":"product_tag-descargar-ebook","9":"product_tag-mario-vargas-llosa","10":"product_tag-mejores-novelas","12":"first","13":"instock","14":"shipping-taxable","15":"purchasable","16":"product-type-variable","17":"has-default-attributes"},"_links":{"self":[{"href":"https:\/\/www.taller-palabras.com\/WordPress_04\/wp-json\/wp\/v2\/product\/4182","targetHints":{"allow":["GET"]}}],"collection":[{"href":"https:\/\/www.taller-palabras.com\/WordPress_04\/wp-json\/wp\/v2\/product"}],"about":[{"href":"https:\/\/www.taller-palabras.com\/WordPress_04\/wp-json\/wp\/v2\/types\/product"}],"wp:featuredmedia":[{"embeddable":true,"href":"https:\/\/www.taller-palabras.com\/WordPress_04\/wp-json\/wp\/v2\/media\/4174"}],"wp:attachment":[{"href":"https:\/\/www.taller-palabras.com\/WordPress_04\/wp-json\/wp\/v2\/media?parent=4182"}],"wp:term":[{"taxonomy":"product_brand","embeddable":true,"href":"https:\/\/www.taller-palabras.com\/WordPress_04\/wp-json\/wp\/v2\/product_brand?post=4182"},{"taxonomy":"product_cat","embeddable":true,"href":"https:\/\/www.taller-palabras.com\/WordPress_04\/wp-json\/wp\/v2\/product_cat?post=4182"},{"taxonomy":"product_tag","embeddable":true,"href":"https:\/\/www.taller-palabras.com\/WordPress_04\/wp-json\/wp\/v2\/product_tag?post=4182"}],"curies":[{"name":"wp","href":"https:\/\/api.w.org\/{rel}","templated":true}]}}