{"id":8471,"date":"2023-12-03T12:42:35","date_gmt":"2023-12-03T15:42:35","guid":{"rendered":"https:\/\/www.taller-palabras.com\/WordPress_04\/?post_type=product&#038;p=8471"},"modified":"2023-12-03T13:04:00","modified_gmt":"2023-12-03T16:04:00","slug":"la-maestra-carlos-moreira-ebook","status":"publish","type":"product","link":"https:\/\/www.taller-palabras.com\/WordPress_04\/producto\/la-maestra-carlos-moreira-ebook","title":{"rendered":"La maestra &#8211; Carlos Moreira  \/ebook"},"content":{"rendered":"<figure id=\"attachment_8439\" aria-describedby=\"caption-attachment-8439\" style=\"width: 150px\" class=\"wp-caption alignleft\"><img loading=\"lazy\" decoding=\"async\" class=\"wp-image-8439 size-thumbnail\" src=\"https:\/\/www.taller-palabras.com\/WordPress_04\/wp-content\/uploads\/2023\/12\/Carlos-Moreira-150x150.jpg\" alt=\"\" width=\"150\" height=\"150\" srcset=\"https:\/\/www.taller-palabras.com\/WordPress_04\/wp-content\/uploads\/2023\/12\/Carlos-Moreira-150x150.jpg 150w, https:\/\/www.taller-palabras.com\/WordPress_04\/wp-content\/uploads\/2023\/12\/Carlos-Moreira-100x100.jpg 100w, https:\/\/www.taller-palabras.com\/WordPress_04\/wp-content\/uploads\/2023\/12\/Carlos-Moreira.jpg 198w\" sizes=\"auto, (max-width: 150px) 100vw, 150px\" \/><figcaption id=\"caption-attachment-8439\" class=\"wp-caption-text\">Autor Carlos Moreira<\/figcaption><\/figure>\n<p>La llamada la despert\u00f3 a medianoche. Elba Esther contest\u00f3 inquieta, del otro lado de la l\u00ednea los secretarios de Hacienda y Gobernaci\u00f3n insist\u00edan en verla: las negociaciones con el sindicato hab\u00edan llegado a un punto muerto y el presidente deseaba que se reunieran. La recorri\u00f3 un mal presentimiento, sab\u00eda que podr\u00eda ser una trampa, pero no le quedaba otra opci\u00f3n.<br \/>\nAl d\u00eda siguiente, abord\u00f3 el avi\u00f3n privado que la esperaba para llevarla hasta Toluca, de ah\u00ed viajar\u00eda hacia la capital para desayunar en Los Pinos. Tan pronto toc\u00f3 tierra, dos oficiales la arrestaron por corrupci\u00f3n.<\/p>\n<p>Esta es una obra de ficci\u00f3n, no obstante, las muertes de periodistas y pol\u00edticos, la desigualdad social, las mafias, el narcotr\u00e1fico, la impunidad y la corrupci\u00f3n son tristemente reale<\/p>\n","protected":false},"excerpt":{"rendered":"<p>La llamada la despert\u00f3 a medianoche. Elba Esther contest\u00f3 inquieta, del otro lado de la l\u00ednea los secretarios de Hacienda y Gobernaci\u00f3n insist\u00edan en verla: las negociaciones con el sindicato hab\u00edan llegado a un punto muerto y el presidente deseaba que se reunieran. La recorri\u00f3 un mal presentimiento, sab\u00eda que podr\u00eda ser una trampa, pero [&hellip;]<\/p>\n","protected":false},"featured_media":8448,"template":"","meta":[],"product_brand":[],"product_cat":[25],"product_tag":[1197,54,1198,225],"class_list":{"0":"post-8471","1":"product","2":"type-product","3":"status-publish","4":"has-post-thumbnail","6":"product_cat-libros-digitales-ebooks","7":"product_tag-carlos-moreira","8":"product_tag-descargar-ebook","9":"product_tag-la-maestra","10":"product_tag-mejores-novelas","12":"first","13":"instock","14":"shipping-taxable","15":"purchasable","16":"product-type-variable","17":"has-default-attributes"},"_links":{"self":[{"href":"https:\/\/www.taller-palabras.com\/WordPress_04\/wp-json\/wp\/v2\/product\/8471","targetHints":{"allow":["GET"]}}],"collection":[{"href":"https:\/\/www.taller-palabras.com\/WordPress_04\/wp-json\/wp\/v2\/product"}],"about":[{"href":"https:\/\/www.taller-palabras.com\/WordPress_04\/wp-json\/wp\/v2\/types\/product"}],"wp:featuredmedia":[{"embeddable":true,"href":"https:\/\/www.taller-palabras.com\/WordPress_04\/wp-json\/wp\/v2\/media\/8448"}],"wp:attachment":[{"href":"https:\/\/www.taller-palabras.com\/WordPress_04\/wp-json\/wp\/v2\/media?parent=8471"}],"wp:term":[{"taxonomy":"product_brand","embeddable":true,"href":"https:\/\/www.taller-palabras.com\/WordPress_04\/wp-json\/wp\/v2\/product_brand?post=8471"},{"taxonomy":"product_cat","embeddable":true,"href":"https:\/\/www.taller-palabras.com\/WordPress_04\/wp-json\/wp\/v2\/product_cat?post=8471"},{"taxonomy":"product_tag","embeddable":true,"href":"https:\/\/www.taller-palabras.com\/WordPress_04\/wp-json\/wp\/v2\/product_tag?post=8471"}],"curies":[{"name":"wp","href":"https:\/\/api.w.org\/{rel}","templated":true}]}}