{"id":9428,"date":"2024-03-29T16:36:47","date_gmt":"2024-03-29T19:36:47","guid":{"rendered":"https:\/\/www.taller-palabras.com\/WordPress_04\/?post_type=product&#038;p=9428"},"modified":"2024-03-30T12:07:12","modified_gmt":"2024-03-30T15:07:12","slug":"libros-en-el-articulo-laberintos-de-la-mente-copia","status":"publish","type":"product","link":"https:\/\/www.taller-palabras.com\/WordPress_04\/producto\/libros-en-el-articulo-laberintos-de-la-mente-copia","title":{"rendered":"Libros en el Art\u00edculo \u201cLaberintos de la mente\u201d"},"content":{"rendered":"<p>En esta vista presentamos todos los libros que fueron tratados en los diferentes art\u00edculos publicados en la Revista Literaria \u00abRedescribir\u00bb. Si quieres ver otros libros ve al men\u00fa\u00a0 <a href=\"https:\/\/www.taller-palabras.com\/WordPress_04\/\"><strong>\u00abInicio\u00bb<\/strong><\/a> o por el buscador.<\/p>\n<p>Puedes volver a este <a href=\"https:\/\/www.taller-palabras.com\/WordPress_06\/?p=4083\"><strong>Art\u00edculo de la Revista Literaria.<\/strong><\/a><\/p>\n<p>&nbsp;<\/p>\n<div id=\"wcpt-9427\" class=\"wcpt wcpt-9427\" data-wcpt-table-id=\"9427\"\r    data-wcpt-query-string=\"?9427_device=laptop\" \r    data-wcpt-sc-attrs=\"{&quot;laptop_auto_scroll&quot;:&quot;true&quot;,&quot;tablet_auto_scroll&quot;:&quot;true&quot;,&quot;phone_auto_scroll&quot;:&quot;false&quot;,&quot;ids&quot;:&quot;9399,9405,9411,9420,3044,5570,9246,4292,2692,4680,3878,273,3262,10121&quot;}\"\r    data-wcpt-encrypted-query-vars=\"MzJFUEZsYmJHaTVJSGxHcGF6M1Z0cnRaOXpFS1BML3dlai90a0g1ZDdKYXdaZ00rYzdJUExJUlc1dzQwWDhUWG5tVVpiTklhWUR0Z2E3SnFJN3h0R3JWakZtbkVWdnFaU3VyaGZqNlRGNEpEUlR4d1JLc09oa2R0NE1RZFBKWm5SbGlTcjBwREJjbnJyMVBoK2RxUmxET3Z3M1M0VVplL2JuZFBRQ3c0UjRjMXVzZ0VuOGlYa0ExTlBSQ1FYc2syTGlQcytSWSt5TjN6ZjBHM25TMVdISVZZZUprb1k3R3dqaDJkTmp4a3BpcHAyVUxJNFNZSkFmcVMzVXV4bXJJdi9mS3YwTENaRG1hSG9nN1RaYjRyWm5yZTF4Ukg1K1J1RVBnK20ybXp3cWFseEp2ajk4WmF4L0hqNEhLL3FueFJ1VlY0M0FORCtPSEg4ZUVBVUc2citmZStnQXpZZWxraElKaTA1bjdHcGlYTFMvcUlqekZiakZLRUhDYnVoUkwzcEoyVEpLcVhHVWpXTkdHQVlxZWExcjRBQ0JtVnJTbGtnU3VuQjhsYkRSQT06Oja7aeKthEq6boi\/G2T\/8iU=\"\r    data-wcpt-encrypted-user-filters=\"cXBrQ25LS0gyZGl6MDd1enRDRm1xaUtiY1ZPcHFqbjJ4aFMyaEJIcFl6ckxreTBJOHZNdmgrUlR4YU1wS1RiTDExc3RKam9jRWkwQllnQmNRYW85cktHbC9SL3R1MEdJL24ybDlHalRDNDJJa2RiU253S1ROVk9hMkVEcFpzMTJHQkF2ejI5ZFJuUmExRGxvS2FSd3JRPT06OgLgE1iJEUCZBCNRSCTcbtk=\"><style>  @media (max-width:1199px) and (min-width:749px) {  #wcpt-9427 .wcpt-device-tablet {  display: block;  }  #wcpt-9427 .wcpt-device-laptop,  #wcpt-9427 .wcpt-device-phone {  display: none;  }  }  @media (max-width:749px) {  #wcpt-9427 .wcpt-device-phone {  display: block;  }  #wcpt-9427 .wcpt-device-tablet,  #wcpt-9427 .wcpt-device-laptop {  display: none;  }  }  @media(min-width:750px){ #wcpt-9427 tr.wcpt-even > .wcpt-cell{background-color:rgba(255, 255, 255, 0);} #wcpt-9427 tr.wcpt-odd > .wcpt-cell{background-color:rgba(255, 255, 255, 0);}}@media(max-width: 1199px) and (min-width:750px){ #wcpt-9427 tr.wcpt-even > .wcpt-cell{background-color:rgba(255, 255, 255, 0);} #wcpt-9427 tr.wcpt-odd > .wcpt-cell{background-color:rgba(255, 255, 255, 0);}}@media(max-width:749px){ #wcpt-9427 .wcpt-cell{padding-top:20px;padding-bottom:20px;}} #wcpt-9427 .wcpt-header.wcpt-navigation{margin-bottom:15px;} @media(max-width:1199){} @media(max-width:749){}<\/style>    <div\r      class=\"wcpt-navigation wcpt-header wcpt-always-show\"\r      style=\"\"><\/div>      <div class=\"wcpt-responsive-navigation\"><\/div>\r      <div class=\"wcpt-nav-modal-tpl\">\t<div class=\"wcpt-nav-modal\" data-wcpt-table-id=\"9427\">\t\t<div class=\"wcpt-nm-content wcpt-noselect\">\t\t\t<div class=\"wcpt-nm-heading wcpt-nm-heading--sticky\">\t\t\t\t<span class=\"wcpt-nm-close\">\t\t\t\t\t<span \r      class=\"wcpt-icon wcpt-icon-x  \"    ><svg xmlns=\"http:\/\/www.w3.org\/2000\/svg\" width=\"24\" height=\"24\" viewBox=\"0 0 24 24\" fill=\"none\" stroke=\"currentColor\" stroke-width=\"2\" stroke-linecap=\"round\" stroke-linejoin=\"round\" class=\"feather feather-x\"><line x1=\"18\" y1=\"6\" x2=\"6\" y2=\"18\"><\/line><line x1=\"6\" y1=\"6\" x2=\"18\" y2=\"18\"><\/line><\/svg><\/span>\t\t\t\t\t<\/svg>\t\t\t\t<\/span>\t\t\t\t<span class=\"wcpt-nm-heading-text wcpt-on-filters-show\">\t\t\t\t\tFilters\t\t\t\t<\/span>\t\t\t\t<span class=\"wcpt-nm-heading-text wcpt-on-sort-show\">\t\t\t\t\tSort results\t\t\t\t<\/span>\t\t\t\t<div class=\"wcpt-nm-action\">\t\t\t\t\t<span class=\"wcpt-nm-reset\">\t\t\t\t\t\tReset\t\t\t\t\t<\/span>\t\t\t\t\t<span class=\"wcpt-nm-apply\">\t\t\t\t\t\tApply\t\t\t\t\t<\/span>\t\t\t\t<\/div>\t\t\t<\/div>\t\t\t<div class=\"wcpt-navigation wcpt-left-sidebar\">\t\t\t\t<div class=\"wcpt-nm-filters\">\t\t\t\t\t<span class=\"wcpt-nm-filters-placeholder\"><\/span>\t\t\t\t<\/div>\t\t\t\t<div class=\"wcpt-nm-sort\">\t\t\t\t\t<span class=\"wcpt-nm-sort-placeholder\"><\/span>\t\t\t\t<\/div>\t\t\t<\/div>\t\t<\/div>\t<\/div><\/div><div class=\"wcpt-table-scroll-wrapper-outer wcpt-device-laptop\"><div class=\"wcpt-table-scroll-wrapper\"><table class=\"wcpt-table wcpt-table-9427\"><thead>\t\t\t\t<tr \t\tclass=\"wcpt-heading-row wcpt-hide\"\t><th class=\"wcpt-heading wcpt-1711818445\" data-wcpt-column-index=\"0\"  ><\/th><th class=\"wcpt-heading wcpt-1711818450\" data-wcpt-column-index=\"1\"  ><\/th><\/tr>\t<\/thead><tr   \t \t data-wcpt-product-id=\"3262\"  \tdata-wcpt-type    =\"variable\" \tdata-wcpt-in-cart =\"\" \tdata-wcpt-stock   =\"\"\tdata-wcpt-price   =\"4.6\"  style=\"\" class=\" wcpt-row  wcpt-even  wcpt-product-type-variable wcpt-product-type-variable  \"><td   class=\"wcpt-cell wcpt-1711818448\"  data-wcpt-column-index=\"0\"  ><div class=\"wcpt-cell-val\"><div class=\"wcpt-item-row wcpt-1711818446 \"><a class=\"wcpt-product-image-wrapper  wcpt-1711818447 wcpt-lightbox-icon-position-bottom_right\" data-wcpt-image-size=\"thumbnail\" data-wcpt-photoswipe-options=\"\"data-wcpt-photoswipe-items=\"\"data-wcpt-lightbox-color-theme=\"black\"  href=\"https:\/\/www.taller-palabras.com\/WordPress_04\/producto\/cien-anos-de-soledad-gabriel-garcia-marquez-ebook\"    ><img decoding=\"async\" width=\"150\" height=\"150\" src=\"https:\/\/www.taller-palabras.com\/WordPress_04\/wp-content\/uploads\/2021\/03\/Cien-Soledad.fw_-150x150.png\" class=\" wcpt-1711818447 wp-post-image\" alt=\"\" title=\"Cien a&ntilde;os de soledad - Gabriel Garc&iacute;a M&aacute;rquez  \/ebook\" loading=\"lazy\" srcset=\"https:\/\/www.taller-palabras.com\/WordPress_04\/wp-content\/uploads\/2021\/03\/Cien-Soledad.fw_-150x150.png 150w, https:\/\/www.taller-palabras.com\/WordPress_04\/wp-content\/uploads\/2021\/03\/Cien-Soledad.fw_-100x100.png 100w\" sizes=\"auto, (max-width: 150px) 100vw, 150px\" \/><\/a><\/div><\/div><\/td><td   class=\"wcpt-cell wcpt-1711818460\"  data-wcpt-column-index=\"1\"  ><div class=\"wcpt-cell-val\"><div class=\"wcpt-item-row wcpt-1711818451 \"><a href='https:\/\/www.taller-palabras.com\/WordPress_04\/producto\/cien-anos-de-soledad-gabriel-garcia-marquez-ebook'  title='Cien a\u00f1os de soledad &#8211; Gabriel Garc\u00eda M\u00e1rquez  \/ebook'  class='wcpt-title  wcpt-1711818452' >Cien a\u00f1os de soledad &#8211; Gabriel Garc\u00eda M\u00e1rquez  \/ebook<\/a><\/div><div class=\"wcpt-item-row wcpt-1711740726887 \"><span class=\"woocommerce-Price-amount amount\"><bdi><span class=\"woocommerce-Price-currencySymbol\">&#36;<\/span>5<\/bdi><\/span><span class=\"wcpt-space  wcpt-1711740735503\"><\/span><\/div><div class=\"wcpt-item-row wcpt-1711740738671 \"><span class=\"wcpt-space  wcpt-1711740742303\"><\/span><a class=\"wcpt-button wcpt-noselect wcpt-button-cart_ajax  wcpt-1711740745767 no-prefetch no-prerender\" data-wcpt-link-code=\"cart_ajax\" href=\"https:\/\/www.taller-palabras.com\/WordPress_04\/carrito\"  target=\"_self\"   rel=\"nofollow\"  ><span class=\"wcpt-button-label\"><div class=\"wcpt-item-row wcpt-1711740745790 \"><span class=\"wcpt-text  wcpt-1711740745790\">Comprar<\/span><\/div><\/span><\/a><\/div><\/div><\/td><\/tr><tr   \t \t data-wcpt-product-id=\"9405\"  \tdata-wcpt-type    =\"variable\" \tdata-wcpt-in-cart =\"\" \tdata-wcpt-stock   =\"\"\tdata-wcpt-price   =\"4.6\"  style=\"\" class=\" wcpt-row  wcpt-odd  wcpt-product-type-variable wcpt-product-type-variable  \"><td   class=\"wcpt-cell wcpt-1711818448\"  data-wcpt-column-index=\"0\"  ><div class=\"wcpt-cell-val\"><div class=\"wcpt-item-row wcpt-1711818446 \"><a class=\"wcpt-product-image-wrapper  wcpt-1711818447 wcpt-lightbox-icon-position-bottom_right\" data-wcpt-image-size=\"thumbnail\" data-wcpt-photoswipe-options=\"\"data-wcpt-photoswipe-items=\"\"data-wcpt-lightbox-color-theme=\"black\"  href=\"https:\/\/www.taller-palabras.com\/WordPress_04\/producto\/ensayo-sobre-la-ceguera-jose-saramago-ebook\"    ><img decoding=\"async\" width=\"150\" height=\"150\" src=\"https:\/\/www.taller-palabras.com\/WordPress_04\/wp-content\/uploads\/2024\/03\/EnsayoCeguera.fw_-150x150.png\" class=\" wcpt-1711818447 wp-post-image\" alt=\"\" title=\"Ensayo sobre la ceguera - Jos&eacute; Saramago \/ebook\" loading=\"lazy\" srcset=\"https:\/\/www.taller-palabras.com\/WordPress_04\/wp-content\/uploads\/2024\/03\/EnsayoCeguera.fw_-150x150.png 150w, https:\/\/www.taller-palabras.com\/WordPress_04\/wp-content\/uploads\/2024\/03\/EnsayoCeguera.fw_-100x100.png 100w\" sizes=\"auto, (max-width: 150px) 100vw, 150px\" \/><\/a><\/div><\/div><\/td><td   class=\"wcpt-cell wcpt-1711818460\"  data-wcpt-column-index=\"1\"  ><div class=\"wcpt-cell-val\"><div class=\"wcpt-item-row wcpt-1711818451 \"><a href='https:\/\/www.taller-palabras.com\/WordPress_04\/producto\/ensayo-sobre-la-ceguera-jose-saramago-ebook'  title='Ensayo sobre la ceguera &#8211; Jos\u00e9 Saramago \/ebook'  class='wcpt-title  wcpt-1711818452' >Ensayo sobre la ceguera &#8211; Jos\u00e9 Saramago \/ebook<\/a><\/div><div class=\"wcpt-item-row wcpt-1711740726887 \"><span class=\"woocommerce-Price-amount amount\"><bdi><span class=\"woocommerce-Price-currencySymbol\">&#36;<\/span>5<\/bdi><\/span><span class=\"wcpt-space  wcpt-1711740735503\"><\/span><\/div><div class=\"wcpt-item-row wcpt-1711740738671 \"><span class=\"wcpt-space  wcpt-1711740742303\"><\/span><a class=\"wcpt-button wcpt-noselect wcpt-button-cart_ajax  wcpt-1711740745767 no-prefetch no-prerender\" data-wcpt-link-code=\"cart_ajax\" href=\"https:\/\/www.taller-palabras.com\/WordPress_04\/carrito\"  target=\"_self\"   rel=\"nofollow\"  ><span class=\"wcpt-button-label\"><div class=\"wcpt-item-row wcpt-1711740745790 \"><span class=\"wcpt-text  wcpt-1711740745790\">Comprar<\/span><\/div><\/span><\/a><\/div><\/div><\/td><\/tr><tr   \t \t data-wcpt-product-id=\"2692\"  \tdata-wcpt-type    =\"variable\" \tdata-wcpt-in-cart =\"\" \tdata-wcpt-stock   =\"\"\tdata-wcpt-price   =\"4.6\"  style=\"\" class=\" wcpt-row  wcpt-even  wcpt-product-type-variable wcpt-product-type-variable  \"><td   class=\"wcpt-cell wcpt-1711818448\"  data-wcpt-column-index=\"0\"  ><div class=\"wcpt-cell-val\"><div class=\"wcpt-item-row wcpt-1711818446 \"><a class=\"wcpt-product-image-wrapper  wcpt-1711818447 wcpt-lightbox-icon-position-bottom_right\" data-wcpt-image-size=\"thumbnail\" data-wcpt-photoswipe-options=\"\"data-wcpt-photoswipe-items=\"\"data-wcpt-lightbox-color-theme=\"black\"  href=\"https:\/\/www.taller-palabras.com\/WordPress_04\/producto\/crimen-y-castigo-fiodor-dostoyevski-ebook\"    ><img decoding=\"async\" width=\"150\" height=\"150\" src=\"https:\/\/www.taller-palabras.com\/WordPress_04\/wp-content\/uploads\/2020\/11\/CrimenCastigo.fw_-150x150.png\" class=\" wcpt-1711818447 wp-post-image\" alt=\"\" title=\"Crimen y castigo - Fiodor Dostoyevski \/ebook\" loading=\"lazy\" srcset=\"https:\/\/www.taller-palabras.com\/WordPress_04\/wp-content\/uploads\/2020\/11\/CrimenCastigo.fw_-150x150.png 150w, https:\/\/www.taller-palabras.com\/WordPress_04\/wp-content\/uploads\/2020\/11\/CrimenCastigo.fw_-100x100.png 100w\" sizes=\"auto, (max-width: 150px) 100vw, 150px\" \/><\/a><\/div><\/div><\/td><td   class=\"wcpt-cell wcpt-1711818460\"  data-wcpt-column-index=\"1\"  ><div class=\"wcpt-cell-val\"><div class=\"wcpt-item-row wcpt-1711818451 \"><a href='https:\/\/www.taller-palabras.com\/WordPress_04\/producto\/crimen-y-castigo-fiodor-dostoyevski-ebook'  title='Crimen y castigo &#8211; Fiodor Dostoyevski \/ebook'  class='wcpt-title  wcpt-1711818452' >Crimen y castigo &#8211; Fiodor Dostoyevski \/ebook<\/a><\/div><div class=\"wcpt-item-row wcpt-1711740726887 \"><span class=\"woocommerce-Price-amount amount\"><bdi><span class=\"woocommerce-Price-currencySymbol\">&#36;<\/span>5<\/bdi><\/span><span class=\"wcpt-space  wcpt-1711740735503\"><\/span><\/div><div class=\"wcpt-item-row wcpt-1711740738671 \"><span class=\"wcpt-space  wcpt-1711740742303\"><\/span><a class=\"wcpt-button wcpt-noselect wcpt-button-cart_ajax  wcpt-1711740745767 no-prefetch no-prerender\" data-wcpt-link-code=\"cart_ajax\" href=\"https:\/\/www.taller-palabras.com\/WordPress_04\/carrito\"  target=\"_self\"   rel=\"nofollow\"  ><span class=\"wcpt-button-label\"><div class=\"wcpt-item-row wcpt-1711740745790 \"><span class=\"wcpt-text  wcpt-1711740745790\">Comprar<\/span><\/div><\/span><\/a><\/div><\/div><\/td><\/tr><tr   \t \t data-wcpt-product-id=\"4292\"  \tdata-wcpt-type    =\"variable\" \tdata-wcpt-in-cart =\"\" \tdata-wcpt-stock   =\"\"\tdata-wcpt-price   =\"4.6\"  style=\"\" class=\" wcpt-row  wcpt-odd  wcpt-product-type-variable wcpt-product-type-variable  \"><td   class=\"wcpt-cell wcpt-1711818448\"  data-wcpt-column-index=\"0\"  ><div class=\"wcpt-cell-val\"><div class=\"wcpt-item-row wcpt-1711818446 \"><a class=\"wcpt-product-image-wrapper  wcpt-1711818447 wcpt-lightbox-icon-position-bottom_right\" data-wcpt-image-size=\"thumbnail\" data-wcpt-photoswipe-options=\"\"data-wcpt-photoswipe-items=\"\"data-wcpt-lightbox-color-theme=\"black\"  href=\"https:\/\/www.taller-palabras.com\/WordPress_04\/producto\/don-quijote-de-la-mancha-miguel-de-cervantes-ebook\"    ><img decoding=\"async\" width=\"150\" height=\"150\" src=\"https:\/\/www.taller-palabras.com\/WordPress_04\/wp-content\/uploads\/2021\/09\/Quijote.fw_-150x150.png\" class=\" wcpt-1711818447 wp-post-image\" alt=\"\" title=\"Don Quijote de la Mancha - Miguel de Cervantes \/ebook)\" loading=\"lazy\" srcset=\"https:\/\/www.taller-palabras.com\/WordPress_04\/wp-content\/uploads\/2021\/09\/Quijote.fw_-150x150.png 150w, https:\/\/www.taller-palabras.com\/WordPress_04\/wp-content\/uploads\/2021\/09\/Quijote.fw_-100x100.png 100w\" sizes=\"auto, (max-width: 150px) 100vw, 150px\" \/><\/a><\/div><\/div><\/td><td   class=\"wcpt-cell wcpt-1711818460\"  data-wcpt-column-index=\"1\"  ><div class=\"wcpt-cell-val\"><div class=\"wcpt-item-row wcpt-1711818451 \"><a href='https:\/\/www.taller-palabras.com\/WordPress_04\/producto\/don-quijote-de-la-mancha-miguel-de-cervantes-ebook'  title='Don Quijote de la Mancha &#8211; Miguel de Cervantes \/ebook)'  class='wcpt-title  wcpt-1711818452' >Don Quijote de la Mancha &#8211; Miguel de Cervantes \/ebook)<\/a><\/div><div class=\"wcpt-item-row wcpt-1711740726887 \"><span class=\"woocommerce-Price-amount amount\"><bdi><span class=\"woocommerce-Price-currencySymbol\">&#36;<\/span>5<\/bdi><\/span><span class=\"wcpt-space  wcpt-1711740735503\"><\/span><\/div><div class=\"wcpt-item-row wcpt-1711740738671 \"><span class=\"wcpt-space  wcpt-1711740742303\"><\/span><a class=\"wcpt-button wcpt-noselect wcpt-button-cart_ajax  wcpt-1711740745767 no-prefetch no-prerender\" data-wcpt-link-code=\"cart_ajax\" href=\"https:\/\/www.taller-palabras.com\/WordPress_04\/carrito\"  target=\"_self\"   rel=\"nofollow\"  ><span class=\"wcpt-button-label\"><div class=\"wcpt-item-row wcpt-1711740745790 \"><span class=\"wcpt-text  wcpt-1711740745790\">Comprar<\/span><\/div><\/span><\/a><\/div><\/div><\/td><\/tr><tr   \t \t data-wcpt-product-id=\"9411\"  \tdata-wcpt-type    =\"variable\" \tdata-wcpt-in-cart =\"\" \tdata-wcpt-stock   =\"\"\tdata-wcpt-price   =\"4.6\"  style=\"\" class=\" wcpt-row  wcpt-even  wcpt-product-type-variable wcpt-product-type-variable  \"><td   class=\"wcpt-cell wcpt-1711818448\"  data-wcpt-column-index=\"0\"  ><div class=\"wcpt-cell-val\"><div class=\"wcpt-item-row wcpt-1711818446 \"><a class=\"wcpt-product-image-wrapper  wcpt-1711818447 wcpt-lightbox-icon-position-bottom_right\" data-wcpt-image-size=\"thumbnail\" data-wcpt-photoswipe-options=\"\"data-wcpt-photoswipe-items=\"\"data-wcpt-lightbox-color-theme=\"black\"  href=\"https:\/\/www.taller-palabras.com\/WordPress_04\/producto\/el-tunel-ernesto-sabato-ebook\"    ><img decoding=\"async\" width=\"150\" height=\"150\" src=\"https:\/\/www.taller-palabras.com\/WordPress_04\/wp-content\/uploads\/2024\/03\/Tunel.fw_-150x150.png\" class=\" wcpt-1711818447 wp-post-image\" alt=\"\" title=\"El tunel - Ernesto Sabato \/ebook\" loading=\"lazy\" srcset=\"https:\/\/www.taller-palabras.com\/WordPress_04\/wp-content\/uploads\/2024\/03\/Tunel.fw_-150x150.png 150w, https:\/\/www.taller-palabras.com\/WordPress_04\/wp-content\/uploads\/2024\/03\/Tunel.fw_-100x100.png 100w\" sizes=\"auto, (max-width: 150px) 100vw, 150px\" \/><\/a><\/div><\/div><\/td><td   class=\"wcpt-cell wcpt-1711818460\"  data-wcpt-column-index=\"1\"  ><div class=\"wcpt-cell-val\"><div class=\"wcpt-item-row wcpt-1711818451 \"><a href='https:\/\/www.taller-palabras.com\/WordPress_04\/producto\/el-tunel-ernesto-sabato-ebook'  title='El tunel &#8211; Ernesto Sabato \/ebook'  class='wcpt-title  wcpt-1711818452' >El tunel &#8211; Ernesto Sabato \/ebook<\/a><\/div><div class=\"wcpt-item-row wcpt-1711740726887 \"><span class=\"woocommerce-Price-amount amount\"><bdi><span class=\"woocommerce-Price-currencySymbol\">&#36;<\/span>5<\/bdi><\/span><span class=\"wcpt-space  wcpt-1711740735503\"><\/span><\/div><div class=\"wcpt-item-row wcpt-1711740738671 \"><span class=\"wcpt-space  wcpt-1711740742303\"><\/span><a class=\"wcpt-button wcpt-noselect wcpt-button-cart_ajax  wcpt-1711740745767 no-prefetch no-prerender\" data-wcpt-link-code=\"cart_ajax\" href=\"https:\/\/www.taller-palabras.com\/WordPress_04\/carrito\"  target=\"_self\"   rel=\"nofollow\"  ><span class=\"wcpt-button-label\"><div class=\"wcpt-item-row wcpt-1711740745790 \"><span class=\"wcpt-text  wcpt-1711740745790\">Comprar<\/span><\/div><\/span><\/a><\/div><\/div><\/td><\/tr><tr   \t \t data-wcpt-product-id=\"5570\"  \tdata-wcpt-type    =\"variable\" \tdata-wcpt-in-cart =\"\" \tdata-wcpt-stock   =\"\"\tdata-wcpt-price   =\"4.6\"  style=\"\" class=\" wcpt-row  wcpt-odd  wcpt-product-type-variable wcpt-product-type-variable  \"><td   class=\"wcpt-cell wcpt-1711818448\"  data-wcpt-column-index=\"0\"  ><div class=\"wcpt-cell-val\"><div class=\"wcpt-item-row wcpt-1711818446 \"><a class=\"wcpt-product-image-wrapper  wcpt-1711818447 wcpt-lightbox-icon-position-bottom_right\" data-wcpt-image-size=\"thumbnail\" data-wcpt-photoswipe-options=\"\"data-wcpt-photoswipe-items=\"\"data-wcpt-lightbox-color-theme=\"black\"  href=\"https:\/\/www.taller-palabras.com\/WordPress_04\/producto\/la-chica-del-tren-paula-hawkins-ebook\"    ><img decoding=\"async\" width=\"150\" height=\"150\" src=\"https:\/\/www.taller-palabras.com\/WordPress_04\/wp-content\/uploads\/2022\/04\/ChicaTren.fw_-150x150.png\" class=\" wcpt-1711818447 wp-post-image\" alt=\"\" title=\"La chica del tren - Paula Hawkins \/ebook\" loading=\"lazy\" srcset=\"https:\/\/www.taller-palabras.com\/WordPress_04\/wp-content\/uploads\/2022\/04\/ChicaTren.fw_-150x150.png 150w, https:\/\/www.taller-palabras.com\/WordPress_04\/wp-content\/uploads\/2022\/04\/ChicaTren.fw_-100x100.png 100w\" sizes=\"auto, (max-width: 150px) 100vw, 150px\" \/><\/a><\/div><\/div><\/td><td   class=\"wcpt-cell wcpt-1711818460\"  data-wcpt-column-index=\"1\"  ><div class=\"wcpt-cell-val\"><div class=\"wcpt-item-row wcpt-1711818451 \"><a href='https:\/\/www.taller-palabras.com\/WordPress_04\/producto\/la-chica-del-tren-paula-hawkins-ebook'  title='La chica del tren &#8211; Paula Hawkins \/ebook'  class='wcpt-title  wcpt-1711818452' >La chica del tren &#8211; Paula Hawkins \/ebook<\/a><\/div><div class=\"wcpt-item-row wcpt-1711740726887 \"><span class=\"woocommerce-Price-amount amount\"><bdi><span class=\"woocommerce-Price-currencySymbol\">&#36;<\/span>5<\/bdi><\/span><span class=\"wcpt-space  wcpt-1711740735503\"><\/span><\/div><div class=\"wcpt-item-row wcpt-1711740738671 \"><span class=\"wcpt-space  wcpt-1711740742303\"><\/span><a class=\"wcpt-button wcpt-noselect wcpt-button-cart_ajax  wcpt-1711740745767 no-prefetch no-prerender\" data-wcpt-link-code=\"cart_ajax\" href=\"https:\/\/www.taller-palabras.com\/WordPress_04\/carrito\"  target=\"_self\"   rel=\"nofollow\"  ><span class=\"wcpt-button-label\"><div class=\"wcpt-item-row wcpt-1711740745790 \"><span class=\"wcpt-text  wcpt-1711740745790\">Comprar<\/span><\/div><\/span><\/a><\/div><\/div><\/td><\/tr><tr   \t \t data-wcpt-product-id=\"9399\"  \tdata-wcpt-type    =\"variable\" \tdata-wcpt-in-cart =\"\" \tdata-wcpt-stock   =\"\"\tdata-wcpt-price   =\"4.6\"  style=\"\" class=\" wcpt-row  wcpt-even  wcpt-product-type-variable wcpt-product-type-variable  \"><td   class=\"wcpt-cell wcpt-1711818448\"  data-wcpt-column-index=\"0\"  ><div class=\"wcpt-cell-val\"><div class=\"wcpt-item-row wcpt-1711818446 \"><a class=\"wcpt-product-image-wrapper  wcpt-1711818447 wcpt-lightbox-icon-position-bottom_right\" data-wcpt-image-size=\"thumbnail\" data-wcpt-photoswipe-options=\"\"data-wcpt-photoswipe-items=\"\"data-wcpt-lightbox-color-theme=\"black\"  href=\"https:\/\/www.taller-palabras.com\/WordPress_04\/producto\/los-propios-dioses-isaac-asimov-ebook\"    ><img decoding=\"async\" width=\"150\" height=\"150\" src=\"https:\/\/www.taller-palabras.com\/WordPress_04\/wp-content\/uploads\/2024\/03\/PropiosDioses.fw_-150x150.png\" class=\" wcpt-1711818447 wp-post-image\" alt=\"\" title=\"Los propios dioses - Isaac Asimov  \/ebook\" loading=\"lazy\" srcset=\"https:\/\/www.taller-palabras.com\/WordPress_04\/wp-content\/uploads\/2024\/03\/PropiosDioses.fw_-150x150.png 150w, https:\/\/www.taller-palabras.com\/WordPress_04\/wp-content\/uploads\/2024\/03\/PropiosDioses.fw_-100x100.png 100w\" sizes=\"auto, (max-width: 150px) 100vw, 150px\" \/><\/a><\/div><\/div><\/td><td   class=\"wcpt-cell wcpt-1711818460\"  data-wcpt-column-index=\"1\"  ><div class=\"wcpt-cell-val\"><div class=\"wcpt-item-row wcpt-1711818451 \"><a href='https:\/\/www.taller-palabras.com\/WordPress_04\/producto\/los-propios-dioses-isaac-asimov-ebook'  title='Los propios dioses &#8211; Isaac Asimov  \/ebook'  class='wcpt-title  wcpt-1711818452' >Los propios dioses &#8211; Isaac Asimov  \/ebook<\/a><\/div><div class=\"wcpt-item-row wcpt-1711740726887 \"><span class=\"woocommerce-Price-amount amount\"><bdi><span class=\"woocommerce-Price-currencySymbol\">&#36;<\/span>5<\/bdi><\/span><span class=\"wcpt-space  wcpt-1711740735503\"><\/span><\/div><div class=\"wcpt-item-row wcpt-1711740738671 \"><span class=\"wcpt-space  wcpt-1711740742303\"><\/span><a class=\"wcpt-button wcpt-noselect wcpt-button-cart_ajax  wcpt-1711740745767 no-prefetch no-prerender\" data-wcpt-link-code=\"cart_ajax\" href=\"https:\/\/www.taller-palabras.com\/WordPress_04\/carrito\"  target=\"_self\"   rel=\"nofollow\"  ><span class=\"wcpt-button-label\"><div class=\"wcpt-item-row wcpt-1711740745790 \"><span class=\"wcpt-text  wcpt-1711740745790\">Comprar<\/span><\/div><\/span><\/a><\/div><\/div><\/td><\/tr><tr   \t \t data-wcpt-product-id=\"3044\"  \tdata-wcpt-type    =\"variable\" \tdata-wcpt-in-cart =\"\" \tdata-wcpt-stock   =\"\"\tdata-wcpt-price   =\"4.6\"  style=\"\" class=\" wcpt-row  wcpt-odd  wcpt-product-type-variable wcpt-product-type-variable  \"><td   class=\"wcpt-cell wcpt-1711818448\"  data-wcpt-column-index=\"0\"  ><div class=\"wcpt-cell-val\"><div class=\"wcpt-item-row wcpt-1711818446 \"><a class=\"wcpt-product-image-wrapper  wcpt-1711818447 wcpt-lightbox-icon-position-bottom_right\" data-wcpt-image-size=\"thumbnail\" data-wcpt-photoswipe-options=\"\"data-wcpt-photoswipe-items=\"\"data-wcpt-lightbox-color-theme=\"black\"  href=\"https:\/\/www.taller-palabras.com\/WordPress_04\/producto\/el-juego-de-ender-orson-scott-card-ebook\"    ><img decoding=\"async\" width=\"150\" height=\"150\" src=\"https:\/\/www.taller-palabras.com\/WordPress_04\/wp-content\/uploads\/2021\/02\/JuegosEnder.fw_-150x150.png\" class=\" wcpt-1711818447 wp-post-image\" alt=\"\" title=\"Saga: El juego de Ender (1) - Orson Scott Card \/ebook\" loading=\"lazy\" srcset=\"https:\/\/www.taller-palabras.com\/WordPress_04\/wp-content\/uploads\/2021\/02\/JuegosEnder.fw_-150x150.png 150w, https:\/\/www.taller-palabras.com\/WordPress_04\/wp-content\/uploads\/2021\/02\/JuegosEnder.fw_-100x100.png 100w\" sizes=\"auto, (max-width: 150px) 100vw, 150px\" \/><\/a><\/div><\/div><\/td><td   class=\"wcpt-cell wcpt-1711818460\"  data-wcpt-column-index=\"1\"  ><div class=\"wcpt-cell-val\"><div class=\"wcpt-item-row wcpt-1711818451 \"><a href='https:\/\/www.taller-palabras.com\/WordPress_04\/producto\/el-juego-de-ender-orson-scott-card-ebook'  title='Saga: El juego de Ender (1) &#8211; Orson Scott Card \/ebook'  class='wcpt-title  wcpt-1711818452' >Saga: El juego de Ender (1) &#8211; Orson Scott Card \/ebook<\/a><\/div><div class=\"wcpt-item-row wcpt-1711740726887 \"><span class=\"woocommerce-Price-amount amount\"><bdi><span class=\"woocommerce-Price-currencySymbol\">&#36;<\/span>5<\/bdi><\/span><span class=\"wcpt-space  wcpt-1711740735503\"><\/span><\/div><div class=\"wcpt-item-row wcpt-1711740738671 \"><span class=\"wcpt-space  wcpt-1711740742303\"><\/span><a class=\"wcpt-button wcpt-noselect wcpt-button-cart_ajax  wcpt-1711740745767 no-prefetch no-prerender\" data-wcpt-link-code=\"cart_ajax\" href=\"https:\/\/www.taller-palabras.com\/WordPress_04\/carrito\"  target=\"_self\"   rel=\"nofollow\"  ><span class=\"wcpt-button-label\"><div class=\"wcpt-item-row wcpt-1711740745790 \"><span class=\"wcpt-text  wcpt-1711740745790\">Comprar<\/span><\/div><\/span><\/a><\/div><\/div><\/td><\/tr><tr   \t \t data-wcpt-product-id=\"4680\"  \tdata-wcpt-type    =\"variable\" \tdata-wcpt-in-cart =\"\" \tdata-wcpt-stock   =\"\"\tdata-wcpt-price   =\"4.6\"  style=\"\" class=\" wcpt-row  wcpt-even  wcpt-product-type-variable wcpt-product-type-variable  \"><td   class=\"wcpt-cell wcpt-1711818448\"  data-wcpt-column-index=\"0\"  ><div class=\"wcpt-cell-val\"><div class=\"wcpt-item-row wcpt-1711818446 \"><a class=\"wcpt-product-image-wrapper  wcpt-1711818447 wcpt-lightbox-icon-position-bottom_right\" data-wcpt-image-size=\"thumbnail\" data-wcpt-photoswipe-options=\"\"data-wcpt-photoswipe-items=\"\"data-wcpt-lightbox-color-theme=\"black\"  href=\"https:\/\/www.taller-palabras.com\/WordPress_04\/producto\/el-retrato-de-dorian-gray-oscar-wilde-ebook\"    ><img decoding=\"async\" width=\"150\" height=\"150\" src=\"https:\/\/www.taller-palabras.com\/WordPress_04\/wp-content\/uploads\/2021\/11\/RetratoGray.fw_-150x150.png\" class=\" wcpt-1711818447 wp-post-image\" alt=\"\" title=\"El retrato de Dorian Gray - Oscar Wilde \/ebook)\" loading=\"lazy\" srcset=\"https:\/\/www.taller-palabras.com\/WordPress_04\/wp-content\/uploads\/2021\/11\/RetratoGray.fw_-150x150.png 150w, https:\/\/www.taller-palabras.com\/WordPress_04\/wp-content\/uploads\/2021\/11\/RetratoGray.fw_-100x100.png 100w\" sizes=\"auto, (max-width: 150px) 100vw, 150px\" \/><\/a><\/div><\/div><\/td><td   class=\"wcpt-cell wcpt-1711818460\"  data-wcpt-column-index=\"1\"  ><div class=\"wcpt-cell-val\"><div class=\"wcpt-item-row wcpt-1711818451 \"><a href='https:\/\/www.taller-palabras.com\/WordPress_04\/producto\/el-retrato-de-dorian-gray-oscar-wilde-ebook'  title='El retrato de Dorian Gray &#8211; Oscar Wilde \/ebook)'  class='wcpt-title  wcpt-1711818452' >El retrato de Dorian Gray &#8211; Oscar Wilde \/ebook)<\/a><\/div><div class=\"wcpt-item-row wcpt-1711740726887 \"><span class=\"woocommerce-Price-amount amount\"><bdi><span class=\"woocommerce-Price-currencySymbol\">&#36;<\/span>5<\/bdi><\/span><span class=\"wcpt-space  wcpt-1711740735503\"><\/span><\/div><div class=\"wcpt-item-row wcpt-1711740738671 \"><span class=\"wcpt-space  wcpt-1711740742303\"><\/span><a class=\"wcpt-button wcpt-noselect wcpt-button-cart_ajax  wcpt-1711740745767 no-prefetch no-prerender\" data-wcpt-link-code=\"cart_ajax\" href=\"https:\/\/www.taller-palabras.com\/WordPress_04\/carrito\"  target=\"_self\"   rel=\"nofollow\"  ><span class=\"wcpt-button-label\"><div class=\"wcpt-item-row wcpt-1711740745790 \"><span class=\"wcpt-text  wcpt-1711740745790\">Comprar<\/span><\/div><\/span><\/a><\/div><\/div><\/td><\/tr><tr   \t \t data-wcpt-product-id=\"9246\"  \tdata-wcpt-type    =\"variable\" \tdata-wcpt-in-cart =\"\" \tdata-wcpt-stock   =\"\"\tdata-wcpt-price   =\"4.6\"  style=\"\" class=\" wcpt-row  wcpt-odd  wcpt-product-type-variable wcpt-product-type-variable  \"><td   class=\"wcpt-cell wcpt-1711818448\"  data-wcpt-column-index=\"0\"  ><div class=\"wcpt-cell-val\"><div class=\"wcpt-item-row wcpt-1711818446 \"><a class=\"wcpt-product-image-wrapper  wcpt-1711818447 wcpt-lightbox-icon-position-bottom_right\" data-wcpt-image-size=\"thumbnail\" data-wcpt-photoswipe-options=\"\"data-wcpt-photoswipe-items=\"\"data-wcpt-lightbox-color-theme=\"black\"  href=\"https:\/\/www.taller-palabras.com\/WordPress_04\/producto\/el-extranjero-albert-camus-ebook\"    ><img decoding=\"async\" width=\"150\" height=\"150\" src=\"https:\/\/www.taller-palabras.com\/WordPress_04\/wp-content\/uploads\/2024\/03\/Extranjero.fw_-150x150.png\" class=\" wcpt-1711818447 wp-post-image\" alt=\"\" title=\"El extranjero - Albert Camus \/ebook\" loading=\"lazy\" srcset=\"https:\/\/www.taller-palabras.com\/WordPress_04\/wp-content\/uploads\/2024\/03\/Extranjero.fw_-150x150.png 150w, https:\/\/www.taller-palabras.com\/WordPress_04\/wp-content\/uploads\/2024\/03\/Extranjero.fw_-100x100.png 100w\" sizes=\"auto, (max-width: 150px) 100vw, 150px\" \/><\/a><\/div><\/div><\/td><td   class=\"wcpt-cell wcpt-1711818460\"  data-wcpt-column-index=\"1\"  ><div class=\"wcpt-cell-val\"><div class=\"wcpt-item-row wcpt-1711818451 \"><a href='https:\/\/www.taller-palabras.com\/WordPress_04\/producto\/el-extranjero-albert-camus-ebook'  title='El extranjero &#8211; Albert Camus \/ebook'  class='wcpt-title  wcpt-1711818452' >El extranjero &#8211; Albert Camus \/ebook<\/a><\/div><div class=\"wcpt-item-row wcpt-1711740726887 \"><span class=\"woocommerce-Price-amount amount\"><bdi><span class=\"woocommerce-Price-currencySymbol\">&#36;<\/span>5<\/bdi><\/span><span class=\"wcpt-space  wcpt-1711740735503\"><\/span><\/div><div class=\"wcpt-item-row wcpt-1711740738671 \"><span class=\"wcpt-space  wcpt-1711740742303\"><\/span><a class=\"wcpt-button wcpt-noselect wcpt-button-cart_ajax  wcpt-1711740745767 no-prefetch no-prerender\" data-wcpt-link-code=\"cart_ajax\" href=\"https:\/\/www.taller-palabras.com\/WordPress_04\/carrito\"  target=\"_self\"   rel=\"nofollow\"  ><span class=\"wcpt-button-label\"><div class=\"wcpt-item-row wcpt-1711740745790 \"><span class=\"wcpt-text  wcpt-1711740745790\">Comprar<\/span><\/div><\/span><\/a><\/div><\/div><\/td><\/tr><tr   \t \t data-wcpt-product-id=\"9420\"  \tdata-wcpt-type    =\"variable\" \tdata-wcpt-in-cart =\"\" \tdata-wcpt-stock   =\"\"\tdata-wcpt-price   =\"4.6\"  style=\"\" class=\" wcpt-row  wcpt-even  wcpt-product-type-variable wcpt-product-type-variable  \"><td   class=\"wcpt-cell wcpt-1711818448\"  data-wcpt-column-index=\"0\"  ><div class=\"wcpt-cell-val\"><div class=\"wcpt-item-row wcpt-1711818446 \"><a class=\"wcpt-product-image-wrapper  wcpt-1711818447 wcpt-lightbox-icon-position-bottom_right\" data-wcpt-image-size=\"thumbnail\" data-wcpt-photoswipe-options=\"\"data-wcpt-photoswipe-items=\"\"data-wcpt-lightbox-color-theme=\"black\"  href=\"https:\/\/www.taller-palabras.com\/WordPress_04\/producto\/el-ruido-de-las-cosas-al-caer-juan-gabriel-vasquez-ebook\"    ><img decoding=\"async\" width=\"150\" height=\"150\" src=\"https:\/\/www.taller-palabras.com\/WordPress_04\/wp-content\/uploads\/2024\/03\/CosasCaer.fw_-150x150.png\" class=\" wcpt-1711818447 wp-post-image\" alt=\"\" title=\"El ruido de las cosas al caer - Juan Gabriel V&aacute;squez \/ebook\" loading=\"lazy\" srcset=\"https:\/\/www.taller-palabras.com\/WordPress_04\/wp-content\/uploads\/2024\/03\/CosasCaer.fw_-150x150.png 150w, https:\/\/www.taller-palabras.com\/WordPress_04\/wp-content\/uploads\/2024\/03\/CosasCaer.fw_-100x100.png 100w\" sizes=\"auto, (max-width: 150px) 100vw, 150px\" \/><\/a><\/div><\/div><\/td><td   class=\"wcpt-cell wcpt-1711818460\"  data-wcpt-column-index=\"1\"  ><div class=\"wcpt-cell-val\"><div class=\"wcpt-item-row wcpt-1711818451 \"><a href='https:\/\/www.taller-palabras.com\/WordPress_04\/producto\/el-ruido-de-las-cosas-al-caer-juan-gabriel-vasquez-ebook'  title='El ruido de las cosas al caer &#8211; Juan Gabriel V\u00e1squez \/ebook'  class='wcpt-title  wcpt-1711818452' >El ruido de las cosas al caer &#8211; Juan Gabriel V\u00e1squez \/ebook<\/a><\/div><div class=\"wcpt-item-row wcpt-1711740726887 \"><span class=\"woocommerce-Price-amount amount\"><bdi><span class=\"woocommerce-Price-currencySymbol\">&#36;<\/span>5<\/bdi><\/span><span class=\"wcpt-space  wcpt-1711740735503\"><\/span><\/div><div class=\"wcpt-item-row wcpt-1711740738671 \"><span class=\"wcpt-space  wcpt-1711740742303\"><\/span><a class=\"wcpt-button wcpt-noselect wcpt-button-cart_ajax  wcpt-1711740745767 no-prefetch no-prerender\" data-wcpt-link-code=\"cart_ajax\" href=\"https:\/\/www.taller-palabras.com\/WordPress_04\/carrito\"  target=\"_self\"   rel=\"nofollow\"  ><span class=\"wcpt-button-label\"><div class=\"wcpt-item-row wcpt-1711740745790 \"><span class=\"wcpt-text  wcpt-1711740745790\">Comprar<\/span><\/div><\/span><\/a><\/div><\/div><\/td><\/tr><tr   \t \t data-wcpt-product-id=\"10121\"  \tdata-wcpt-type    =\"variable\" \tdata-wcpt-in-cart =\"\" \tdata-wcpt-stock   =\"\"\tdata-wcpt-price   =\"4.6\"  style=\"\" class=\" wcpt-row  wcpt-odd  wcpt-product-type-variable wcpt-product-type-variable  \"><td   class=\"wcpt-cell wcpt-1711818448\"  data-wcpt-column-index=\"0\"  ><div class=\"wcpt-cell-val\"><div class=\"wcpt-item-row wcpt-1711818446 \"><a class=\"wcpt-product-image-wrapper  wcpt-1711818447 wcpt-lightbox-icon-position-bottom_right\" data-wcpt-image-size=\"thumbnail\" data-wcpt-photoswipe-options=\"\"data-wcpt-photoswipe-items=\"\"data-wcpt-lightbox-color-theme=\"black\"  href=\"https:\/\/www.taller-palabras.com\/WordPress_04\/producto\/el-asesino-dentro-de-mi-jim-thompson-ebook\"    ><img decoding=\"async\" width=\"150\" height=\"150\" src=\"https:\/\/www.taller-palabras.com\/WordPress_04\/wp-content\/uploads\/2024\/06\/AsesinoEnMi.fw_-150x150.png\" class=\" wcpt-1711818447 wp-post-image\" alt=\"\" title=\"El asesino dentro de mi - Jim Thompson  \/ebook\" loading=\"lazy\" srcset=\"https:\/\/www.taller-palabras.com\/WordPress_04\/wp-content\/uploads\/2024\/06\/AsesinoEnMi.fw_-150x150.png 150w, https:\/\/www.taller-palabras.com\/WordPress_04\/wp-content\/uploads\/2024\/06\/AsesinoEnMi.fw_-100x100.png 100w\" sizes=\"auto, (max-width: 150px) 100vw, 150px\" \/><\/a><\/div><\/div><\/td><td   class=\"wcpt-cell wcpt-1711818460\"  data-wcpt-column-index=\"1\"  ><div class=\"wcpt-cell-val\"><div class=\"wcpt-item-row wcpt-1711818451 \"><a href='https:\/\/www.taller-palabras.com\/WordPress_04\/producto\/el-asesino-dentro-de-mi-jim-thompson-ebook'  title='El asesino dentro de mi &#8211; Jim Thompson  \/ebook'  class='wcpt-title  wcpt-1711818452' >El asesino dentro de mi &#8211; Jim Thompson  \/ebook<\/a><\/div><div class=\"wcpt-item-row wcpt-1711740726887 \"><span class=\"woocommerce-Price-amount amount\"><bdi><span class=\"woocommerce-Price-currencySymbol\">&#36;<\/span>5<\/bdi><\/span><span class=\"wcpt-space  wcpt-1711740735503\"><\/span><\/div><div class=\"wcpt-item-row wcpt-1711740738671 \"><span class=\"wcpt-space  wcpt-1711740742303\"><\/span><a class=\"wcpt-button wcpt-noselect wcpt-button-cart_ajax  wcpt-1711740745767 no-prefetch no-prerender\" data-wcpt-link-code=\"cart_ajax\" href=\"https:\/\/www.taller-palabras.com\/WordPress_04\/carrito\"  target=\"_self\"   rel=\"nofollow\"  ><span class=\"wcpt-button-label\"><div class=\"wcpt-item-row wcpt-1711740745790 \"><span class=\"wcpt-text  wcpt-1711740745790\">Comprar<\/span><\/div><\/span><\/a><\/div><\/div><\/td><\/tr><tr   \t \t data-wcpt-product-id=\"3878\"  \tdata-wcpt-type    =\"variable\" \tdata-wcpt-in-cart =\"\" \tdata-wcpt-stock   =\"\"\tdata-wcpt-price   =\"4.6\"  style=\"\" class=\" wcpt-row  wcpt-even  wcpt-product-type-variable wcpt-product-type-variable  \"><td   class=\"wcpt-cell wcpt-1711818448\"  data-wcpt-column-index=\"0\"  ><div class=\"wcpt-cell-val\"><div class=\"wcpt-item-row wcpt-1711818446 \"><a class=\"wcpt-product-image-wrapper  wcpt-1711818447 wcpt-lightbox-icon-position-bottom_right\" data-wcpt-image-size=\"thumbnail\" data-wcpt-photoswipe-options=\"\"data-wcpt-photoswipe-items=\"\"data-wcpt-lightbox-color-theme=\"black\"  href=\"https:\/\/www.taller-palabras.com\/WordPress_04\/producto\/1984-george-orwell-ebook\"    ><img decoding=\"async\" width=\"150\" height=\"150\" src=\"https:\/\/www.taller-palabras.com\/WordPress_04\/wp-content\/uploads\/2021\/06\/1984.fw_-150x150.png\" class=\" wcpt-1711818447 wp-post-image\" alt=\"\" title=\"1984 - George Orwell  \/ebook\" loading=\"lazy\" srcset=\"https:\/\/www.taller-palabras.com\/WordPress_04\/wp-content\/uploads\/2021\/06\/1984.fw_-150x150.png 150w, https:\/\/www.taller-palabras.com\/WordPress_04\/wp-content\/uploads\/2021\/06\/1984.fw_-100x100.png 100w\" sizes=\"auto, (max-width: 150px) 100vw, 150px\" \/><\/a><\/div><\/div><\/td><td   class=\"wcpt-cell wcpt-1711818460\"  data-wcpt-column-index=\"1\"  ><div class=\"wcpt-cell-val\"><div class=\"wcpt-item-row wcpt-1711818451 \"><a href='https:\/\/www.taller-palabras.com\/WordPress_04\/producto\/1984-george-orwell-ebook'  title='1984 &#8211; George Orwell  \/ebook'  class='wcpt-title  wcpt-1711818452' >1984 &#8211; George Orwell  \/ebook<\/a><\/div><div class=\"wcpt-item-row wcpt-1711740726887 \"><span class=\"woocommerce-Price-amount amount\"><bdi><span class=\"woocommerce-Price-currencySymbol\">&#36;<\/span>5<\/bdi><\/span><span class=\"wcpt-space  wcpt-1711740735503\"><\/span><\/div><div class=\"wcpt-item-row wcpt-1711740738671 \"><span class=\"wcpt-space  wcpt-1711740742303\"><\/span><a class=\"wcpt-button wcpt-noselect wcpt-button-cart_ajax  wcpt-1711740745767 no-prefetch no-prerender\" data-wcpt-link-code=\"cart_ajax\" href=\"https:\/\/www.taller-palabras.com\/WordPress_04\/carrito\"  target=\"_self\"   rel=\"nofollow\"  ><span class=\"wcpt-button-label\"><div class=\"wcpt-item-row wcpt-1711740745790 \"><span class=\"wcpt-text  wcpt-1711740745790\">Comprar<\/span><\/div><\/span><\/a><\/div><\/div><\/td><\/tr><tr   \t \t data-wcpt-product-id=\"273\"  \tdata-wcpt-type    =\"variable\" \tdata-wcpt-in-cart =\"\" \tdata-wcpt-stock   =\"\"\tdata-wcpt-price   =\"4.6\"  style=\"\" class=\" wcpt-row  wcpt-odd  wcpt-product-type-variable wcpt-product-type-variable  \"><td   class=\"wcpt-cell wcpt-1711818448\"  data-wcpt-column-index=\"0\"  ><div class=\"wcpt-cell-val\"><div class=\"wcpt-item-row wcpt-1711818446 \"><a class=\"wcpt-product-image-wrapper  wcpt-1711818447 wcpt-lightbox-icon-position-bottom_right\" data-wcpt-image-size=\"thumbnail\" data-wcpt-photoswipe-options=\"\"data-wcpt-photoswipe-items=\"\"data-wcpt-lightbox-color-theme=\"black\"  href=\"https:\/\/www.taller-palabras.com\/WordPress_04\/producto\/orgullo-y-prejuicio-jane-austen-ebook\"    ><img decoding=\"async\" width=\"150\" height=\"150\" src=\"https:\/\/www.taller-palabras.com\/WordPress_04\/wp-content\/uploads\/2018\/10\/OrgulloyPrejuicio.fw_-150x150.png\" class=\" wcpt-1711818447 wp-post-image\" alt=\"\" title=\"Orgullo y prejuicio - Jane Austen  \/ebook\" loading=\"lazy\" srcset=\"https:\/\/www.taller-palabras.com\/WordPress_04\/wp-content\/uploads\/2018\/10\/OrgulloyPrejuicio.fw_-150x150.png 150w, https:\/\/www.taller-palabras.com\/WordPress_04\/wp-content\/uploads\/2018\/10\/OrgulloyPrejuicio.fw_-100x100.png 100w\" sizes=\"auto, (max-width: 150px) 100vw, 150px\" \/><\/a><\/div><\/div><\/td><td   class=\"wcpt-cell wcpt-1711818460\"  data-wcpt-column-index=\"1\"  ><div class=\"wcpt-cell-val\"><div class=\"wcpt-item-row wcpt-1711818451 \"><a href='https:\/\/www.taller-palabras.com\/WordPress_04\/producto\/orgullo-y-prejuicio-jane-austen-ebook'  title='Orgullo y prejuicio &#8211; Jane Austen  \/ebook'  class='wcpt-title  wcpt-1711818452' >Orgullo y prejuicio &#8211; Jane Austen  \/ebook<\/a><\/div><div class=\"wcpt-item-row wcpt-1711740726887 \"><span class=\"woocommerce-Price-amount amount\"><bdi><span class=\"woocommerce-Price-currencySymbol\">&#36;<\/span>5<\/bdi><\/span><span class=\"wcpt-space  wcpt-1711740735503\"><\/span><\/div><div class=\"wcpt-item-row wcpt-1711740738671 \"><span class=\"wcpt-space  wcpt-1711740742303\"><\/span><a class=\"wcpt-button wcpt-noselect wcpt-button-cart_ajax  wcpt-1711740745767 no-prefetch no-prerender\" data-wcpt-link-code=\"cart_ajax\" href=\"https:\/\/www.taller-palabras.com\/WordPress_04\/carrito\"  target=\"_self\"   rel=\"nofollow\"  ><span class=\"wcpt-button-label\"><div class=\"wcpt-item-row wcpt-1711740745790 \"><span class=\"wcpt-text  wcpt-1711740745790\">Comprar<\/span><\/div><\/span><\/a><\/div><\/div><\/td><\/tr><\/table><\/div><\/div><div class=\"wcpt-pagination wcpt-device-laptop  wcpt-hide \">\t<\/div><div class=\"wcpt-loading-screen\"><\/div><div class=\"wcpt-table-scroll-wrapper-outer wcpt-device-tablet\"><div class=\"wcpt-table-scroll-wrapper\"><span \r      class=\"wcpt-icon wcpt-icon-loader wcpt-device-view-loading-icon \"    ><svg xmlns=\"http:\/\/www.w3.org\/2000\/svg\" width=\"24\" height=\"24\" viewBox=\"0 0 24 24\" fill=\"none\" stroke=\"currentColor\" stroke-width=\"2\" stroke-linecap=\"round\" stroke-linejoin=\"round\" class=\"feather feather-loader\"><line x1=\"12\" y1=\"2\" x2=\"12\" y2=\"6\"><\/line><line x1=\"12\" y1=\"18\" x2=\"12\" y2=\"22\"><\/line><line x1=\"4.93\" y1=\"4.93\" x2=\"7.76\" y2=\"7.76\"><\/line><line x1=\"16.24\" y1=\"16.24\" x2=\"19.07\" y2=\"19.07\"><\/line><line x1=\"2\" y1=\"12\" x2=\"6\" y2=\"12\"><\/line><line x1=\"18\" y1=\"12\" x2=\"22\" y2=\"12\"><\/line><line x1=\"4.93\" y1=\"19.07\" x2=\"7.76\" y2=\"16.24\"><\/line><line x1=\"16.24\" y1=\"7.76\" x2=\"19.07\" y2=\"4.93\"><\/line><\/svg><\/span><\/div><\/div><div class=\"wcpt-table-scroll-wrapper-outer wcpt-device-phone\"><div class=\"wcpt-table-scroll-wrapper\"><span \r      class=\"wcpt-icon wcpt-icon-loader wcpt-device-view-loading-icon \"    ><svg xmlns=\"http:\/\/www.w3.org\/2000\/svg\" width=\"24\" height=\"24\" viewBox=\"0 0 24 24\" fill=\"none\" stroke=\"currentColor\" stroke-width=\"2\" stroke-linecap=\"round\" stroke-linejoin=\"round\" class=\"feather feather-loader\"><line x1=\"12\" y1=\"2\" x2=\"12\" y2=\"6\"><\/line><line x1=\"12\" y1=\"18\" x2=\"12\" y2=\"22\"><\/line><line x1=\"4.93\" y1=\"4.93\" x2=\"7.76\" y2=\"7.76\"><\/line><line x1=\"16.24\" y1=\"16.24\" x2=\"19.07\" y2=\"19.07\"><\/line><line x1=\"2\" y1=\"12\" x2=\"6\" y2=\"12\"><\/line><line x1=\"18\" y1=\"12\" x2=\"22\" y2=\"12\"><\/line><line x1=\"4.93\" y1=\"19.07\" x2=\"7.76\" y2=\"16.24\"><\/line><line x1=\"16.24\" y1=\"7.76\" x2=\"19.07\" y2=\"4.93\"><\/line><\/svg><\/span><\/div><\/div><style>  #wcpt-9427 .wcpt-table tr.wcpt-row &gt; .wcpt-1711818448{width:0px;}  body  #wcpt-9427 .wcpt-table tr.wcpt-row > .wcpt-1711818448{width:0px;}  #wcpt-9427  .wcpt-1711818447{width:200px;}  body  .wcpt-1711818447{width:200px;}  #wcpt-9427  .wcpt-1711818451{margin-bottom:12px;}  body  .wcpt-1711818451{margin-bottom:12px;} <\/style><\/div>\n","protected":false},"excerpt":{"rendered":"<p>En esta vista presentamos todos los libros que fueron tratados en los diferentes art\u00edculos publicados en la Revista Literaria \u00abRedescribir\u00bb. Si quieres ver otros libros ve al men\u00fa\u00a0 \u00abInicio\u00bb o por el buscador. Puedes volver a este Art\u00edculo de la Revista Literaria. &nbsp;<\/p>\n","protected":false},"featured_media":9429,"template":"","meta":[],"product_brand":[],"product_cat":[1047],"product_tag":[],"class_list":{"0":"post-9428","1":"product","2":"type-product","3":"status-publish","4":"has-post-thumbnail","6":"product_cat-articulo","8":"first","9":"instock","10":"shipping-taxable","11":"product-type-simple"},"_links":{"self":[{"href":"https:\/\/www.taller-palabras.com\/WordPress_04\/wp-json\/wp\/v2\/product\/9428","targetHints":{"allow":["GET"]}}],"collection":[{"href":"https:\/\/www.taller-palabras.com\/WordPress_04\/wp-json\/wp\/v2\/product"}],"about":[{"href":"https:\/\/www.taller-palabras.com\/WordPress_04\/wp-json\/wp\/v2\/types\/product"}],"wp:featuredmedia":[{"embeddable":true,"href":"https:\/\/www.taller-palabras.com\/WordPress_04\/wp-json\/wp\/v2\/media\/9429"}],"wp:attachment":[{"href":"https:\/\/www.taller-palabras.com\/WordPress_04\/wp-json\/wp\/v2\/media?parent=9428"}],"wp:term":[{"taxonomy":"product_brand","embeddable":true,"href":"https:\/\/www.taller-palabras.com\/WordPress_04\/wp-json\/wp\/v2\/product_brand?post=9428"},{"taxonomy":"product_cat","embeddable":true,"href":"https:\/\/www.taller-palabras.com\/WordPress_04\/wp-json\/wp\/v2\/product_cat?post=9428"},{"taxonomy":"product_tag","embeddable":true,"href":"https:\/\/www.taller-palabras.com\/WordPress_04\/wp-json\/wp\/v2\/product_tag?post=9428"}],"curies":[{"name":"wp","href":"https:\/\/api.w.org\/{rel}","templated":true}]}}