{"id":2716,"date":"2020-04-21T11:15:38","date_gmt":"2020-04-21T14:15:38","guid":{"rendered":"https:\/\/www.taller-palabras.com\/WordPress_05\/?page_id=2716"},"modified":"2023-08-15T14:37:47","modified_gmt":"2023-08-15T17:37:47","slug":"resena-de-novelas","status":"publish","type":"page","link":"https:\/\/www.taller-palabras.com\/WordPress_05\/","title":{"rendered":"Rese\u00f1as de novelas"},"content":{"rendered":"\n<p>Para ver las rese\u00f1as hacer clic sobre el titulo o imagen de cada libro.<\/p>\n\n\n\n<p><a href=\"https:\/\/www.taller-palabras.com\/WordPress_05\/?p=3360\">\u00c9RASE UNA VEZ EN LA TABERNA DE SWAN &#8211; DIANE SETTERFIELD<\/a><\/p>\n\n\n\n<figure class=\"wp-block-image size-large is-resized\"><a href=\"https:\/\/www.taller-palabras.com\/WordPress_05\/?p=3360\"><img decoding=\"async\" loading=\"lazy\" src=\"https:\/\/www.taller-palabras.com\/WordPress_05\/wp-content\/uploads\/2023\/08\/cubierta-668x1024.jpg\" alt=\"\" class=\"wp-image-3357\" width=\"199\" height=\"305\" srcset=\"https:\/\/www.taller-palabras.com\/WordPress_05\/wp-content\/uploads\/2023\/08\/cubierta-668x1024.jpg 668w, https:\/\/www.taller-palabras.com\/WordPress_05\/wp-content\/uploads\/2023\/08\/cubierta-196x300.jpg 196w, https:\/\/www.taller-palabras.com\/WordPress_05\/wp-content\/uploads\/2023\/08\/cubierta-98x150.jpg 98w, https:\/\/www.taller-palabras.com\/WordPress_05\/wp-content\/uploads\/2023\/08\/cubierta-768x1178.jpg 768w, https:\/\/www.taller-palabras.com\/WordPress_05\/wp-content\/uploads\/2023\/08\/cubierta.jpg 827w\" sizes=\"(max-width: 199px) 100vw, 199px\" \/><\/a><\/figure>\n\n\n\n<p><strong>Diane Setterfield <\/strong>con un estilo pulido y ameno ha logrado ese perfecto equilibrio entre lo real y lo que podr\u00eda serlo, a tal punto que las fronteras se desdibujan y entramos en ese mundo acept\u00e1ndolo de principio a fin.<\/p>\n\n\n\n<p><a href=\"https:\/\/www.taller-palabras.com\/WordPress_05\/?p=3320\">LA SAGA DE LOS CONFINES &#8211; LILIANA BODOC<\/a><\/p>\n\n\n\n<figure class=\"wp-block-image size-large is-resized\"><a href=\"https:\/\/www.taller-palabras.com\/WordPress_05\/?p=3320\"><img decoding=\"async\" loading=\"lazy\" src=\"https:\/\/www.taller-palabras.com\/WordPress_05\/wp-content\/uploads\/2021\/08\/cover.jpg\" alt=\"\" class=\"wp-image-3326\" width=\"197\" height=\"295\" srcset=\"https:\/\/www.taller-palabras.com\/WordPress_05\/wp-content\/uploads\/2021\/08\/cover.jpg 397w, https:\/\/www.taller-palabras.com\/WordPress_05\/wp-content\/uploads\/2021\/08\/cover-200x300.jpg 200w, https:\/\/www.taller-palabras.com\/WordPress_05\/wp-content\/uploads\/2021\/08\/cover-100x150.jpg 100w\" sizes=\"(max-width: 197px) 100vw, 197px\" \/><\/a><\/figure>\n\n\n\n<p>Solemos asociar la lectura con un viaje a otros lugares del planeta y sin embargo el planeta a veces nos queda chico. Pero por suerte siempre podemos echar mano de ese otro mundo, el que se cuece en los anaqueles de nuestra biblioteca.<\/p>\n\n\n\n<hr class=\"wp-block-separator has-css-opacity\"\/>\n\n\n\n<p><a href=\"https:\/\/www.taller-palabras.com\/WordPress_05\/?p=3297\">TODOS NUESTROS AYERES &#8211; NATALIA GINZBURG<\/a><\/p>\n\n\n\n<figure class=\"wp-block-image size-large is-resized\"><a href=\"https:\/\/www.taller-palabras.com\/WordPress_05\/?p=3297\"><img decoding=\"async\" loading=\"lazy\" src=\"https:\/\/www.taller-palabras.com\/WordPress_05\/wp-content\/uploads\/2021\/05\/tapa_TodosAyeres.jpg\" alt=\"\" class=\"wp-image-3300\" width=\"191\" height=\"285\" srcset=\"https:\/\/www.taller-palabras.com\/WordPress_05\/wp-content\/uploads\/2021\/05\/tapa_TodosAyeres.jpg 397w, https:\/\/www.taller-palabras.com\/WordPress_05\/wp-content\/uploads\/2021\/05\/tapa_TodosAyeres-201x300.jpg 201w, https:\/\/www.taller-palabras.com\/WordPress_05\/wp-content\/uploads\/2021\/05\/tapa_TodosAyeres-101x150.jpg 101w\" sizes=\"(max-width: 191px) 100vw, 191px\" \/><\/a><\/figure>\n\n\n\n<p><em>\u201cLos libros aut\u00e9nticos operan el prodigio de devolvernos el amor por la vida\u201d,<\/em> dijo ella con su justeza habitual. <strong>Natalia Ginzburg <\/strong>opera el prodigioso proceso de ponernos frente a la vida con la certeza de que solo el amor y la verdad pueden hacernos dignos.<\/p>\n\n\n\n<hr class=\"wp-block-separator has-css-opacity\"\/>\n\n\n\n<p><a href=\"https:\/\/www.taller-palabras.com\/WordPress_05\/?p=3287\">LA DELICADEZA &#8211; DAVID FUENKINOS<\/a><\/p>\n\n\n\n<figure class=\"wp-block-image size-large is-resized\"><a href=\"https:\/\/www.taller-palabras.com\/WordPress_05\/?p=3287\"><img decoding=\"async\" loading=\"lazy\" src=\"https:\/\/www.taller-palabras.com\/WordPress_05\/wp-content\/uploads\/2021\/04\/la-deli-602x1024.jpg\" alt=\"\" class=\"wp-image-3289\" width=\"194\" height=\"330\" srcset=\"https:\/\/www.taller-palabras.com\/WordPress_05\/wp-content\/uploads\/2021\/04\/la-deli-602x1024.jpg 602w, https:\/\/www.taller-palabras.com\/WordPress_05\/wp-content\/uploads\/2021\/04\/la-deli-176x300.jpg 176w, https:\/\/www.taller-palabras.com\/WordPress_05\/wp-content\/uploads\/2021\/04\/la-deli-88x150.jpg 88w, https:\/\/www.taller-palabras.com\/WordPress_05\/wp-content\/uploads\/2021\/04\/la-deli.jpg 709w\" sizes=\"(max-width: 194px) 100vw, 194px\" \/><\/a><\/figure>\n\n\n\n<p><strong>David Foenkinos<\/strong> puede llegar a convertirse en tu mejor amigo, un aliado cuando se trata de comprender la realidad sin ambages. Una prueba m\u00e1s de que lo cort\u00e9s no quita lo valiente, de que lo popular no se opone al buen gusto ni a la buena literatura.<\/p>\n\n\n\n<hr class=\"wp-block-separator has-css-opacity\"\/>\n\n\n\n<p><a href=\"https:\/\/www.taller-palabras.com\/WordPress_05\/?p=3267\">LAS BATALLAS SILENCIADAS \u2013 NIEVES MU\u00d1OZ<\/a><\/p>\n\n\n\n<figure class=\"wp-block-image size-large is-resized\"><a href=\"https:\/\/www.taller-palabras.com\/WordPress_05\/?p=3267\"><img decoding=\"async\" loading=\"lazy\" src=\"https:\/\/www.taller-palabras.com\/WordPress_05\/wp-content\/uploads\/2021\/03\/cover_batallas-silenciadas.jpg\" alt=\"\" class=\"wp-image-3268\" width=\"192\" height=\"296\" srcset=\"https:\/\/www.taller-palabras.com\/WordPress_05\/wp-content\/uploads\/2021\/03\/cover_batallas-silenciadas.jpg 397w, https:\/\/www.taller-palabras.com\/WordPress_05\/wp-content\/uploads\/2021\/03\/cover_batallas-silenciadas-194x300.jpg 194w, https:\/\/www.taller-palabras.com\/WordPress_05\/wp-content\/uploads\/2021\/03\/cover_batallas-silenciadas-97x150.jpg 97w\" sizes=\"(max-width: 192px) 100vw, 192px\" \/><\/a><\/figure>\n\n\n\n<p>Cuando estalla la Gran Guerra, Irene Curie toma una decisi\u00f3n: la de estar lo m\u00e1s cerca posible del frente. Convencida de que ayudar\u00e1 a salvar muchas vidas, gastar\u00e1 hasta su \u00faltimo aliento en ense\u00f1ar radiolog\u00eda a los cirujanos en los hospitales de campa\u00f1a mediante aparatos port\u00e1tiles ideados por ella y su madre, Marie Curie.<\/p>\n\n\n\n<hr class=\"wp-block-separator has-css-opacity\"\/>\n\n\n\n<p><a href=\"https:\/\/www.taller-palabras.com\/WordPress_05\/?p=3256\">EL CEMENTERIO DE PRAGA &#8211; UMBERTO ECO<\/a><\/p>\n\n\n\n<figure class=\"wp-block-image size-large is-resized\"><a href=\"https:\/\/www.taller-palabras.com\/WordPress_05\/?p=3256\"><img decoding=\"async\" loading=\"lazy\" src=\"https:\/\/www.taller-palabras.com\/WordPress_05\/wp-content\/uploads\/2021\/03\/cementerio_praga.jpg\" alt=\"\" class=\"wp-image-3257\" width=\"195\" height=\"292\" srcset=\"https:\/\/www.taller-palabras.com\/WordPress_05\/wp-content\/uploads\/2021\/03\/cementerio_praga.jpg 397w, https:\/\/www.taller-palabras.com\/WordPress_05\/wp-content\/uploads\/2021\/03\/cementerio_praga-200x300.jpg 200w, https:\/\/www.taller-palabras.com\/WordPress_05\/wp-content\/uploads\/2021\/03\/cementerio_praga-100x150.jpg 100w\" sizes=\"(max-width: 195px) 100vw, 195px\" \/><\/a><\/figure>\n\n\n\n<p>\u201cEl cementerio de Praga\u201d es una novela que nos cuenta el origen de muchas estafas y algunos estafadores que a\u00fan hoy est\u00e1n aqu\u00ed, entre nosotros\u2026 La historia se sit\u00faa en marzo de 1897, en Par\u00eds. Desde las primeras p\u00e1ginas del libro se nos permite espiar a un hombre de sesenta y siete a\u00f1os que escribe sentado a una mesa, en una habitaci\u00f3n adornada con extravagancia.<\/p>\n\n\n\n<hr class=\"wp-block-separator has-css-opacity\"\/>\n\n\n\n<p><a href=\"https:\/\/www.taller-palabras.com\/WordPress_05\/?p=3040\">LA CADENA &#8211; ADRIAN MCKINTY<\/a><\/p>\n\n\n\n<figure class=\"wp-block-image size-large is-resized\"><a href=\"https:\/\/www.taller-palabras.com\/WordPress_05\/?p=3040\"><img decoding=\"async\" loading=\"lazy\" src=\"https:\/\/www.taller-palabras.com\/WordPress_05\/wp-content\/uploads\/2020\/05\/lacadena_tapa.jpg\" alt=\"\" class=\"wp-image-3039\" width=\"194\" height=\"295\" srcset=\"https:\/\/www.taller-palabras.com\/WordPress_05\/wp-content\/uploads\/2020\/05\/lacadena_tapa.jpg 397w, https:\/\/www.taller-palabras.com\/WordPress_05\/wp-content\/uploads\/2020\/05\/lacadena_tapa-197x300.jpg 197w, https:\/\/www.taller-palabras.com\/WordPress_05\/wp-content\/uploads\/2020\/05\/lacadena_tapa-99x150.jpg 99w\" sizes=\"(max-width: 194px) 100vw, 194px\" \/><\/a><\/figure>\n\n\n\n<p>Una ma\u00f1ana cualquiera, Rachel deja a su hija en la parada del autob\u00fas. Pero una llamada de un n\u00famero desconocido lo cambia todo: una mujer le informa que tiene a Kylie secuestrada y que, si quiere verla de nuevo, deber\u00e1 seguir sus instrucciones al pie de la letra: primero, pagar un rescate; segundo, secuestrar a otro ni\u00f1o.<\/p>\n\n\n\n<hr class=\"wp-block-separator has-css-opacity\"\/>\n\n\n\n<p><a href=\"https:\/\/www.taller-palabras.com\/WordPress_05\/?p=3011\">EL ABUELO QUE SALT\u00d3 POR LA VENTANA Y SE LARG\u00d3 &#8211; JONAS JONASSON<\/a><\/p>\n\n\n\n<figure class=\"wp-block-image size-large is-resized\"><a href=\"https:\/\/www.taller-palabras.com\/WordPress_05\/?p=3011\"><img decoding=\"async\" loading=\"lazy\" src=\"https:\/\/www.taller-palabras.com\/WordPress_05\/wp-content\/uploads\/2020\/05\/elabuelo.jpg\" alt=\"\" class=\"wp-image-3013\" width=\"196\" height=\"314\"\/><\/a><\/figure>\n\n\n\n<p>Momentos antes de que empiece la pomposa celebraci\u00f3n de su cent\u00e9simo cumplea\u00f1os, Allan Karlsson decide que nada de eso va con \u00e9l. Vestido con su mejor traje y unas pantuflas, se encarama a una ventana y se fuga de la residencia de ancianos en la que vive, dejando plantados al alcalde y a la prensa local.&nbsp;<\/p>\n\n\n\n<hr class=\"wp-block-separator has-css-opacity\"\/>\n\n\n\n<p><a href=\"https:\/\/www.taller-palabras.com\/WordPress_05\/?p=2942\">EL PARA\u00cdSO EN LA OTRA ESQUINA &#8211; MARIO VARGAS LLOSA<\/a><\/p>\n\n\n\n<figure class=\"wp-block-image size-large is-resized\"><a href=\"https:\/\/www.taller-palabras.com\/WordPress_05\/?p=2942\"><img decoding=\"async\" loading=\"lazy\" src=\"https:\/\/www.taller-palabras.com\/WordPress_05\/wp-content\/uploads\/2020\/05\/tapa.jpg\" alt=\"\" class=\"wp-image-2940\" width=\"194\" height=\"295\" srcset=\"https:\/\/www.taller-palabras.com\/WordPress_05\/wp-content\/uploads\/2020\/05\/tapa.jpg 182w, https:\/\/www.taller-palabras.com\/WordPress_05\/wp-content\/uploads\/2020\/05\/tapa-99x150.jpg 99w\" sizes=\"(max-width: 194px) 100vw, 194px\" \/><\/a><\/figure>\n\n\n\n<p>Flora Trist\u00e1n y Paul Gauguin arrojaron su inconformismo a la faz de un siglo que les contest\u00f3 con su desprecio. Pero, qu\u00e9 ser\u00eda de nosotros si ya no supi\u00e9ramos so\u00f1ar lo que no existe. Qu\u00e9 ser\u00eda del mundo sin el impulso de todos los anhelos incumplidos, sin el esfuerzo bald\u00edo de los que se sintieron generosos, sin el contagio tard\u00edo de las promesas del iluminado. En qu\u00e9 clase de infierno vivir\u00edamos si ya no hubiera nadie capaz de entrever los para\u00edsos que juegan al escondite por las esquinas del universo.<\/p>\n\n\n\n<hr class=\"wp-block-separator has-css-opacity\"\/>\n\n\n\n<p><a href=\"https:\/\/www.taller-palabras.com\/WordPress_05\/?p=2912\">4321 &#8211; PAUL AUSTER<\/a><\/p>\n\n\n\n<figure class=\"wp-block-image size-large is-resized\"><a href=\"https:\/\/www.taller-palabras.com\/WordPress_05\/?p=2912\"><img decoding=\"async\" loading=\"lazy\" src=\"https:\/\/www.taller-palabras.com\/WordPress_05\/wp-content\/uploads\/2020\/05\/4321-tapa.jpg\" alt=\"\" class=\"wp-image-2909\" width=\"231\" height=\"289\" srcset=\"https:\/\/www.taller-palabras.com\/WordPress_05\/wp-content\/uploads\/2020\/05\/4321-tapa.jpg 400w, https:\/\/www.taller-palabras.com\/WordPress_05\/wp-content\/uploads\/2020\/05\/4321-tapa-240x300.jpg 240w, https:\/\/www.taller-palabras.com\/WordPress_05\/wp-content\/uploads\/2020\/05\/4321-tapa-120x150.jpg 120w\" sizes=\"(max-width: 231px) 100vw, 231px\" \/><\/a><\/figure>\n\n\n\n<p>\u00bfY si hubieras actuado de otra forma en un momento crucial de tu vida?&nbsp;<em>4 3 2 1<\/em>, la primera novela de Paul Auster despu\u00e9s de siete a\u00f1os, es un emotivo retrato de toda una generaci\u00f3n y una saga familiar que explora de manera deslumbrante los l\u00edmites del azar y las consecuencias de nuestras decisiones. Porque todo suceso, por irrelevante que parezca, abre unas posibilidades y cierra otras.<\/p>\n\n\n\n<hr class=\"wp-block-separator has-css-opacity\"\/>\n\n\n\n<p><a href=\"https:\/\/www.taller-palabras.com\/WordPress_05\/?p=2710\">LLUVIA FINA &#8211; LUIS LANDERO<\/a><\/p>\n\n\n\n<figure class=\"wp-block-image size-large is-resized\"><a href=\"https:\/\/www.taller-palabras.com\/WordPress_05\/?p=2710\"><img decoding=\"async\" loading=\"lazy\" src=\"https:\/\/www.taller-palabras.com\/WordPress_05\/wp-content\/uploads\/2020\/04\/Lluvia-Fina.jpg\" alt=\"\" class=\"wp-image-2694\" width=\"204\" height=\"310\" srcset=\"https:\/\/www.taller-palabras.com\/WordPress_05\/wp-content\/uploads\/2020\/04\/Lluvia-Fina.jpg 300w, https:\/\/www.taller-palabras.com\/WordPress_05\/wp-content\/uploads\/2020\/04\/Lluvia-Fina-197x300.jpg 197w, https:\/\/www.taller-palabras.com\/WordPress_05\/wp-content\/uploads\/2020\/04\/Lluvia-Fina-99x150.jpg 99w\" sizes=\"(max-width: 204px) 100vw, 204px\" \/><\/a><\/figure>\n\n\n\n<p>\u00bfPuede hablarse de todo entre los seres queridos? Ning\u00fan relato es inocente, y menos a\u00fan todo lo que nos contamos sobre nuestra familia. Tras mucho tiempo sin apenas verse ni tratarse, Gabriel decide llamar a sus hermanas y reunir a toda la familia para celebrar el 80 cumplea\u00f1os de la madre&#8230;<\/p>\n\n\n\n<hr class=\"wp-block-separator has-css-opacity\"\/>\n\n\n\n<hr class=\"wp-block-separator has-css-opacity is-style-wide\"\/>\n\n\n\n<p><a href=\"https:\/\/www.taller-palabras.com\/WordPress_05\/?p=2620\">BAJO LA MISMA ESTRELLA &#8211; JOHN GREEN<\/a><\/p>\n\n\n\n<figure class=\"wp-block-image size-large is-resized\"><a href=\"https:\/\/www.taller-palabras.com\/WordPress_05\/?p=2620\"><img decoding=\"async\" loading=\"lazy\" src=\"https:\/\/www.taller-palabras.com\/WordPress_05\/wp-content\/uploads\/2020\/05\/Bajo-la-misma-estrella_tapa.jpg\" alt=\"\" class=\"wp-image-2625\" width=\"202\" height=\"311\"\/><\/a><\/figure>\n\n\n\n<p>A Hazel y a Gus les gustar\u00eda tener vidas m\u00e1s corrientes. Algunos dir\u00edan que no han nacido con estrella, que su mundo es injusto. Hazel y Gus son solo adolescentes, pero si algo les ha ense\u00f1ado el c\u00e1ncer que ambos padecen es que no hay tiempo para lamentaciones&#8230;<br>Emotiva, ir\u00f3nica y afilada. Una novela te\u00f1ida de humor y de tragedia.<\/p>\n\n\n\n<hr class=\"wp-block-separator has-css-opacity\"\/>\n\n\n\n<hr class=\"wp-block-separator has-css-opacity is-style-wide\"\/>\n\n\n\n<p><a href=\"https:\/\/www.taller-palabras.com\/WordPress_05\/?p=2412\">EL TEMOR DE UN HOMBRE SABIO &#8211; PATRICK ROTHFUSS<\/a><\/p>\n\n\n\n<figure class=\"wp-block-image size-large is-resized\"><a href=\"https:\/\/www.taller-palabras.com\/WordPress_05\/?p=2412\"><img decoding=\"async\" loading=\"lazy\" src=\"https:\/\/www.taller-palabras.com\/WordPress_05\/wp-content\/uploads\/2017\/09\/eltemordeunhombresabio_tapa.jpg\" alt=\"\" class=\"wp-image-2411\" width=\"202\" height=\"307\" srcset=\"https:\/\/www.taller-palabras.com\/WordPress_05\/wp-content\/uploads\/2017\/09\/eltemordeunhombresabio_tapa.jpg 421w, https:\/\/www.taller-palabras.com\/WordPress_05\/wp-content\/uploads\/2017\/09\/eltemordeunhombresabio_tapa-99x150.jpg 99w, https:\/\/www.taller-palabras.com\/WordPress_05\/wp-content\/uploads\/2017\/09\/eltemordeunhombresabio_tapa-197x300.jpg 197w\" sizes=\"(max-width: 202px) 100vw, 202px\" \/><\/a><\/figure>\n\n\n\n<p>\u00abTodo hombre sabio teme tres cosas: una tormenta en el mar, las noches sin luna y la c\u00f3lera de un hombre bueno\u00bb<br>La secuela de la extraordinaria El Nombre del Viento, El Temor de un Hombre Sabio es la segunda entrega de la soberbia trilog\u00eda de Patrick Rothfuss.<\/p>\n\n\n\n<hr class=\"wp-block-separator has-css-opacity is-style-wide\"\/>\n\n\n\n<script type=\"text\/javascript\" src=\"\/\/pagead2.googlesyndication.com\/pagead\/js\/adsbygoogle.js\" async=\"\"><\/script><!-- Entre_entrada --> <ins class=\"adsbygoogle\" style=\"display: inline-block; width: 300px; height: 250px;\" data-ad-client=\"ca-pub-2391984088922199\" data-ad-slot=\"5826215141\"><\/ins><script type=\"text\/javascript\">\/\/ <![CDATA[\n(adsbygoogle = window.adsbygoogle || []).push({});\n\/\/ ]]><\/script>\n\n\n\n<hr class=\"wp-block-separator has-css-opacity is-style-wide\"\/>\n\n\n\n<p><a href=\"https:\/\/www.taller-palabras.com\/WordPress_05\/?p=2404\">EL NOMBRE DEL VIENTO &#8211; PATRICK JAMES ROTHFUSS<\/a><\/p>\n\n\n\n<figure class=\"wp-block-image size-large is-resized\"><a href=\"https:\/\/www.taller-palabras.com\/WordPress_05\/?p=2404\"><img decoding=\"async\" loading=\"lazy\" src=\"https:\/\/www.taller-palabras.com\/WordPress_05\/wp-content\/uploads\/2017\/08\/Elnombredelviento_tapa.jpg\" alt=\"\" class=\"wp-image-2405\" width=\"204\" height=\"313\" srcset=\"https:\/\/www.taller-palabras.com\/WordPress_05\/wp-content\/uploads\/2017\/08\/Elnombredelviento_tapa.jpg 417w, https:\/\/www.taller-palabras.com\/WordPress_05\/wp-content\/uploads\/2017\/08\/Elnombredelviento_tapa-98x150.jpg 98w, https:\/\/www.taller-palabras.com\/WordPress_05\/wp-content\/uploads\/2017\/08\/Elnombredelviento_tapa-195x300.jpg 195w\" sizes=\"(max-width: 204px) 100vw, 204px\" \/><\/a><\/figure>\n\n\n\n<p>He robado princesas a reyes ag\u00f3nicos. Incendi\u00e9 la ciudad de Trebon. He pasado la noche con Felurian y he despertado vivo y cuerdo&#8230; He hablado con dioses, he amado a mujeres y escrito canciones que hacen llorar a los bardos. \u00abMe llamo Kvothe. Quiz\u00e1s hayas o\u00eddo hablar de mi.\u00bb<\/p>\n\n\n\n<!--nextpage-->\n\n\n\n<hr class=\"wp-block-separator has-css-opacity is-style-wide\"\/>\n\n\n\n<p><a href=\"https:\/\/www.taller-palabras.com\/WordPress_05\/?p=2398\">LA MAESTRA DE LA LAGUNA &#8211; GLORIA CASA\u00d1AS<\/a><\/p>\n\n\n\n<figure class=\"wp-block-image size-large is-resized\"><a href=\"https:\/\/www.taller-palabras.com\/WordPress_05\/?p=2398\"><img decoding=\"async\" loading=\"lazy\" src=\"https:\/\/www.taller-palabras.com\/WordPress_05\/wp-content\/uploads\/2017\/07\/Lamestrasdelalaguna_tapa.jpg\" alt=\"\" class=\"wp-image-2397\" width=\"202\" height=\"297\" srcset=\"https:\/\/www.taller-palabras.com\/WordPress_05\/wp-content\/uploads\/2017\/07\/Lamestrasdelalaguna_tapa.jpg 435w, https:\/\/www.taller-palabras.com\/WordPress_05\/wp-content\/uploads\/2017\/07\/Lamestrasdelalaguna_tapa-102x150.jpg 102w, https:\/\/www.taller-palabras.com\/WordPress_05\/wp-content\/uploads\/2017\/07\/Lamestrasdelalaguna_tapa-204x300.jpg 204w\" sizes=\"(max-width: 202px) 100vw, 202px\" \/><\/a><\/figure>\n\n\n\n<p>Elizabeth O&#8217;Connor, una de las maestras norteamericanas que Sarmiento consigue traer a la Argentina, no sospecha hasta qu\u00e9 punto aquella empresa sobrepasa sus expectativas. Valiente, culta y decidida, su sangre irlandesa es puesta a prueba m\u00e1s de una vez&#8230;<\/p>\n\n\n\n<hr class=\"wp-block-separator has-css-opacity is-style-wide\"\/>\n\n\n\n<p><a href=\"https:\/\/www.taller-palabras.com\/WordPress_05\/?p=2390\">EL HILO AZUL &#8211; ANNE TYLER<\/a><\/p>\n\n\n\n<figure class=\"wp-block-image size-large is-resized\"><a href=\"https:\/\/www.taller-palabras.com\/WordPress_05\/?p=2390\"><img decoding=\"async\" loading=\"lazy\" src=\"https:\/\/www.taller-palabras.com\/WordPress_05\/wp-content\/uploads\/2016\/11\/Elhiloazul_tapa.jpg\" alt=\"\" class=\"wp-image-2365\" width=\"204\" height=\"313\" srcset=\"https:\/\/www.taller-palabras.com\/WordPress_05\/wp-content\/uploads\/2016\/11\/Elhiloazul_tapa.jpg 292w, https:\/\/www.taller-palabras.com\/WordPress_05\/wp-content\/uploads\/2016\/11\/Elhiloazul_tapa-98x150.jpg 98w, https:\/\/www.taller-palabras.com\/WordPress_05\/wp-content\/uploads\/2016\/11\/Elhiloazul_tapa-196x300.jpg 196w\" sizes=\"(max-width: 204px) 100vw, 204px\" \/><\/a><\/figure>\n\n\n\n<p>Todas las familias guardan secretos, incluso las que parecen perfectas. Los Whitshank no son una excepci\u00f3n a esa regla, pero \u00bfqui\u00e9nes son realmente los Whitshank? A simple vista, parecen un clan unido por el afecto y la solidaridad. Sin embargo&#8230;<\/p>\n\n\n\n<hr class=\"wp-block-separator has-css-opacity is-style-wide\"\/>\n\n\n\n<script type=\"text\/javascript\" src=\"\/\/pagead2.googlesyndication.com\/pagead\/js\/adsbygoogle.js\" async=\"\"><\/script><!-- Entre_entrada --> <ins class=\"adsbygoogle\" style=\"display: inline-block; width: 300px; height: 250px;\" data-ad-client=\"ca-pub-2391984088922199\" data-ad-slot=\"5826215141\"><\/ins><script type=\"text\/javascript\">\/\/ <![CDATA[\n(adsbygoogle = window.adsbygoogle || []).push({});\n\/\/ ]]><\/script>\n\n\n\n<hr class=\"wp-block-separator has-css-opacity is-style-wide\"\/>\n\n\n\n<p><a href=\"https:\/\/www.taller-palabras.com\/WordPress_05\/?p=2372\">EL \u00c1NGEL ROTO &#8211; GLORIA CASA\u00d1AS<\/a><\/p>\n\n\n\n<figure class=\"wp-block-image size-large is-resized\"><a href=\"https:\/\/www.taller-palabras.com\/WordPress_05\/?p=2372\"><img decoding=\"async\" loading=\"lazy\" src=\"https:\/\/www.taller-palabras.com\/WordPress_05\/wp-content\/uploads\/2016\/11\/Elangelroto_tapa.jpg\" alt=\"\" class=\"wp-image-2363\" width=\"204\" height=\"301\" srcset=\"https:\/\/www.taller-palabras.com\/WordPress_05\/wp-content\/uploads\/2016\/11\/Elangelroto_tapa.jpg 384w, https:\/\/www.taller-palabras.com\/WordPress_05\/wp-content\/uploads\/2016\/11\/Elangelroto_tapa-102x150.jpg 102w, https:\/\/www.taller-palabras.com\/WordPress_05\/wp-content\/uploads\/2016\/11\/Elangelroto_tapa-203x300.jpg 203w\" sizes=\"(max-width: 204px) 100vw, 204px\" \/><\/a><\/figure>\n\n\n\n<p>Corre el a\u00f1o 1876, y la presidencia de Nicol\u00e1s Avellaneda se estremece bajo los ecos de una frustrada revoluci\u00f3n. La crisis econ\u00f3mica sacude al pa\u00eds y el encono partidario entre mitristas y alsinistas desborda los caf\u00e9s y las calles de Buenos Aires. La colonizaci\u00f3n agr\u00edcola se yergue como una promesa en los rostros de los inmigrantes que llegan en oleadas&#8230;<\/p>\n\n\n\n<!--nextpage-->\n\n\n\n<hr class=\"wp-block-separator has-css-opacity is-style-wide\"\/>\n\n\n\n<p><a href=\"https:\/\/www.taller-palabras.com\/WordPress_05\/?p=2351\">SANTO OFICIO DE LA MEMORIA \u2013 MEMPO GIARDINELLI<\/a><\/p>\n\n\n\n<figure class=\"wp-block-image size-large is-resized\"><a href=\"https:\/\/www.taller-palabras.com\/WordPress_05\/?p=2351\"><img decoding=\"async\" loading=\"lazy\" src=\"https:\/\/www.taller-palabras.com\/WordPress_05\/wp-content\/uploads\/2020\/05\/santoficiodelamemoria_tapa.jpg\" alt=\"\" class=\"wp-image-2349\" width=\"204\" height=\"312\"\/><\/a><\/figure>\n\n\n\n<p>Escrita a lo largo de nueve a\u00f1os, y definida por Giardinelli como su novela \u00abm\u00e1s ambiciosa y querida\u00bb, Santo Oficio de la Memoria es una obra monumental, que recorre noventa a\u00f1os de historia argentina&#8230;<\/p>\n\n\n\n<hr class=\"wp-block-separator has-css-opacity is-style-wide\"\/>\n\n\n\n<p><a href=\"https:\/\/www.taller-palabras.com\/WordPress_05\/?p=2329\">FORASTERA \u2013 DIANA GABALDON<\/a><\/p>\n\n\n\n<figure class=\"wp-block-image size-large is-resized\"><a href=\"https:\/\/www.taller-palabras.com\/WordPress_05\/?p=2329\"><img decoding=\"async\" loading=\"lazy\" src=\"https:\/\/www.taller-palabras.com\/WordPress_05\/wp-content\/uploads\/2016\/09\/Forastera_tapa.jpg\" alt=\"\" class=\"wp-image-2331\" width=\"202\" height=\"318\" srcset=\"https:\/\/www.taller-palabras.com\/WordPress_05\/wp-content\/uploads\/2016\/09\/Forastera_tapa.jpg 529w, https:\/\/www.taller-palabras.com\/WordPress_05\/wp-content\/uploads\/2016\/09\/Forastera_tapa-95x150.jpg 95w, https:\/\/www.taller-palabras.com\/WordPress_05\/wp-content\/uploads\/2016\/09\/Forastera_tapa-191x300.jpg 191w\" sizes=\"(max-width: 202px) 100vw, 202px\" \/><\/a><\/figure>\n\n\n\n<p>1945. La guerra ha teminado y una joven pareja se re\u00fane por fin para pasar sus vacaciones en Escocia. Una tarde, cuando pasea sola por la pradera, Claire se acerca a un c\u00edrculo de piedras antiqu\u00edsimas y cae de pronto en un extra\u00f1o trance&#8230;<\/p>\n\n\n\n<hr class=\"wp-block-separator has-css-opacity is-style-wide\"\/>\n\n\n\n<script type=\"text\/javascript\" src=\"\/\/pagead2.googlesyndication.com\/pagead\/js\/adsbygoogle.js\" async=\"\"><\/script><!-- Entre_entrada --> <ins class=\"adsbygoogle\" style=\"display: inline-block; width: 300px; height: 250px;\" data-ad-client=\"ca-pub-2391984088922199\" data-ad-slot=\"5826215141\"><\/ins><script type=\"text\/javascript\">\/\/ <![CDATA[\n(adsbygoogle = window.adsbygoogle || []).push({});\n\/\/ ]]><\/script>\n\n\n\n<hr class=\"wp-block-separator has-css-opacity is-style-wide\"\/>\n\n\n\n<p><a href=\"https:\/\/www.taller-palabras.com\/WordPress_05\/?p=2314\">EL SUE\u00d1O DEL CELTA &#8211; MARIO VARGAS LLOSA<\/a><\/p>\n\n\n\n<figure class=\"wp-block-image size-large is-resized\"><a href=\"https:\/\/www.taller-palabras.com\/WordPress_05\/?p=2314\"><img decoding=\"async\" loading=\"lazy\" src=\"https:\/\/www.taller-palabras.com\/WordPress_05\/wp-content\/uploads\/2016\/09\/Elsue\u00f1odelCelta-tapa.jpg\" alt=\"\" class=\"wp-image-2316\" width=\"201\" height=\"323\" srcset=\"https:\/\/www.taller-palabras.com\/WordPress_05\/wp-content\/uploads\/2016\/09\/Elsue\u00f1odelCelta-tapa.jpg 498w, https:\/\/www.taller-palabras.com\/WordPress_05\/wp-content\/uploads\/2016\/09\/Elsue\u00f1odelCelta-tapa-93x150.jpg 93w, https:\/\/www.taller-palabras.com\/WordPress_05\/wp-content\/uploads\/2016\/09\/Elsue\u00f1odelCelta-tapa-187x300.jpg 187w\" sizes=\"(max-width: 201px) 100vw, 201px\" \/><\/a><\/figure>\n\n\n\n<p>La aventura que narra esta novela empieza en el Congo en 1903 y termina en una c\u00e1rcel de Londres, una ma\u00f1ana de 1916. Aqu\u00ed se cuenta la peripecia vital de un hombre de leyenda: el irland\u00e9s Roger Casement. H\u00e9roe y villano, traidor y libertario, moral e inmoral&#8230;<\/p>\n\n\n\n<!--nextpage-->\n\n\n\n<hr class=\"wp-block-separator has-css-opacity is-style-wide\"\/>\n\n\n\n<p><a href=\"https:\/\/www.taller-palabras.com\/WordPress_05\/?p=2306\">EL JARDIN OLVIDADO &#8211; KATE MORTON<\/a><\/p>\n\n\n\n<figure class=\"wp-block-image size-large is-resized\"><a href=\"https:\/\/www.taller-palabras.com\/WordPress_05\/?p=2306\"><img decoding=\"async\" loading=\"lazy\" src=\"https:\/\/www.taller-palabras.com\/WordPress_05\/wp-content\/uploads\/2016\/09\/eljardinolvidado_tapa.jpg\" alt=\"\" class=\"wp-image-2305\" width=\"202\" height=\"318\" srcset=\"https:\/\/www.taller-palabras.com\/WordPress_05\/wp-content\/uploads\/2016\/09\/eljardinolvidado_tapa.jpg 360w, https:\/\/www.taller-palabras.com\/WordPress_05\/wp-content\/uploads\/2016\/09\/eljardinolvidado_tapa-95x150.jpg 95w, https:\/\/www.taller-palabras.com\/WordPress_05\/wp-content\/uploads\/2016\/09\/eljardinolvidado_tapa-190x300.jpg 190w\" sizes=\"(max-width: 202px) 100vw, 202px\" \/><\/a><\/figure>\n\n\n\n<p>En v\u00edsperas de la 1\u00aa Guerra Mundial, una ni\u00f1a es abandonada en un barco con destino a Australia. Una misteriosa mujer llamada la Autora ha prometido cuidar de ella, pero la Autora desaparece sin dejar rastro. Un terrible secreto sale a la luz&#8230;<\/p>\n\n\n\n<hr class=\"wp-block-separator has-css-opacity is-style-wide\"\/>\n\n\n\n<p><a href=\"https:\/\/www.taller-palabras.com\/WordPress_05\/?p=2270\">DIME QUI\u00c9N SOY &#8211; JULIA NAVARRO<\/a><\/p>\n\n\n\n<figure class=\"wp-block-image size-large is-resized\"><a href=\"https:\/\/www.taller-palabras.com\/WordPress_05\/?p=2270\"><img decoding=\"async\" loading=\"lazy\" src=\"https:\/\/www.taller-palabras.com\/WordPress_05\/wp-content\/uploads\/2016\/07\/Dimequiensoy_tapa.jpg\" alt=\"\" class=\"wp-image-2273\" width=\"201\" height=\"309\" srcset=\"https:\/\/www.taller-palabras.com\/WordPress_05\/wp-content\/uploads\/2016\/07\/Dimequiensoy_tapa.jpg 369w, https:\/\/www.taller-palabras.com\/WordPress_05\/wp-content\/uploads\/2016\/07\/Dimequiensoy_tapa-98x150.jpg 98w, https:\/\/www.taller-palabras.com\/WordPress_05\/wp-content\/uploads\/2016\/07\/Dimequiensoy_tapa-195x300.jpg 195w\" sizes=\"(max-width: 201px) 100vw, 201px\" \/><\/a><\/figure>\n\n\n\n<p>Una periodista recibe una propuesta para investigar la azarosa vida de su bisabuela, una mujer de la que s\u00f3lo se sabe que huy\u00f3 de Espa\u00f1a abandonando a su marido y a su hijo poco antes de que estallara la Guerra Civil. Para rescatarla del olvido deber\u00e1 reconstruir su historia&#8230;<\/p>\n\n\n\n<hr class=\"wp-block-separator has-css-opacity is-style-wide\"\/>\n\n\n\n<script type=\"text\/javascript\" src=\"\/\/pagead2.googlesyndication.com\/pagead\/js\/adsbygoogle.js\" async=\"\"><\/script><!-- Entre_entrada --> <ins class=\"adsbygoogle\" style=\"display: inline-block; width: 300px; height: 250px;\" data-ad-client=\"ca-pub-2391984088922199\" data-ad-slot=\"5826215141\"><\/ins><script type=\"text\/javascript\">\/\/ <![CDATA[\n(adsbygoogle = window.adsbygoogle || []).push({});\n\/\/ ]]><\/script>\n\n\n\n<hr class=\"wp-block-separator has-css-opacity is-style-wide\"\/>\n\n\n\n<p><a href=\"https:\/\/www.taller-palabras.com\/WordPress_05\/?p=2263\">HACIA UNA TIERRA DEL FUEGO &#8211; SILVANA SERRANO<\/a><\/p>\n\n\n\n<figure class=\"wp-block-image size-large is-resized\"><a href=\"https:\/\/www.taller-palabras.com\/WordPress_05\/?p=2263\"><img decoding=\"async\" loading=\"lazy\" src=\"https:\/\/www.taller-palabras.com\/WordPress_05\/wp-content\/uploads\/2016\/07\/Haciaunatierradel-fuego_tapa.jpg\" alt=\"\" class=\"wp-image-2265\" width=\"201\" height=\"305\" srcset=\"https:\/\/www.taller-palabras.com\/WordPress_05\/wp-content\/uploads\/2016\/07\/Haciaunatierradel-fuego_tapa.jpg 406w, https:\/\/www.taller-palabras.com\/WordPress_05\/wp-content\/uploads\/2016\/07\/Haciaunatierradel-fuego_tapa-99x150.jpg 99w, https:\/\/www.taller-palabras.com\/WordPress_05\/wp-content\/uploads\/2016\/07\/Haciaunatierradel-fuego_tapa-198x300.jpg 198w\" sizes=\"(max-width: 201px) 100vw, 201px\" \/><\/a><\/figure>\n\n\n\n<p><em>Puerto de Sanl\u00facar de Barrameda, Espa\u00f1a, septiembre de 1581. Caterina della Vecchia ha visto a sus padres quemarse en la hoguera de la Inquisici\u00f3n. Todav\u00eda recuerda, todav\u00eda se despierta&#8230; Junto a su hermano y a su primo han decidido embarcarse en la expedici\u00f3n que remontar\u00e1 el oc\u00e9ano para poblar el estrecho de Magallanes. Solo esa tremenda distancia garantiza el olvido.<\/em>..<\/p>\n\n\n\n<!--nextpage-->\n\n\n\n<hr class=\"wp-block-separator has-css-opacity is-style-wide\"\/>\n\n\n\n<p><a href=\"https:\/\/www.taller-palabras.com\/WordPress_05\/?p=2243\">LA HISTORIA INTERMINABLE \u2013 MICHAEL ENDE<\/a><\/p>\n\n\n\n<figure class=\"wp-block-image size-large is-resized\"><a href=\"https:\/\/www.taller-palabras.com\/WordPress_05\/?p=2243\"><img decoding=\"async\" loading=\"lazy\" src=\"https:\/\/www.taller-palabras.com\/WordPress_05\/wp-content\/uploads\/2016\/05\/lahistoriainterminable_tapa.jpg\" alt=\"\" class=\"wp-image-2245\" width=\"199\" height=\"299\" srcset=\"https:\/\/www.taller-palabras.com\/WordPress_05\/wp-content\/uploads\/2016\/05\/lahistoriainterminable_tapa.jpg 378w, https:\/\/www.taller-palabras.com\/WordPress_05\/wp-content\/uploads\/2016\/05\/lahistoriainterminable_tapa-100x150.jpg 100w, https:\/\/www.taller-palabras.com\/WordPress_05\/wp-content\/uploads\/2016\/05\/lahistoriainterminable_tapa-200x300.jpg 200w\" sizes=\"(max-width: 199px) 100vw, 199px\" \/><\/a><\/figure>\n\n\n\n<p>La Emperatriz Infantil est\u00e1 mortalmente enferma y su reino corre un grave peligro. La salvaci\u00f3n depende de Atreyu, un valiente guerrero de la tribu de los pieles verdes, y Basti\u00e1n, un ni\u00f1o t\u00edmido que lee con pasi\u00f3n un libro m\u00e1gico. Mil aventuras&#8230;<\/p>\n\n\n\n<hr class=\"wp-block-separator has-css-opacity is-style-wide\"\/>\n\n\n\n<p><a href=\"https:\/\/www.taller-palabras.com\/WordPress_05\/?p=2234\">LOS PILARES DE LA TIERRA &#8211; KEN FOLLET<\/a><\/p>\n\n\n\n<figure class=\"wp-block-image size-large is-resized\"><a href=\"https:\/\/www.taller-palabras.com\/WordPress_05\/?p=2234\"><img decoding=\"async\" loading=\"lazy\" src=\"https:\/\/www.taller-palabras.com\/WordPress_05\/wp-content\/uploads\/2016\/05\/Lospilaresdelatierra_tapa.jpg\" alt=\"\" class=\"wp-image-2237\" width=\"202\" height=\"312\" srcset=\"https:\/\/www.taller-palabras.com\/WordPress_05\/wp-content\/uploads\/2016\/05\/Lospilaresdelatierra_tapa.jpg 389w, https:\/\/www.taller-palabras.com\/WordPress_05\/wp-content\/uploads\/2016\/05\/Lospilaresdelatierra_tapa-97x150.jpg 97w, https:\/\/www.taller-palabras.com\/WordPress_05\/wp-content\/uploads\/2016\/05\/Lospilaresdelatierra_tapa-195x300.jpg 195w\" sizes=\"(max-width: 202px) 100vw, 202px\" \/><\/a><\/figure>\n\n\n\n<p>El gran maestro de la narrativa y el suspense nos transporta a la Edad Media, a un fascinante mundo de reyes, damas, caballeros, pugnas feudales, castillos y ciudades amuralladas. El amor y la muerte se entrecruzan vibrantemente en este magistral tapiz&#8230;<\/p>\n\n\n\n<hr class=\"wp-block-separator has-css-opacity is-style-wide\"\/>\n\n\n\n<script type=\"text\/javascript\" src=\"\/\/pagead2.googlesyndication.com\/pagead\/js\/adsbygoogle.js\" async=\"\"><\/script><!-- Entre_entrada --> <ins class=\"adsbygoogle\" style=\"display: inline-block; width: 300px; height: 250px;\" data-ad-client=\"ca-pub-2391984088922199\" data-ad-slot=\"5826215141\"><\/ins><script type=\"text\/javascript\">\/\/ <![CDATA[\n(adsbygoogle = window.adsbygoogle || []).push({});\n\/\/ ]]><\/script>\n\n\n\n<hr class=\"wp-block-separator has-css-opacity is-style-wide\"\/>\n\n\n\n<p><a href=\"https:\/\/www.taller-palabras.com\/WordPress_05\/?p=2210\">MEMORIAS DE \u00c1FRICA &#8211; ISAK DINESEN<\/a><\/p>\n\n\n\n<figure class=\"wp-block-image size-large is-resized\"><a href=\"https:\/\/www.taller-palabras.com\/WordPress_05\/?p=2210\"><img decoding=\"async\" loading=\"lazy\" src=\"https:\/\/www.taller-palabras.com\/WordPress_05\/wp-content\/uploads\/2016\/04\/memoriasdeafrica_tapa.jpg\" alt=\"\" class=\"wp-image-2212\" width=\"201\" height=\"346\" srcset=\"https:\/\/www.taller-palabras.com\/WordPress_05\/wp-content\/uploads\/2016\/04\/memoriasdeafrica_tapa.jpg 439w, https:\/\/www.taller-palabras.com\/WordPress_05\/wp-content\/uploads\/2016\/04\/memoriasdeafrica_tapa-87x150.jpg 87w, https:\/\/www.taller-palabras.com\/WordPress_05\/wp-content\/uploads\/2016\/04\/memoriasdeafrica_tapa-174x300.jpg 174w\" sizes=\"(max-width: 201px) 100vw, 201px\" \/><\/a><\/figure>\n\n\n\n<p>Para Isak Dinesen, \u00c1frica fue el escenario de un destino y la revelaci\u00f3n de la pluralidad fascinante del mundo y sus gentes. Pose\u00edda por la necesidad de Sherezade, la autora nos relata un cuento que se prolonga a lo largo de p\u00e1ginas encantadas&#8230;<\/p>\n\n\n\n<!--nextpage-->\n\n\n\n<hr class=\"wp-block-separator has-css-opacity is-style-wide\"\/>\n\n\n\n<p><a href=\"https:\/\/www.taller-palabras.com\/WordPress_05\/?p=2202\">LAS HORAS DISTANTES \u2013 KATE MORTON<\/a><\/p>\n\n\n\n<figure class=\"wp-block-image size-large is-resized\"><a href=\"https:\/\/www.taller-palabras.com\/WordPress_05\/?p=2202\"><img decoding=\"async\" loading=\"lazy\" src=\"https:\/\/www.taller-palabras.com\/WordPress_05\/wp-content\/uploads\/2015\/05\/Lashorasdistantes_tapa.jpg\" alt=\"\" class=\"wp-image-2039\" width=\"203\" height=\"310\" srcset=\"https:\/\/www.taller-palabras.com\/WordPress_05\/wp-content\/uploads\/2015\/05\/Lashorasdistantes_tapa.jpg 278w, https:\/\/www.taller-palabras.com\/WordPress_05\/wp-content\/uploads\/2015\/05\/Lashorasdistantes_tapa-98x150.jpg 98w, https:\/\/www.taller-palabras.com\/WordPress_05\/wp-content\/uploads\/2015\/05\/Lashorasdistantes_tapa-196x300.jpg 196w\" sizes=\"(max-width: 203px) 100vw, 203px\" \/><\/a><\/figure>\n\n\n\n<p>Una carta perdida durante muchos a\u00f1os llega por correo y Edie Burchill se encuentra viajando a Milderhurst Castle, una mansi\u00f3n inglesa en la que viven las hermanas solteras Blythe y en la que se aloj\u00f3 su madre durante la Segunda Guerra Mundial, cuando era una ni\u00f1a de trece a\u00f1os&#8230;<\/p>\n\n\n\n<hr class=\"wp-block-separator has-css-opacity is-style-wide\"\/>\n\n\n\n<p><a href=\"https:\/\/www.taller-palabras.com\/WordPress_05\/?p=2160\">EL SE\u00d1OR DE LOS ANILLOS I . LA COMUNIDAD DEL ANILLO &#8211; J.R.R. TOLKIEN<\/a><\/p>\n\n\n\n<figure class=\"wp-block-image size-large is-resized\"><a href=\"https:\/\/www.taller-palabras.com\/WordPress_05\/?p=2160\"><img decoding=\"async\" loading=\"lazy\" src=\"https:\/\/www.taller-palabras.com\/WordPress_05\/wp-content\/uploads\/2016\/03\/Else\u00f1ordelosanillos_tapa.jpg\" alt=\"\" class=\"wp-image-2138\" width=\"203\" height=\"301\" srcset=\"https:\/\/www.taller-palabras.com\/WordPress_05\/wp-content\/uploads\/2016\/03\/Else\u00f1ordelosanillos_tapa.jpg 287w, https:\/\/www.taller-palabras.com\/WordPress_05\/wp-content\/uploads\/2016\/03\/Else\u00f1ordelosanillos_tapa-101x150.jpg 101w, https:\/\/www.taller-palabras.com\/WordPress_05\/wp-content\/uploads\/2016\/03\/Else\u00f1ordelosanillos_tapa-203x300.jpg 203w\" sizes=\"(max-width: 203px) 100vw, 203px\" \/><\/a><\/figure>\n\n\n\n<p>Cuando el se\u00f1or Bilbo Bols\u00f3n de Bols\u00f3n Cerrado anunci\u00f3 que muy pronto celebrar\u00eda su cumplea\u00f1os centesimodecimoprimero con una fiesta de especial magnificencia, hubo muchos comentarios y excitaci\u00f3n en Hobbiton&#8230;<\/p>\n\n\n\n<hr class=\"wp-block-separator has-css-opacity is-style-wide\"\/>\n\n\n\n<script type=\"text\/javascript\" src=\"\/\/pagead2.googlesyndication.com\/pagead\/js\/adsbygoogle.js\" async=\"\"><\/script><!-- Entre_entrada --> <ins class=\"adsbygoogle\" style=\"display: inline-block; width: 300px; height: 250px;\" data-ad-client=\"ca-pub-2391984088922199\" data-ad-slot=\"5826215141\"><\/ins><script type=\"text\/javascript\">\/\/ <![CDATA[\n(adsbygoogle = window.adsbygoogle || []).push({});\n\/\/ ]]><\/script>\n\n\n\n<hr class=\"wp-block-separator has-css-opacity is-style-wide\"\/>\n\n\n\n<p><a href=\"https:\/\/www.taller-palabras.com\/WordPress_05\/?p=2137\">INFERNO \u2013 DAN BROWN<\/a><\/p>\n\n\n\n<figure class=\"wp-block-image size-large is-resized\"><a href=\"https:\/\/www.taller-palabras.com\/WordPress_05\/?p=2137\"><img decoding=\"async\" loading=\"lazy\" src=\"https:\/\/www.taller-palabras.com\/WordPress_05\/wp-content\/uploads\/2016\/03\/inferno_tapa.jpg\" alt=\"\" class=\"wp-image-2149\" width=\"204\" height=\"288\" srcset=\"https:\/\/www.taller-palabras.com\/WordPress_05\/wp-content\/uploads\/2016\/03\/inferno_tapa.jpg 301w, https:\/\/www.taller-palabras.com\/WordPress_05\/wp-content\/uploads\/2016\/03\/inferno_tapa-106x150.jpg 106w, https:\/\/www.taller-palabras.com\/WordPress_05\/wp-content\/uploads\/2016\/03\/inferno_tapa-212x300.jpg 212w\" sizes=\"(max-width: 204px) 100vw, 204px\" \/><\/a><\/figure>\n\n\n\n<p>La novela Inferno, de Dan Brown, est\u00e1 protagonizada por Robert Langdon y est\u00e1 basada en el Infierno de la Divina Comedia del poeta italiano Dante Alighieri. Situada en Europa, Infierno sigue al investigador americano mientras descifra las claves ocultas en el conocido poema\u2026<\/p>\n\n\n\n<!--nextpage-->\n\n\n\n<hr class=\"wp-block-separator has-css-opacity is-style-wide\"\/>\n\n\n\n<p><a href=\"https:\/\/www.taller-palabras.com\/WordPress_05\/?p=2128\">EL JARD\u00cdN DE VERANO (SAGA 3) \u2013 PAULLINA SIMONS<\/a><\/p>\n\n\n\n<figure class=\"wp-block-image size-large is-resized\"><a href=\"https:\/\/www.taller-palabras.com\/WordPress_05\/?p=2128\"><img decoding=\"async\" loading=\"lazy\" src=\"https:\/\/www.taller-palabras.com\/WordPress_05\/wp-content\/uploads\/2016\/02\/Eljardindeverano_tapa.jpg\" alt=\"\" class=\"wp-image-2130\" width=\"202\" height=\"307\" srcset=\"https:\/\/www.taller-palabras.com\/WordPress_05\/wp-content\/uploads\/2016\/02\/Eljardindeverano_tapa.jpg 426w, https:\/\/www.taller-palabras.com\/WordPress_05\/wp-content\/uploads\/2016\/02\/Eljardindeverano_tapa-99x150.jpg 99w, https:\/\/www.taller-palabras.com\/WordPress_05\/wp-content\/uploads\/2016\/02\/Eljardindeverano_tapa-197x300.jpg 197w\" sizes=\"(max-width: 202px) 100vw, 202px\" \/><\/a><\/figure>\n\n\n\n<p>Tatiana y Alexander empiezan una nueva vida en Estados Unidos, junto al peque\u00f1o Anthony. Han sobrevivido a una guerra terrible, pero las heridas del alma siguen abiertas, y los dif\u00edciles a\u00f1os de separaci\u00f3n los han convertido en extra\u00f1os&#8230;<\/p>\n\n\n\n<hr class=\"wp-block-separator has-css-opacity is-style-wide\"\/>\n\n\n\n<p><a href=\"https:\/\/www.taller-palabras.com\/WordPress_05\/?p=2108\">LAS TRES BODAS DE MANOLITA \u2013 ALMUDENA GRANDES<\/a><\/p>\n\n\n\n<figure class=\"wp-block-image size-large is-resized\"><a href=\"https:\/\/www.taller-palabras.com\/WordPress_05\/?p=2108\"><img decoding=\"async\" loading=\"lazy\" src=\"https:\/\/www.taller-palabras.com\/WordPress_05\/wp-content\/uploads\/2020\/05\/Lastresbodasdemanolita_tapa.jpg\" alt=\"\" class=\"wp-image-2109\" width=\"202\" height=\"293\"\/><\/a><\/figure>\n\n\n\n<p>En un Madrid devastado, reci\u00e9n salido de la guerra civil, sobrevivir es un duro oficio cotidiano. Especialmente para Manolita, una joven de dieciocho a\u00f1os que, con su padre y su madrastra encarcelados, y su hermano Antonio escondido en un tablao flamenco, tiene que hacerse cargo de su hermana Isabel y de otros tres m\u00e1s peque\u00f1os&#8230;<\/p>\n\n\n\n<hr class=\"wp-block-separator has-css-opacity is-style-wide\"\/>\n\n\n\n<script type=\"text\/javascript\" src=\"\/\/pagead2.googlesyndication.com\/pagead\/js\/adsbygoogle.js\" async=\"\"><\/script><!-- Entre_entrada --> <ins class=\"adsbygoogle\" style=\"display: inline-block; width: 300px; height: 250px;\" data-ad-client=\"ca-pub-2391984088922199\" data-ad-slot=\"5826215141\"><\/ins><script type=\"text\/javascript\">\/\/ <![CDATA[\n(adsbygoogle = window.adsbygoogle || []).push({});\n\/\/ ]]><\/script>\n\n\n\n<hr class=\"wp-block-separator has-css-opacity is-style-wide\"\/>\n\n\n\n<p><a href=\"https:\/\/www.taller-palabras.com\/WordPress_05\/?p=2086\">SAGA: CANCI\u00d3N DE HIELO Y FUEGO<br>[ 2 ] CHOQUE DE REYES &#8211; GEORGE R.R. MARTIN<\/a><\/p>\n\n\n\n<figure class=\"wp-block-image size-large is-resized\"><a href=\"https:\/\/www.taller-palabras.com\/WordPress_05\/?p=2086\"><img decoding=\"async\" loading=\"lazy\" src=\"https:\/\/www.taller-palabras.com\/WordPress_05\/wp-content\/uploads\/2015\/08\/Choquedereyes_tapa.jpg\" alt=\"\" class=\"wp-image-2088\" width=\"199\" height=\"303\" srcset=\"https:\/\/www.taller-palabras.com\/WordPress_05\/wp-content\/uploads\/2015\/08\/Choquedereyes_tapa.jpg 279w, https:\/\/www.taller-palabras.com\/WordPress_05\/wp-content\/uploads\/2015\/08\/Choquedereyes_tapa-98x150.jpg 98w\" sizes=\"(max-width: 199px) 100vw, 199px\" \/><\/a><\/figure>\n\n\n\n<p>Un cometa del color de la sangre hiende el cielo, cargado de malos augurios. Y hay razones sobradas para pensar as\u00ed: los Siete Reinos se ven sacudidos por las luchas intestinas entre los nobles por la sucesi\u00f3n al Trono de Hierro&#8230;.<\/p>\n\n\n\n<!--nextpage-->\n\n\n\n<hr class=\"wp-block-separator has-css-opacity is-style-wide\"\/>\n\n\n\n<p><a href=\"https:\/\/www.taller-palabras.com\/WordPress_05\/?p=2038\">EL HOBBIT \u2013 J.R.R. TOLKIEN<\/a><\/p>\n\n\n\n<figure class=\"wp-block-image size-large is-resized\"><a href=\"https:\/\/www.taller-palabras.com\/WordPress_05\/?p=2038\"><img decoding=\"async\" loading=\"lazy\" src=\"https:\/\/www.taller-palabras.com\/WordPress_05\/wp-content\/uploads\/2015\/07\/elhobbit_tapa.jpg\" alt=\"\" class=\"wp-image-2072\" width=\"203\" height=\"309\" srcset=\"https:\/\/www.taller-palabras.com\/WordPress_05\/wp-content\/uploads\/2015\/07\/elhobbit_tapa.jpg 279w, https:\/\/www.taller-palabras.com\/WordPress_05\/wp-content\/uploads\/2015\/07\/elhobbit_tapa-98x150.jpg 98w\" sizes=\"(max-width: 203px) 100vw, 203px\" \/><\/a><\/figure>\n\n\n\n<p>Un gran cl\u00e1sico moderno y el preludio a las vastas y poderosas mitolog\u00edas de El Se\u00f1or de Los Anillos.. Cuando alrededor de 1930, J. R. R. Tolkien comenz\u00f3 a escribir El hobbit, hac\u00eda ya diez a\u00f1os que trabajaba en el vasto panorama mitol\u00f3gico de El Libro de los Relatos, que m\u00e1s tarde se llamar\u00eda El Silmarillion&#8230;<\/p>\n\n\n\n<hr class=\"wp-block-separator has-css-opacity is-style-wide\"\/>\n\n\n\n<p><a href=\"https:\/\/www.taller-palabras.com\/WordPress_05\/?p=2024\">DE AMOR Y DE SOMBRA &#8211; ISABEL ALLENDE<\/a><\/p>\n\n\n\n<figure class=\"wp-block-image size-large is-resized\"><a href=\"https:\/\/www.taller-palabras.com\/WordPress_05\/?p=2024\"><img decoding=\"async\" loading=\"lazy\" src=\"https:\/\/www.taller-palabras.com\/WordPress_05\/wp-content\/uploads\/2015\/04\/Deamorydesombra_tapa.jpg\" alt=\"\" class=\"wp-image-2025\" width=\"203\" height=\"285\" srcset=\"https:\/\/www.taller-palabras.com\/WordPress_05\/wp-content\/uploads\/2015\/04\/Deamorydesombra_tapa.jpg 303w, https:\/\/www.taller-palabras.com\/WordPress_05\/wp-content\/uploads\/2015\/04\/Deamorydesombra_tapa-106x150.jpg 106w, https:\/\/www.taller-palabras.com\/WordPress_05\/wp-content\/uploads\/2015\/04\/Deamorydesombra_tapa-213x300.jpg 213w\" sizes=\"(max-width: 203px) 100vw, 203px\" \/><\/a><\/figure>\n\n\n\n<p>Con ternura e impecable factura literaria, Isabel Allende perfila el destino de sus personajes como parte indisoluble del destino colectivo de un continente marcado por el mestizaje, las injusticias sociales y la b\u00fasqueda de la propia identidad\u2026<\/p>\n\n\n\n<hr class=\"wp-block-separator has-css-opacity is-style-wide\"\/>\n\n\n\n<script type=\"text\/javascript\" src=\"\/\/pagead2.googlesyndication.com\/pagead\/js\/adsbygoogle.js\" async=\"\"><\/script><!-- Entre_entrada --> <ins class=\"adsbygoogle\" style=\"display: inline-block; width: 300px; height: 250px;\" data-ad-client=\"ca-pub-2391984088922199\" data-ad-slot=\"5826215141\"><\/ins><script type=\"text\/javascript\">\/\/ <![CDATA[\n(adsbygoogle = window.adsbygoogle || []).push({});\n\/\/ ]]><\/script>\n\n\n\n<hr class=\"wp-block-separator has-css-opacity is-style-wide\"\/>\n\n\n\n<p><a href=\"https:\/\/www.taller-palabras.com\/WordPress_05\/?p=2005\">AZTECA \u2013 GARY JENNINGS<\/a><\/p>\n\n\n\n<figure class=\"wp-block-image size-large is-resized\"><a href=\"https:\/\/www.taller-palabras.com\/WordPress_05\/?p=2005\"><img decoding=\"async\" loading=\"lazy\" src=\"https:\/\/www.taller-palabras.com\/WordPress_05\/wp-content\/uploads\/2015\/03\/Azteca_tapa.jpg\" alt=\"\" class=\"wp-image-2006\" width=\"202\" height=\"314\" srcset=\"https:\/\/www.taller-palabras.com\/WordPress_05\/wp-content\/uploads\/2015\/03\/Azteca_tapa.jpg 273w, https:\/\/www.taller-palabras.com\/WordPress_05\/wp-content\/uploads\/2015\/03\/Azteca_tapa-96x150.jpg 96w\" sizes=\"(max-width: 202px) 100vw, 202px\" \/><\/a><\/figure>\n\n\n\n<p>Hacia 1530, el emperador Carlos pide al obispo de M\u00e9xico que le proporcione informaci\u00f3n sobre la vida y costumbres de los indios americanos; el obispo, fray Juan de Zum\u00e1rraga, env\u00eda al monarca un relato autobiogr\u00e1fico hecho por un indio de unos sesenta a\u00f1os, Nube Oscura o Mixtli, en el que narra su ni\u00f1ez, la mentalidad y costumbres de su pueblo&#8230;<\/p>\n\n\n\n<!--nextpage-->\n\n\n\n<hr class=\"wp-block-separator has-css-opacity is-style-wide\"\/>\n\n\n\n<p><a href=\"https:\/\/www.taller-palabras.com\/WordPress_05\/?p=1926\">LA HISTORIA DEL LOCO &#8211; JOHN KATZENBACH<\/a><\/p>\n\n\n\n<figure class=\"wp-block-image size-large is-resized\"><a href=\"https:\/\/www.taller-palabras.com\/WordPress_05\/?p=1926\"><img decoding=\"async\" loading=\"lazy\" src=\"https:\/\/www.taller-palabras.com\/WordPress_05\/wp-content\/uploads\/2015\/03\/LaHistoriadelLoco_Tapa.jpg\" alt=\"\" class=\"wp-image-1928\" width=\"203\" height=\"289\" srcset=\"https:\/\/www.taller-palabras.com\/WordPress_05\/wp-content\/uploads\/2015\/03\/LaHistoriadelLoco_Tapa.jpg 273w, https:\/\/www.taller-palabras.com\/WordPress_05\/wp-content\/uploads\/2015\/03\/LaHistoriadelLoco_Tapa-105x150.jpg 105w, https:\/\/www.taller-palabras.com\/WordPress_05\/wp-content\/uploads\/2015\/03\/LaHistoriadelLoco_Tapa-211x300.jpg 211w\" sizes=\"(max-width: 203px) 100vw, 203px\" \/><\/a><\/figure>\n\n\n\n<p>Su familia lo recluy\u00f3 en el psiqui\u00e1trico tras una conducta imprevisible. Pero un reencuentro en los terrenos de la clausurada instituci\u00f3n remueve algo profundo en su mente agitada: unos recuerdos sombr\u00edos sobre los truculentos hechos que condujeron al cierre del W. S. Hospital, y el asesinato sin resolver de una joven enfermera&#8230;<\/p>\n\n\n\n<hr class=\"wp-block-separator has-css-opacity is-style-wide\"\/>\n\n\n\n<p><a href=\"https:\/\/www.taller-palabras.com\/WordPress_05\/?p=1704\">EL CUARTO ARCANO 1\u00aa PARTE \u2013 FLORENCIA BONELLI<\/a><\/p>\n\n\n\n<figure class=\"wp-block-image size-large is-resized\"><a href=\"https:\/\/www.taller-palabras.com\/WordPress_05\/?p=1704\"><img decoding=\"async\" loading=\"lazy\" src=\"https:\/\/www.taller-palabras.com\/WordPress_05\/wp-content\/uploads\/2015\/02\/el-cuarto-arcano_tapa.jpg\" alt=\"\" class=\"wp-image-1707\" width=\"201\" height=\"319\" srcset=\"https:\/\/www.taller-palabras.com\/WordPress_05\/wp-content\/uploads\/2015\/02\/el-cuarto-arcano_tapa.jpg 357w, https:\/\/www.taller-palabras.com\/WordPress_05\/wp-content\/uploads\/2015\/02\/el-cuarto-arcano_tapa-94x150.jpg 94w\" sizes=\"(max-width: 201px) 100vw, 201px\" \/><\/a><\/figure>\n\n\n\n<p>Buenos Aires, 1806. Las colonias espa\u00f1olas en Am\u00e9rica inician diferentes procesos revolucionarios para independizarse de la Corona de Espa\u00f1a, y Buenos Aires ser\u00e1 una de las primeras en concretar el sue\u00f1o de la Independencia.&nbsp;<br>La portentosa fuerza narrativa de la autora, nos entrega una historia inolvidable dispuesta a enamorar a miles de lectores en todo el mundo.<\/p>\n\n\n\n<hr class=\"wp-block-separator has-css-opacity is-style-wide\"\/>\n\n\n\n<script type=\"text\/javascript\" src=\"\/\/pagead2.googlesyndication.com\/pagead\/js\/adsbygoogle.js\" async=\"\"><\/script><!-- Entre_entrada --> <ins class=\"adsbygoogle\" style=\"display: inline-block; width: 300px; height: 250px;\" data-ad-client=\"ca-pub-2391984088922199\" data-ad-slot=\"5826215141\"><\/ins><script type=\"text\/javascript\">\/\/ <![CDATA[\n(adsbygoogle = window.adsbygoogle || []).push({});\n\/\/ ]]><\/script>\n\n\n\n<hr class=\"wp-block-separator has-css-opacity is-style-wide\"\/>\n\n\n\n<p><a href=\"https:\/\/www.taller-palabras.com\/WordPress_05\/?p=1685\">LADRONES DE TINTA \u2013 ALFONSO MATEO SAGASTA<\/a><\/p>\n\n\n\n<figure class=\"wp-block-image size-large is-resized\"><a href=\"https:\/\/www.taller-palabras.com\/WordPress_05\/?p=1685\"><img decoding=\"async\" loading=\"lazy\" src=\"https:\/\/www.taller-palabras.com\/WordPress_05\/wp-content\/uploads\/2015\/02\/ladrones-de-tinta_tapa.jpg\" alt=\"\" class=\"wp-image-1686\" width=\"204\" height=\"308\" srcset=\"https:\/\/www.taller-palabras.com\/WordPress_05\/wp-content\/uploads\/2015\/02\/ladrones-de-tinta_tapa.jpg 425w, https:\/\/www.taller-palabras.com\/WordPress_05\/wp-content\/uploads\/2015\/02\/ladrones-de-tinta_tapa-99x150.jpg 99w, https:\/\/www.taller-palabras.com\/WordPress_05\/wp-content\/uploads\/2015\/02\/ladrones-de-tinta_tapa-198x300.jpg 198w\" sizes=\"(max-width: 204px) 100vw, 204px\" \/><\/a><\/figure>\n\n\n\n<p>Diez a\u00f1os despu\u00e9s de que Francisco Robles editara El ingenioso hidalgo don Quijote de la Mancha, un tal Alonso Fern\u00e1ndez de Avellaneda osa publicar una segunda parte. Robles, furioso porque alguien interfiere en su negocio, encarga a un empleado, Isidoro de Montemayor, que encuentre a Avellaneda y le ajuste las cuentas.<\/p>\n\n\n\n<!--nextpage-->\n\n\n\n<hr class=\"wp-block-separator has-css-opacity is-style-wide\"\/>\n\n\n\n<p><a href=\"https:\/\/www.taller-palabras.com\/WordPress_05\/?p=1639\">TATIANA Y ALEXANDER (SAGA 2) \u2013 PAULLINA SIMONS<\/a><\/p>\n\n\n\n<figure class=\"wp-block-image size-large is-resized\"><a href=\"https:\/\/www.taller-palabras.com\/WordPress_05\/?p=1639\"><img decoding=\"async\" loading=\"lazy\" src=\"https:\/\/www.taller-palabras.com\/WordPress_05\/wp-content\/uploads\/2015\/01\/TatianayAlexander_tapa.jpg\" alt=\"\" class=\"wp-image-1640\" width=\"205\" height=\"311\" srcset=\"https:\/\/www.taller-palabras.com\/WordPress_05\/wp-content\/uploads\/2015\/01\/TatianayAlexander_tapa.jpg 280w, https:\/\/www.taller-palabras.com\/WordPress_05\/wp-content\/uploads\/2015\/01\/TatianayAlexander_tapa-98x150.jpg 98w, https:\/\/www.taller-palabras.com\/WordPress_05\/wp-content\/uploads\/2015\/01\/TatianayAlexander_tapa-197x300.jpg 197w\" sizes=\"(max-width: 205px) 100vw, 205px\" \/><\/a><\/figure>\n\n\n\n<p>La conmovedora continuaci\u00f3n de El jinete de bronce. Embarazada, enferma y absolutamente desolada, Tatiana ha logrado llegar a Estados Unidos.<\/p>\n\n\n\n<hr class=\"wp-block-separator has-css-opacity is-style-wide\"\/>\n\n\n\n<p><a href=\"https:\/\/www.taller-palabras.com\/WordPress_05\/?p=1605\">SAGA: CANCI\u00d3N DE HIELO Y FUEGO<br>[ I ] JUEGO DE TRONOS &#8211; GEORGE R.R. MARTIN<\/a><\/p>\n\n\n\n<figure class=\"wp-block-image size-large is-resized\"><a href=\"https:\/\/www.taller-palabras.com\/WordPress_05\/?p=1605\"><img decoding=\"async\" loading=\"lazy\" src=\"https:\/\/www.taller-palabras.com\/WordPress_05\/wp-content\/uploads\/2015\/01\/Cancion-de-hielo-y-fuego_tapa.jpg\" alt=\"\" class=\"wp-image-1608\" width=\"203\" height=\"298\" srcset=\"https:\/\/www.taller-palabras.com\/WordPress_05\/wp-content\/uploads\/2015\/01\/Cancion-de-hielo-y-fuego_tapa.jpg 290w, https:\/\/www.taller-palabras.com\/WordPress_05\/wp-content\/uploads\/2015\/01\/Cancion-de-hielo-y-fuego_tapa-102x150.jpg 102w, https:\/\/www.taller-palabras.com\/WordPress_05\/wp-content\/uploads\/2015\/01\/Cancion-de-hielo-y-fuego_tapa-204x300.jpg 204w\" sizes=\"(max-width: 203px) 100vw, 203px\" \/><\/a><\/figure>\n\n\n\n<p>Tras el largo verano, el invierno se acerca a los Siete Reinos. Lord Eddars Stark, se\u00f1or de Invernalia, deja sus dominios para unirse a la corte del rey Robert Baratheon el Usurpador, hombre d\u00edscolo y otrora guerrero audaz cuyas mayores aficiones son comer, beber y engendrar bastardos.&nbsp;<\/p>\n\n\n\n<hr class=\"wp-block-separator has-css-opacity is-style-wide\"\/>\n\n\n\n<script type=\"text\/javascript\" src=\"\/\/pagead2.googlesyndication.com\/pagead\/js\/adsbygoogle.js\" async=\"\"><\/script><!-- Entre_entrada --> <ins class=\"adsbygoogle\" style=\"display: inline-block; width: 300px; height: 250px;\" data-ad-client=\"ca-pub-2391984088922199\" data-ad-slot=\"5826215141\"><\/ins><script type=\"text\/javascript\">\/\/ <![CDATA[\n(adsbygoogle = window.adsbygoogle || []).push({});\n\/\/ ]]><\/script>\n\n\n\n<hr class=\"wp-block-separator has-css-opacity is-style-wide\"\/>\n\n\n\n<p><a href=\"https:\/\/www.taller-palabras.com\/WordPress_05\/?p=1590\">EL PRISIONERO DEL CIELO \u2013 CARLOS RUIZ ZAF\u00d3N<\/a><\/p>\n\n\n\n<figure class=\"wp-block-image size-large is-resized\"><a href=\"https:\/\/www.taller-palabras.com\/WordPress_05\/?p=1590\"><img decoding=\"async\" loading=\"lazy\" src=\"https:\/\/www.taller-palabras.com\/WordPress_05\/wp-content\/uploads\/2014\/12\/El-Prisionero-del-Cielo_tapa.jpg\" alt=\"\" class=\"wp-image-1593\" width=\"203\" height=\"307\" srcset=\"https:\/\/www.taller-palabras.com\/WordPress_05\/wp-content\/uploads\/2014\/12\/El-Prisionero-del-Cielo_tapa.jpg 281w, https:\/\/www.taller-palabras.com\/WordPress_05\/wp-content\/uploads\/2014\/12\/El-Prisionero-del-Cielo_tapa-99x150.jpg 99w, https:\/\/www.taller-palabras.com\/WordPress_05\/wp-content\/uploads\/2014\/12\/El-Prisionero-del-Cielo_tapa-198x300.jpg 198w\" sizes=\"(max-width: 203px) 100vw, 203px\" \/><\/a><\/figure>\n\n\n\n<p>Barcelona, 1957. Daniel Sempere y su amigo Ferm\u00edn, los h\u00e9roes de La Sombra del Viento, regresan de nuevo a la aventura para afrontar el mayor desaf\u00edo de sus vidas. Justo cuando todo empezaba a sonre\u00edrles, un inquietante personaje visita la librer\u00eda de Sempere y amenaza con desvelar un terrible secreto que lleva enterrado dos d\u00e9cadas en la oscura memoria de la ciudad.<\/p>\n\n\n\n<!--nextpage-->\n\n\n\n<hr class=\"wp-block-separator has-css-opacity is-style-wide\"\/>\n\n\n\n<p><a href=\"https:\/\/www.taller-palabras.com\/WordPress_05\/?p=1577\">EL JINETE DE BRONCE (SAGA 1) \u2013 PAULLINA SIMONS<\/a><\/p>\n\n\n\n<figure class=\"wp-block-image size-large is-resized\"><a href=\"https:\/\/www.taller-palabras.com\/WordPress_05\/?p=1577\"><img decoding=\"async\" loading=\"lazy\" src=\"https:\/\/www.taller-palabras.com\/WordPress_05\/wp-content\/uploads\/2019\/03\/el-jinete-de-bronce_tapa-5-673x1024.jpg\" alt=\"\" class=\"wp-image-2541\" width=\"200\" height=\"304\" srcset=\"https:\/\/www.taller-palabras.com\/WordPress_05\/wp-content\/uploads\/2019\/03\/el-jinete-de-bronce_tapa-5-673x1024.jpg 673w, https:\/\/www.taller-palabras.com\/WordPress_05\/wp-content\/uploads\/2019\/03\/el-jinete-de-bronce_tapa-5-99x150.jpg 99w, https:\/\/www.taller-palabras.com\/WordPress_05\/wp-content\/uploads\/2019\/03\/el-jinete-de-bronce_tapa-5-197x300.jpg 197w, https:\/\/www.taller-palabras.com\/WordPress_05\/wp-content\/uploads\/2019\/03\/el-jinete-de-bronce_tapa-5.jpg 737w\" sizes=\"(max-width: 200px) 100vw, 200px\" \/><\/a><\/figure>\n\n\n\n<p>Leningrado, 1941: la guerra parece lejana en esta ciudad de antigua grandeza, donde espl\u00e9ndidos palacios y avenidas se\u00f1oriales hablan de otra \u00e9poca, cuando la ciudad era conocida como San Petersburgo.Dos hermanas Tatiana y Dasha Metanov, comparten un min\u00fasculo apartamento con su familia.&nbsp;<\/p>\n\n\n\n<hr class=\"wp-block-separator has-css-opacity is-style-wide\"\/>\n\n\n\n<p><a href=\"https:\/\/www.taller-palabras.com\/WordPress_05\/?p=1499\">CORTAFUEGOS \u2013 HENNING MANKELL<\/a><\/p>\n\n\n\n<figure class=\"wp-block-image size-large is-resized\"><a href=\"https:\/\/www.taller-palabras.com\/WordPress_05\/?p=1499\"><img decoding=\"async\" loading=\"lazy\" src=\"https:\/\/www.taller-palabras.com\/WordPress_05\/wp-content\/uploads\/2014\/11\/Cortafuegos_tapa.jpg\" alt=\"\" class=\"wp-image-1500\" width=\"205\" height=\"311\" srcset=\"https:\/\/www.taller-palabras.com\/WordPress_05\/wp-content\/uploads\/2014\/11\/Cortafuegos_tapa.jpg 280w, https:\/\/www.taller-palabras.com\/WordPress_05\/wp-content\/uploads\/2014\/11\/Cortafuegos_tapa-98x150.jpg 98w, https:\/\/www.taller-palabras.com\/WordPress_05\/wp-content\/uploads\/2014\/11\/Cortafuegos_tapa-197x300.jpg 197w\" sizes=\"(max-width: 205px) 100vw, 205px\" \/><\/a><\/figure>\n\n\n\n<p>Ystad, Suecia, oto\u00f1o de 1997. Un hombre muere en extra\u00f1as circunstancias a las puertas de un cajero autom\u00e1tico. Poco despu\u00e9s, dos muchachas asesinan salvajemente a un taxista. Detenidas y trasladadas a la comisar\u00eda, las dos adolescentes sorprenden a todo el mundo con su agresividad y su indiferencia ante el crimen que han cometido.<\/p>\n\n\n\n<hr class=\"wp-block-separator has-css-opacity is-style-wide\"\/>\n\n\n\n<script type=\"text\/javascript\" src=\"\/\/pagead2.googlesyndication.com\/pagead\/js\/adsbygoogle.js\" async=\"\"><\/script><!-- Entre_entrada --> <ins class=\"adsbygoogle\" style=\"display: inline-block; width: 300px; height: 250px;\" data-ad-client=\"ca-pub-2391984088922199\" data-ad-slot=\"5826215141\"><\/ins><script type=\"text\/javascript\">\/\/ <![CDATA[\n(adsbygoogle = window.adsbygoogle || []).push({});\n\/\/ ]]><\/script>\n\n\n\n<hr class=\"wp-block-separator has-css-opacity is-style-wide\"\/>\n\n\n\n<p><a href=\"https:\/\/www.taller-palabras.com\/WordPress_05\/?p=1462\">EL CLUB DANTE \u2013 MATHEW PEARL<\/a><\/p>\n\n\n\n<figure class=\"wp-block-image size-large is-resized\"><a href=\"https:\/\/www.taller-palabras.com\/WordPress_05\/?p=1462\"><img decoding=\"async\" loading=\"lazy\" src=\"https:\/\/www.taller-palabras.com\/WordPress_05\/wp-content\/uploads\/2014\/11\/elclubDante_tapa.jpg\" alt=\"\" class=\"wp-image-1466\" width=\"201\" height=\"300\" srcset=\"https:\/\/www.taller-palabras.com\/WordPress_05\/wp-content\/uploads\/2014\/11\/elclubDante_tapa.jpg 285w, https:\/\/www.taller-palabras.com\/WordPress_05\/wp-content\/uploads\/2014\/11\/elclubDante_tapa-100x150.jpg 100w, https:\/\/www.taller-palabras.com\/WordPress_05\/wp-content\/uploads\/2014\/11\/elclubDante_tapa-201x300.jpg 201w\" sizes=\"(max-width: 201px) 100vw, 201px\" \/><\/a><\/figure>\n\n\n\n<p>Boston, 1865. Importantes personalidades est\u00e1n siendo brutalmente asesinadas por un criminal inspirado en los tormentos del Infierno de Dante. S\u00f3lo los miembros del club Dante \u2014poetas y profesores de Harvard dirigidos por Henry Wadsworth Longfellow\u2014 pueden anticiparse al asesino e identificarle.<\/p>\n\n\n\n<!--nextpage-->\n\n\n\n<hr class=\"wp-block-separator has-css-opacity is-style-wide\"\/>\n\n\n\n<p><a href=\"https:\/\/www.taller-palabras.com\/WordPress_05\/?p=858\">EL JUEGO DEL \u00c1NGEL \u2013 CARLOS RUIZ ZAF\u00d3N<\/a><\/p>\n\n\n\n<figure class=\"wp-block-image size-large is-resized\"><a href=\"https:\/\/www.taller-palabras.com\/WordPress_05\/?p=858\"><img decoding=\"async\" loading=\"lazy\" src=\"https:\/\/www.taller-palabras.com\/WordPress_05\/wp-content\/uploads\/2020\/04\/el-juego-del-angel1.jpg\" alt=\"\" class=\"wp-image-2772\" width=\"204\" height=\"311\" srcset=\"https:\/\/www.taller-palabras.com\/WordPress_05\/wp-content\/uploads\/2020\/04\/el-juego-del-angel1.jpg 328w, https:\/\/www.taller-palabras.com\/WordPress_05\/wp-content\/uploads\/2020\/04\/el-juego-del-angel1-197x300.jpg 197w, https:\/\/www.taller-palabras.com\/WordPress_05\/wp-content\/uploads\/2020\/04\/el-juego-del-angel1-98x150.jpg 98w\" sizes=\"(max-width: 204px) 100vw, 204px\" \/><\/a><\/figure>\n\n\n\n<p>En la turbulenta Barcelona de los a\u00f1os 20 un joven escritor obsesionado con un amor imposible recibe la oferta de un misterioso editor para escribir un libro como no ha existido nunca, a cambio de una fortuna y, tal vez, mucho m\u00e1s.<\/p>\n\n\n\n<hr class=\"wp-block-separator has-css-opacity is-style-wide\"\/>\n\n\n\n<p><a href=\"https:\/\/www.taller-palabras.com\/WordPress_05\/?p=766\">LA SOMBRA DEL VIENTO \u2013 CARLOS RUIZ ZAF\u00d3N<\/a><\/p>\n\n\n\n<figure class=\"wp-block-image size-large is-resized\"><a href=\"https:\/\/www.taller-palabras.com\/WordPress_05\/?p=766\"><img decoding=\"async\" loading=\"lazy\" src=\"https:\/\/www.taller-palabras.com\/WordPress_05\/wp-content\/uploads\/2014\/09\/lasombradelveinto.jpeg\" alt=\"\" class=\"wp-image-767\" width=\"203\" height=\"313\" srcset=\"https:\/\/www.taller-palabras.com\/WordPress_05\/wp-content\/uploads\/2014\/09\/lasombradelveinto.jpeg 181w, https:\/\/www.taller-palabras.com\/WordPress_05\/wp-content\/uploads\/2014\/09\/lasombradelveinto-77x120.jpeg 77w\" sizes=\"(max-width: 203px) 100vw, 203px\" \/><\/a><\/figure>\n\n\n\n<p>Un amanecer de 1945 un muchacho es conducido por su padre a un misterioso lugar oculto en el coraz\u00f3n de la ciudad vieja: El Cementerio de los Libros Olvidados. All\u00ed, Daniel Sempere encuentra un libro maldito que cambiar\u00e1 el rumbo de su vida y le arrastrar\u00e1 a un laberinto de intrigas y secretos enterrados en el alma oscura de la ciudad.<\/p>\n\n\n\n<hr class=\"wp-block-separator has-css-opacity is-style-wide\"\/>\n\n\n\n<script type=\"text\/javascript\" src=\"\/\/pagead2.googlesyndication.com\/pagead\/js\/adsbygoogle.js\" async=\"\"><\/script><!-- Entre_entrada --> <ins class=\"adsbygoogle\" style=\"display: inline-block; width: 300px; height: 250px;\" data-ad-client=\"ca-pub-2391984088922199\" data-ad-slot=\"5826215141\"><\/ins><script type=\"text\/javascript\">\/\/ <![CDATA[\n(adsbygoogle = window.adsbygoogle || []).push({});\n\/\/ ]]><\/script>\n\n\n\n<hr class=\"wp-block-separator has-css-opacity is-style-wide\"\/>\n\n\n\n<p><a href=\"https:\/\/www.taller-palabras.com\/WordPress_05\/?p=742\">LOS TRES NOMBRES DEL LOBO \u2013 LOLA NIEVA<\/a><\/p>\n\n\n\n<figure class=\"wp-block-image size-large is-resized\"><a href=\"https:\/\/www.taller-palabras.com\/WordPress_05\/?p=742\"><img decoding=\"async\" loading=\"lazy\" src=\"https:\/\/www.taller-palabras.com\/WordPress_05\/wp-content\/uploads\/2014\/09\/lostresnombresdellobo.jpeg\" alt=\"\" class=\"wp-image-744\" width=\"205\" height=\"311\" srcset=\"https:\/\/www.taller-palabras.com\/WordPress_05\/wp-content\/uploads\/2014\/09\/lostresnombresdellobo.jpeg 182w, https:\/\/www.taller-palabras.com\/WordPress_05\/wp-content\/uploads\/2014\/09\/lostresnombresdellobo-79x120.jpeg 79w\" sizes=\"(max-width: 205px) 100vw, 205px\" \/><\/a><\/figure>\n\n\n\n<p>Una novela que narra un viaje interior: una mujer que busca conocerse a s\u00ed misma. Desde la refinada sensibilidad \u00e1rabe al \u00edmpetu vikingo, en una traves\u00eda personal, \u00edntima, en la que se abrir\u00e1n nuevos paisajes, conocer\u00e1 otras lenguas, costumbres, el placer de una gastronom\u00eda diferente, bailes, vestimentas, el despertar de los sentidos.<\/p>\n\n\n\n<!--nextpage-->\n\n\n\n<hr class=\"wp-block-separator has-css-opacity is-style-wide\"\/>\n\n\n\n<p><a href=\"https:\/\/www.taller-palabras.com\/WordPress_05\/?p=679\">LA FALSA PISTA \u2013 HENNING MANKELL<\/a><\/p>\n\n\n\n<figure class=\"wp-block-image size-large is-resized\"><a href=\"https:\/\/www.taller-palabras.com\/WordPress_05\/?p=679\"><img decoding=\"async\" loading=\"lazy\" src=\"https:\/\/www.taller-palabras.com\/WordPress_05\/wp-content\/uploads\/2014\/11\/la-pistafalsa.jpg\" alt=\"\" class=\"wp-image-1560\" width=\"205\" height=\"307\" srcset=\"https:\/\/www.taller-palabras.com\/WordPress_05\/wp-content\/uploads\/2014\/11\/la-pistafalsa.jpg 284w, https:\/\/www.taller-palabras.com\/WordPress_05\/wp-content\/uploads\/2014\/11\/la-pistafalsa-100x150.jpg 100w, https:\/\/www.taller-palabras.com\/WordPress_05\/wp-content\/uploads\/2014\/11\/la-pistafalsa-200x300.jpg 200w\" sizes=\"(max-width: 205px) 100vw, 205px\" \/><\/a><\/figure>\n\n\n\n<p>En Suecia nadie recuerda un verano tan caluroso como el de 1994. Mientras la gente sigue con pasi\u00f3n los partidos finales del Campeonato Mundial de F\u00fatbol, el inspector Kurt Wallander se dispone a iniciar unas cortas vacaciones. Pero la tranquilidad de la provincia de Escania se ve truncada cuando una muchacha, al parecer extranjera, se suicida quem\u00e1ndose a lo bonzo<\/p>\n\n\n\n<hr class=\"wp-block-separator has-css-opacity is-style-wide\"\/>\n\n\n\n<p><a href=\"https:\/\/www.taller-palabras.com\/WordPress_05\/?p=650\">EL RETRATO DE UNA DAMA \u2013 HENRY JAMES<\/a><\/p>\n\n\n\n<figure class=\"wp-block-image size-large is-resized\"><a href=\"https:\/\/www.taller-palabras.com\/WordPress_05\/?p=650\"><img decoding=\"async\" loading=\"lazy\" src=\"https:\/\/www.taller-palabras.com\/WordPress_05\/wp-content\/uploads\/2014\/09\/Retratodeuna-dama.jpeg\" alt=\"\" class=\"wp-image-653\" width=\"205\" height=\"316\"\/><\/a><\/figure>\n\n\n\n<p><strong>Henry James&nbsp;<\/strong>es el escritor de la conciencia individual, de los muchos matices de la subjetividad. Con \u00e9l la novela se interioriza, la acci\u00f3n exterior pierde importancia en favor de los pensamientos o de los sentimientos de los personajes. El mundo exterior se nos presenta filtrado a trav\u00e9s de la subjetividad de \u00e9stos.<\/p>\n\n\n\n<hr class=\"wp-block-separator has-css-opacity is-style-wide\"\/>\n\n\n\n<script type=\"text\/javascript\" src=\"\/\/pagead2.googlesyndication.com\/pagead\/js\/adsbygoogle.js\" async=\"\"><\/script><!-- Entre_entrada --> <ins class=\"adsbygoogle\" style=\"display: inline-block; width: 300px; height: 250px;\" data-ad-client=\"ca-pub-2391984088922199\" data-ad-slot=\"5826215141\"><\/ins><script type=\"text\/javascript\">\/\/ <![CDATA[\n(adsbygoogle = window.adsbygoogle || []).push({});\n\/\/ ]]><\/script>\n\n\n\n<hr class=\"wp-block-separator has-css-opacity is-style-wide\"\/>\n\n\n\n<p><a href=\"https:\/\/www.taller-palabras.com\/WordPress_05\/?p=634\">MISI\u00d3N OLVIDO \u2013 MAR\u00cdA DUE\u00d1AS<\/a><\/p>\n\n\n\n<figure class=\"wp-block-image size-large\"><a href=\"https:\/\/www.taller-palabras.com\/WordPress_05\/?p=634\"><img decoding=\"async\" loading=\"lazy\" width=\"200\" height=\"295\" src=\"https:\/\/www.taller-palabras.com\/WordPress_05\/wp-content\/uploads\/2014\/08\/mision-olvido-de-maria-duenas-22244.jpg\" alt=\"\" class=\"wp-image-636\"\/><\/a><\/figure>\n\n\n\n<p>Amores cruzados, certezas a medias e intereses silenciados que acabar\u00e1n por salir a la luz. Desde los viejos franciscanos que fundaron las m\u00edticas misiones californianas a los hispanistas y escritores exiliados que a pesar de la nostalgia nunca lograron regresar. Con todos ellos entreverados en la propia historia de Blanca, Misi\u00f3n Olvido compone una narraci\u00f3n intrigante, emotiva e intensamente humana.<\/p>\n\n\n\n<!--nextpage-->\n\n\n\n<hr class=\"wp-block-separator has-css-opacity is-style-wide\"\/>\n\n\n\n<p><a href=\"https:\/\/www.taller-palabras.com\/WordPress_05\/?p=618\">LA LIBRER\u00cdA DE LAS NUEVAS OPORTUNIDADES &#8211; ANJALI BANERJEE<\/a><\/p>\n\n\n\n<figure class=\"wp-block-image size-large is-resized\"><a href=\"https:\/\/www.taller-palabras.com\/WordPress_05\/?p=618\"><img decoding=\"async\" loading=\"lazy\" src=\"https:\/\/www.taller-palabras.com\/WordPress_05\/wp-content\/uploads\/2014\/08\/lalibreria-portada.jpeg\" alt=\"\" class=\"wp-image-620\" width=\"200\" height=\"307\"\/><\/a><\/figure>\n\n\n\n<p>A ese lugar tan especial, donde los libros parecen tener vida propia, llega un d\u00eda Jasmine, dispuesta a hacerse cargo del negocio mientras la propietaria, su t\u00eda Ruma, viaja a la India para curar su coraz\u00f3n cansado. Sola en medio del polvo y el desorden, la joven intenta dar un toque de modernidad al local, colocando t\u00edtulos nuevos y llamativos en el escaparate, pero muy pronto los cl\u00e1sicos de siempre imponen su presencia, y los autores vivos y muertos revolotean por las estanter\u00edas dejando o\u00edr su voz.<\/p>\n\n\n\n<hr class=\"wp-block-separator has-css-opacity is-style-wide\"\/>\n\n\n\n<p><a href=\"https:\/\/www.taller-palabras.com\/WordPress_05\/?p=583\">LA VIDA CUANDO ERA NUESTRA \u2013 MARIAN IZAGUIRRE<\/a><\/p>\n\n\n\n<figure class=\"wp-block-image size-large is-resized\"><a href=\"https:\/\/www.taller-palabras.com\/WordPress_05\/?p=583\"><img decoding=\"async\" loading=\"lazy\" src=\"https:\/\/www.taller-palabras.com\/WordPress_05\/wp-content\/uploads\/2014\/07\/lavidacuandoeranuestra1.jpeg\" alt=\"\" class=\"wp-image-577\" width=\"202\" height=\"310\"\/><\/a><\/figure>\n\n\n\n<p>\u00abA\u00f1oro la vida cuando era nuestra\u00bb, comenta Lola, la protagonista de esta novela, y esa vida, que era tan suya y tan llena de ilusi\u00f3n, estaba hecha de libros y de charlas de caf\u00e9, de siestas l\u00e1nguidas y de proyectos para construir un pa\u00eds, Espa\u00f1a, que aprend\u00eda paso a paso las reglas de la democracia.<\/p>\n\n\n\n<hr class=\"wp-block-separator has-css-opacity is-style-wide\"\/>\n\n\n\n<script type=\"text\/javascript\" src=\"\/\/pagead2.googlesyndication.com\/pagead\/js\/adsbygoogle.js\" async=\"\"><\/script><!-- Entre_entrada --> <ins class=\"adsbygoogle\" style=\"display: inline-block; width: 300px; height: 250px;\" data-ad-client=\"ca-pub-2391984088922199\" data-ad-slot=\"5826215141\"><\/ins><script type=\"text\/javascript\">\/\/ <![CDATA[\n(adsbygoogle = window.adsbygoogle || []).push({});\n\/\/ ]]><\/script>\n\n\n\n<hr class=\"wp-block-separator has-css-opacity is-style-wide\"\/>\n\n\n\n<p><a href=\"https:\/\/www.taller-palabras.com\/WordPress_05\/?p=467\">LA HIJA DEL SEPULTURERO \u2013 JOYCE CAROL OATES<\/a><\/p>\n\n\n\n<figure class=\"wp-block-image size-large is-resized\"><a href=\"https:\/\/www.taller-palabras.com\/WordPress_05\/?p=467\"><img decoding=\"async\" loading=\"lazy\" src=\"https:\/\/www.taller-palabras.com\/WordPress_05\/wp-content\/uploads\/2014\/07\/lahijadelsepulturero-e1405705228811.jpeg\" alt=\"\" class=\"wp-image-468\" width=\"199\" height=\"288\"\/><\/a><\/figure>\n\n\n\n<p>En 1936, los Schwart, una familia de inmigrantes desesperada por escapar de la Alemania nazi, se instala en una peque\u00f1a ciudad de Estados Unidos. El padre, un profesor de instituto, es rebajado al \u00fanico trabajo al que tiene acceso: sepulturero y vigilante de cementerio. Los prejuicios locales y la debilidad emocional de los Schwart suscitan una terrible tragedia familiar.<\/p>\n\n\n\n<!--nextpage-->\n\n\n\n<hr class=\"wp-block-separator has-css-opacity is-style-wide\"\/>\n\n\n\n<p><a href=\"https:\/\/www.taller-palabras.com\/WordPress_05\/?p=420\">LA REINA DEL SUR \u2013 ARTURO P\u00c9REZ REVERTE<\/a><\/p>\n\n\n\n<figure class=\"wp-block-image size-large is-resized\"><a href=\"https:\/\/www.taller-palabras.com\/WordPress_05\/?p=420\"><img decoding=\"async\" loading=\"lazy\" src=\"https:\/\/www.taller-palabras.com\/WordPress_05\/wp-content\/uploads\/2014\/07\/Lareinadelsur.jpeg\" alt=\"\" class=\"wp-image-421\" width=\"201\" height=\"331\"\/><\/a><\/figure>\n\n\n\n<p>Teresa Mendoza, original de Sinaloa M\u00e9xico, vive circunstancias que la obligan a huir de su pa\u00eds para ir a Espa\u00f1a y salvar su vida, ella se ve envuelta en una red de narcotr\u00e1fico. <br>\u00abSon\u00f3 el tel\u00e9fono y supo que la iban a matar. Lo supo con tanta certeza que se qued\u00f3 inm\u00f3vil (\u2026)\u00bb<\/p>\n\n\n\n<hr class=\"wp-block-separator has-css-opacity is-style-wide\"\/>\n\n\n\n<p><a href=\"https:\/\/www.taller-palabras.com\/WordPress_05\/?p=373\">LAS CENIZAS DE \u00c1NGELA \u2013 FRANK MCCOURT<\/a><\/p>\n\n\n\n<figure class=\"wp-block-image size-large is-resized\"><a href=\"https:\/\/www.taller-palabras.com\/WordPress_05\/?p=373\"><img decoding=\"async\" loading=\"lazy\" src=\"https:\/\/www.taller-palabras.com\/WordPress_05\/wp-content\/uploads\/2014\/07\/laascenizasdeangela.jpg\" alt=\"\" class=\"wp-image-374\" width=\"201\" height=\"305\" srcset=\"https:\/\/www.taller-palabras.com\/WordPress_05\/wp-content\/uploads\/2014\/07\/laascenizasdeangela.jpg 330w, https:\/\/www.taller-palabras.com\/WordPress_05\/wp-content\/uploads\/2014\/07\/laascenizasdeangela-198x300.jpg 198w\" sizes=\"(max-width: 201px) 100vw, 201px\" \/><\/a><\/figure>\n\n\n\n<p>En este magn\u00edfico libro se narran los duros comienzos de una familia emigrante irlandesa vista a trav\u00e9s de un ni\u00f1o. Por ello, el lector se encontrar\u00e1 con grandes dosis de humor y compasi\u00f3n transmitidos a trav\u00e9s de su autor,&nbsp;Frank McCourt.<\/p>\n\n\n\n<hr class=\"wp-block-separator has-css-opacity is-style-wide\"\/>\n\n\n\n<script type=\"text\/javascript\" src=\"\/\/pagead2.googlesyndication.com\/pagead\/js\/adsbygoogle.js\" async=\"\"><\/script><!-- Entre_entrada --> <ins class=\"adsbygoogle\" style=\"display: inline-block; width: 300px; height: 250px;\" data-ad-client=\"ca-pub-2391984088922199\" data-ad-slot=\"5826215141\"><\/ins><script type=\"text\/javascript\">\/\/ <![CDATA[\n(adsbygoogle = window.adsbygoogle || []).push({});\n\/\/ ]]><\/script>\n\n\n\n<hr class=\"wp-block-separator has-css-opacity is-style-wide\"\/>\n\n\n\n<p><a href=\"https:\/\/www.taller-palabras.com\/WordPress_05\/?p=286\">EL LECTOR DE JULIO VERNE \u2013 ALMUDENA GRANDES<\/a><\/p>\n\n\n\n<figure class=\"wp-block-image size-large is-resized\"><a href=\"https:\/\/www.taller-palabras.com\/WordPress_05\/?p=286\"><img decoding=\"async\" loading=\"lazy\" src=\"https:\/\/www.taller-palabras.com\/WordPress_05\/wp-content\/uploads\/2014\/07\/el-lector-de-julio-verne.jpg\" alt=\"\" class=\"wp-image-288\" width=\"205\" height=\"322\"\/><\/a><\/figure>\n\n\n\n<p>Nino, hijo de un guardia civil, tiene nueve a\u00f1os, vive en la casa cuartel de un pueblo de la Sierra Sur de Ja\u00e9n, y nunca podr\u00e1 olvidar el verano de 1947. Pepe el Portugu\u00e9s, el forastero misterioso, fascinante, que acaba de instalarse en un molino apartado, se convierte en su amigo y su modelo, el hombre en el que le gustar\u00eda convertirse alguna vez.<\/p>\n\n\n\n<!--nextpage-->\n\n\n\n<hr class=\"wp-block-separator has-css-opacity is-style-wide\"\/>\n\n\n\n<p><a href=\"https:\/\/www.taller-palabras.com\/WordPress_05\/?p=246\">TE DI LA VIDA ENTERA &#8211; ZO\u00c9 VALD\u00c9S<\/a><\/p>\n\n\n\n<figure class=\"wp-block-image size-large is-resized\"><a href=\"https:\/\/www.taller-palabras.com\/WordPress_05\/?p=246\"><img decoding=\"async\" loading=\"lazy\" src=\"https:\/\/www.taller-palabras.com\/WordPress_05\/wp-content\/uploads\/2014\/06\/tedilavidaentera.jpeg\" alt=\"\" class=\"wp-image-248\" width=\"202\" height=\"325\"\/><\/a><\/figure>\n\n\n\n<p>Una novela rebosante de humor \u00e1cido y erotismo, que retrata sesenta a\u00f1os de la vida de una mujer cubana. Una magn\u00edfica novela sobre el deseo, la esperanza y el desencanto. Te di la vida entera es la historia de Cuca, Cu-quita, la Ni\u00f1a Cuca -como todo el mundo la llama-, que con poco m\u00e1s de diecis\u00e9is a\u00f1os llega a La Habana pre-revolucionaria.<\/p>\n\n\n\n<hr class=\"wp-block-separator has-css-opacity is-style-wide\"\/>\n\n\n\n<p><a href=\"https:\/\/www.taller-palabras.com\/WordPress_05\/?p=242\">EL LIBRO NEGRO \u2013 ORHAN PAMUK<\/a><\/p>\n\n\n\n<figure class=\"wp-block-image size-large is-resized\"><a href=\"https:\/\/www.taller-palabras.com\/WordPress_05\/?p=242\"><img decoding=\"async\" loading=\"lazy\" src=\"https:\/\/www.taller-palabras.com\/WordPress_05\/wp-content\/uploads\/2020\/04\/libro_negro.jpg\" alt=\"\" class=\"wp-image-2754\" width=\"202\" height=\"307\" srcset=\"https:\/\/www.taller-palabras.com\/WordPress_05\/wp-content\/uploads\/2020\/04\/libro_negro.jpg 244w, https:\/\/www.taller-palabras.com\/WordPress_05\/wp-content\/uploads\/2020\/04\/libro_negro-197x300.jpg 197w, https:\/\/www.taller-palabras.com\/WordPress_05\/wp-content\/uploads\/2020\/04\/libro_negro-99x150.jpg 99w\" sizes=\"(max-width: 202px) 100vw, 202px\" \/><\/a><\/figure>\n\n\n\n<p>Parodiando una intriga policiaca, el autor nos embarca en un juego de espejismos en el que los personajes de desdoblan para volver a unirse y con el que las f\u00e1bulas lindan sin frontera perceptible con la realidad de los sujetos y objetos concretos, y donde el sinsentido tiene una raz\u00f3n oculta.<\/p>\n\n\n\n<hr class=\"wp-block-separator has-css-opacity is-style-wide\"\/>\n\n\n\n<script type=\"text\/javascript\" src=\"\/\/pagead2.googlesyndication.com\/pagead\/js\/adsbygoogle.js\" async=\"\"><\/script><!-- Entre_entrada --> <ins class=\"adsbygoogle\" style=\"display: inline-block; width: 300px; height: 250px;\" data-ad-client=\"ca-pub-2391984088922199\" data-ad-slot=\"5826215141\"><\/ins><script type=\"text\/javascript\">\/\/ <![CDATA[\n(adsbygoogle = window.adsbygoogle || []).push({});\n\/\/ ]]><\/script>\n\n\n\n<hr class=\"wp-block-separator has-css-opacity is-style-wide\"\/>\n\n\n\n<p><a href=\"https:\/\/www.taller-palabras.com\/WordPress_05\/?p=235\">UNA MUJER DIF\u00cdCIL \u2013 JOHN IRVING<\/a><\/p>\n\n\n\n<figure class=\"wp-block-image size-large is-resized\"><a href=\"https:\/\/www.taller-palabras.com\/WordPress_05\/?p=235\"><img decoding=\"async\" loading=\"lazy\" src=\"https:\/\/www.taller-palabras.com\/WordPress_05\/wp-content\/uploads\/2014\/11\/unamujerdificil.jpg\" alt=\"\" class=\"wp-image-1321\" width=\"201\" height=\"302\" srcset=\"https:\/\/www.taller-palabras.com\/WordPress_05\/wp-content\/uploads\/2014\/11\/unamujerdificil.jpg 283w, https:\/\/www.taller-palabras.com\/WordPress_05\/wp-content\/uploads\/2014\/11\/unamujerdificil-79x120.jpg 79w, https:\/\/www.taller-palabras.com\/WordPress_05\/wp-content\/uploads\/2014\/11\/unamujerdificil-199x300.jpg 199w\" sizes=\"(max-width: 201px) 100vw, 201px\" \/><\/a><\/figure>\n\n\n\n<p>Nacida para sustituir, en cierto modo, a dos hermanos muertos en un accidente, Ruth Cole vive una infancia muy especial. En el verano de 1958, cuando ella tiene cuatro a\u00f1os, Marion, su madre, tras una t\u00f3rrida aventura con un jovencito de diecis\u00e9is, abandona el hogar. Ruth se queda con su padre, con el que mantiene una relaci\u00f3n de amor-odio marcada por la rivalidad.<\/p>\n\n\n\n<!--nextpage-->\n\n\n\n<hr class=\"wp-block-separator has-css-opacity is-style-wide\"\/>\n\n\n\n<p><a href=\"https:\/\/www.taller-palabras.com\/WordPress_05\/?p=133\">P\u00c1LIDA LUZ EN LAS COLINAS \u2013 KASU\u00d3 ISHIGURO<\/a><\/p>\n\n\n\n<figure class=\"wp-block-image size-large is-resized\"><a href=\"https:\/\/www.taller-palabras.com\/WordPress_05\/?p=133\"><img decoding=\"async\" loading=\"lazy\" src=\"https:\/\/www.taller-palabras.com\/WordPress_05\/wp-content\/uploads\/2014\/06\/palida_luz_en_las_colinas_4.jpg\" alt=\"\" class=\"wp-image-175\" width=\"201\" height=\"311\"\/><\/a><\/figure>\n\n\n\n<p>Despu\u00e9s del suicidio de su hija mayor, Etsuko, una japonesa de cincuenta a\u00f1os instalada en Inglaterra, rememora momentos de su vida. Quiz\u00e1 la explicaci\u00f3n de esta tragedia familiar se encuentre agazapada en aquel Jap\u00f3n de los a\u00f1os cincuenta que se recuperaba de las heridas de la guerra y del traumatismo de la bomba at\u00f3mica<\/p>\n\n\n\n<hr class=\"wp-block-separator has-css-opacity is-style-wide\"\/>\n\n\n\n<p><a href=\"https:\/\/www.taller-palabras.com\/WordPress_05\/?p=128\">LA MUJER HABITADA \u2013 GIOCONDA BELLI<\/a><\/p>\n\n\n\n<figure class=\"wp-block-image size-large is-resized\"><a href=\"https:\/\/www.taller-palabras.com\/WordPress_05\/?p=128\"><img decoding=\"async\" loading=\"lazy\" src=\"https:\/\/www.taller-palabras.com\/WordPress_05\/wp-content\/uploads\/2020\/05\/lamujerhabitada.jpg\" alt=\"\" class=\"wp-image-1769\" width=\"202\" height=\"308\"\/><\/a><\/figure>\n\n\n\n<p>La mujer habitada sumerge al lector en un mundo m\u00e1gico y ferozmente vital, en el que la mujer, v\u00edctima tradicional de la dominaci\u00f3n masculina, se rebela contra la secular inercia y participa de forma activa en acontecimentos que transforman la realidad.<\/p>\n\n\n\n<hr class=\"wp-block-separator has-css-opacity is-style-wide\"\/>\n\n\n\n<script type=\"text\/javascript\" src=\"\/\/pagead2.googlesyndication.com\/pagead\/js\/adsbygoogle.js\" async=\"\"><\/script><!-- Entre_entrada --> <ins class=\"adsbygoogle\" style=\"display: inline-block; width: 300px; height: 250px;\" data-ad-client=\"ca-pub-2391984088922199\" data-ad-slot=\"5826215141\"><\/ins><script type=\"text\/javascript\">\/\/ <![CDATA[\n(adsbygoogle = window.adsbygoogle || []).push({});\n\/\/ ]]><\/script>\n\n\n\n<hr class=\"wp-block-separator has-css-opacity is-style-wide\"\/>\n\n\n\n<p><a href=\"https:\/\/www.taller-palabras.com\/WordPress_05\/?p=112\">EL GUARDI\u00c1N ENTRE EL CENTENO &#8211; J.D. SALINGER<\/a><\/p>\n\n\n\n<figure class=\"wp-block-image size-large is-resized\"><a href=\"https:\/\/www.taller-palabras.com\/WordPress_05\/?p=112\"><img decoding=\"async\" loading=\"lazy\" src=\"https:\/\/www.taller-palabras.com\/WordPress_05\/wp-content\/uploads\/2014\/05\/Elguardianentreelcenteno1.jpg\" alt=\"\" class=\"wp-image-1227\" width=\"201\" height=\"283\" srcset=\"https:\/\/www.taller-palabras.com\/WordPress_05\/wp-content\/uploads\/2014\/05\/Elguardianentreelcenteno1.jpg 323w, https:\/\/www.taller-palabras.com\/WordPress_05\/wp-content\/uploads\/2014\/05\/Elguardianentreelcenteno1-85x120.jpg 85w, https:\/\/www.taller-palabras.com\/WordPress_05\/wp-content\/uploads\/2014\/05\/Elguardianentreelcenteno1-213x300.jpg 213w\" sizes=\"(max-width: 201px) 100vw, 201px\" \/><\/a><\/figure>\n\n\n\n<p>Publicada originalmente en 1945, la obra maestra de Salinger se convirti\u00f3 inmediatamente en una obra de culto de toda una generaci\u00f3n de lectores. La impresionante fuerza con que el adolescente protagonista se mira a s\u00ed mismo es de una brillantez sostenida como s\u00f3lo muy pocos autores pueden lograr.<\/p>\n\n\n\n<!--nextpage-->\n\n\n\n<hr class=\"wp-block-separator has-css-opacity is-style-wide\"\/>\n\n\n\n<p><a href=\"https:\/\/www.taller-palabras.com\/WordPress_05\/?p=105\">LA BIBLIOTECA DE LOS SUE\u00d1OS ROTOS \u2013 PETER MANSEAU<\/a><\/p>\n\n\n\n<figure class=\"wp-block-image size-large is-resized\"><a href=\"https:\/\/www.taller-palabras.com\/WordPress_05\/?p=105\"><img decoding=\"async\" loading=\"lazy\" src=\"https:\/\/www.taller-palabras.com\/WordPress_05\/wp-content\/uploads\/2014\/05\/Labibliotecadelossue\u00f1osrotos.jpg\" alt=\"\" class=\"wp-image-106\" width=\"200\" height=\"308\" srcset=\"https:\/\/www.taller-palabras.com\/WordPress_05\/wp-content\/uploads\/2014\/05\/Labibliotecadelossue\u00f1osrotos.jpg 208w, https:\/\/www.taller-palabras.com\/WordPress_05\/wp-content\/uploads\/2014\/05\/Labibliotecadelossue\u00f1osrotos-195x300.jpg 195w\" sizes=\"(max-width: 200px) 100vw, 200px\" \/><\/a><\/figure>\n\n\n\n<p>En una organizaci\u00f3n cultural un joven es el encargado de clasificar los libros que se reciben mediante donaciones. All\u00ed, en un dep\u00f3sito vetusto, un d\u00eda desempolva las memorias de Itsik Malpesh, un inmigrante moldavo que huy\u00f3 del antisemitismo en Europa y que ahora, nonagenario, se hace llamar el \u00faltimo poeta yiddish de Am\u00e9rica. El joven hace hallazgos sorprendentes, se enamora y urde una gran mentira que definir\u00e1 su destino.<\/p>\n\n\n\n<hr class=\"wp-block-separator has-css-opacity is-style-wide\"\/>\n\n\n\n<p><a href=\"https:\/\/www.taller-palabras.com\/WordPress_05\/?p=100\">LIBERTAD \u2013 JONATHAN FRANZEN<\/a><\/p>\n\n\n\n<figure class=\"wp-block-image size-large is-resized\"><a href=\"https:\/\/www.taller-palabras.com\/WordPress_05\/?p=100\"><img decoding=\"async\" loading=\"lazy\" src=\"https:\/\/www.taller-palabras.com\/WordPress_05\/wp-content\/uploads\/2014\/05\/Libertad.jpg\" alt=\"\" class=\"wp-image-102\" width=\"184\" height=\"283\"\/><\/a><\/figure>\n\n\n\n<p>El retrato minucioso de una familia del Medio oeste americano a lo largo de varias d\u00e9cadas adquiere en la prosa maestra de Jonathan Franzen un car\u00e1cter universal. Ahondando en la vida intima de unos personajes tan cercanos como identificables, la novela es una incisiva radiograf\u00eda de nuestro tiempo que ha suscitado la admiraci\u00f3n un\u00e1nime de la cr\u00edtica y los lectores de todos los pa\u00edses donde se ha publicado hasta la fecha.<\/p>\n\n\n\n<hr class=\"wp-block-separator has-css-opacity is-style-wide\"\/>\n\n\n\n<script type=\"text\/javascript\" src=\"\/\/pagead2.googlesyndication.com\/pagead\/js\/adsbygoogle.js\" async=\"\"><\/script><!-- Entre_entrada --> <ins class=\"adsbygoogle\" style=\"display: inline-block; width: 300px; height: 250px;\" data-ad-client=\"ca-pub-2391984088922199\" data-ad-slot=\"5826215141\"><\/ins><script type=\"text\/javascript\">\/\/ <![CDATA[\n(adsbygoogle = window.adsbygoogle || []).push({});\n\/\/ ]]><\/script>\n\n\n\n<hr class=\"wp-block-separator has-css-opacity is-style-wide\"\/>\n\n\n\n<p><a href=\"https:\/\/www.taller-palabras.com\/WordPress_05\/?p=96\">LA REP\u00daBLICA DE LOS SUE\u00d1OS &#8211; N\u00c9LIDA PI\u00d1\u00d3N<\/a><\/p>\n\n\n\n<figure class=\"wp-block-image size-large is-resized\"><a href=\"https:\/\/www.taller-palabras.com\/WordPress_05\/?p=96\"><img decoding=\"async\" loading=\"lazy\" src=\"https:\/\/www.taller-palabras.com\/WordPress_05\/wp-content\/uploads\/2014\/05\/La-republica-de-los-sue\u00f1os.jpeg\" alt=\"\" class=\"wp-image-97\" width=\"182\" height=\"300\"\/><\/a><\/figure>\n\n\n\n<p>Esta es la historia de un pobre gallego so\u00f1ador de principios de siglo. Futuro emigrante, so\u00f1aba con Am\u00e9rica y, particularmente, con Brasil. Inmenso territorio en el que cualquiera, el menos elegido por la suerte, se vuelve conquistador, en el que las fortunas parecen caer como frutas de los \u00e1rboles.<\/p>\n\n\n\n<!--nextpage-->\n\n\n\n<hr class=\"wp-block-separator has-css-opacity is-style-wide\"\/>\n\n\n\n<p><a href=\"https:\/\/www.taller-palabras.com\/WordPress_05\/?p=85\">EL TIEMPO ENTRE COSTURAS \u2013 MAR\u00cdA DUE\u00d1AS<\/a><\/p>\n\n\n\n<figure class=\"wp-block-image size-large is-resized\"><a href=\"https:\/\/www.taller-palabras.com\/WordPress_05\/?p=85\"><img decoding=\"async\" loading=\"lazy\" src=\"https:\/\/www.taller-palabras.com\/WordPress_05\/wp-content\/uploads\/2014\/05\/el-tiempo-entre-costuras-678x1024.jpg\" alt=\"\" class=\"wp-image-86\" width=\"188\" height=\"284\" srcset=\"https:\/\/www.taller-palabras.com\/WordPress_05\/wp-content\/uploads\/2014\/05\/el-tiempo-entre-costuras-678x1024.jpg 678w, https:\/\/www.taller-palabras.com\/WordPress_05\/wp-content\/uploads\/2014\/05\/el-tiempo-entre-costuras-198x300.jpg 198w, https:\/\/www.taller-palabras.com\/WordPress_05\/wp-content\/uploads\/2014\/05\/el-tiempo-entre-costuras.jpg 939w\" sizes=\"(max-width: 188px) 100vw, 188px\" \/><\/a><\/figure>\n\n\n\n<p>El tiempo entre costuras es una novela espa\u00f1ola escrita por Mar\u00eda Due\u00f1as que narra la vida de Sira Quiroga, una joven modista que abandona Madrid antes del comienzo de la guerra civil espa\u00f1ola y, por capricho del destino, se ve obligada a fundar un taller de alta costura en Tetu\u00e1n, capital del Protectorado espa\u00f1ol en Marruecos en aquella \u00e9poca.<\/p>\n\n\n\n<hr class=\"wp-block-separator has-css-opacity is-style-wide\"\/>\n\n\n\n<p><a href=\"https:\/\/www.taller-palabras.com\/WordPress_05\/?p=81\">LA LADRONA DE LIBROS \u2013 MARKUS ZUSAK<\/a><\/p>\n\n\n\n<figure class=\"wp-block-image size-large\"><a href=\"https:\/\/www.taller-palabras.com\/WordPress_05\/?p=81\"><img decoding=\"async\" loading=\"lazy\" width=\"194\" height=\"287\" src=\"https:\/\/www.taller-palabras.com\/WordPress_05\/wp-content\/uploads\/2014\/05\/la-ladrona-de-libros-e1587480785190.jpg\" alt=\"\" class=\"wp-image-82\" srcset=\"https:\/\/www.taller-palabras.com\/WordPress_05\/wp-content\/uploads\/2014\/05\/la-ladrona-de-libros-e1587480785190.jpg 194w, https:\/\/www.taller-palabras.com\/WordPress_05\/wp-content\/uploads\/2014\/05\/la-ladrona-de-libros-e1587480785190-101x150.jpg 101w\" sizes=\"(max-width: 194px) 100vw, 194px\" \/><\/a><\/figure>\n\n\n\n<p>Novela narrada desde el punto de vista de la Muerte, nos presenta a Liesel Meminger, una ni\u00f1a de nueve a\u00f1os que se va a vivir con una familia adoptiva, compuesta por dos miembros, Hans y Rosa Hubermann, en un pueblo cercano a M\u00fanich, en la Alemania anterior a la Segunda Guerra Mundial.<\/p>\n\n\n\n<hr class=\"wp-block-separator has-css-opacity is-style-wide\"\/>\n\n\n\n<script type=\"text\/javascript\" src=\"\/\/pagead2.googlesyndication.com\/pagead\/js\/adsbygoogle.js\" async=\"\"><\/script><!-- Entre_entrada --> <ins class=\"adsbygoogle\" style=\"display: inline-block; width: 300px; height: 250px;\" data-ad-client=\"ca-pub-2391984088922199\" data-ad-slot=\"5826215141\"><\/ins><script type=\"text\/javascript\">\/\/ <![CDATA[\n(adsbygoogle = window.adsbygoogle || []).push({});\n\/\/ ]]><\/script>\n\n\n\n<hr class=\"wp-block-separator has-css-opacity is-style-wide\"\/>\n\n\n\n<p><a href=\"https:\/\/www.taller-palabras.com\/WordPress_05\/?p=76\">LAS CORRECCIONES \u2013 JONATHAN FRANZEN<\/a><\/p>\n\n\n\n<figure class=\"wp-block-image size-large\"><a href=\"https:\/\/www.taller-palabras.com\/WordPress_05\/?p=76\"><img decoding=\"async\" loading=\"lazy\" width=\"182\" height=\"276\" src=\"https:\/\/www.taller-palabras.com\/WordPress_05\/wp-content\/uploads\/2014\/05\/La-correcciones1.jpeg\" alt=\"Las correcciones\" class=\"wp-image-737\" srcset=\"https:\/\/www.taller-palabras.com\/WordPress_05\/wp-content\/uploads\/2014\/05\/La-correcciones1.jpeg 182w, https:\/\/www.taller-palabras.com\/WordPress_05\/wp-content\/uploads\/2014\/05\/La-correcciones1-79x120.jpeg 79w\" sizes=\"(max-width: 182px) 100vw, 182px\" \/><\/a><\/figure>\n\n\n\n<pre class=\"wp-block-preformatted\">Franzen se ha convertido hoy por hoy en el ni\u00f1o mimado de la cr\u00edtica estadounidense. Lo han comparado con Don Delillo, con William Faulkner (me parece excesivo), con John Steimbeck y aunque por ahora a Franzen el Nobel le queda grande tiene una carrera por delante y la ha iniciado brillando como el mejor.<\/pre>\n\n\n\n<hr class=\"wp-block-separator has-css-opacity is-style-wide\"\/>\n\n\n\n<p><a href=\"https:\/\/www.taller-palabras.com\/WordPress_05\/?p=72\">OTRO PA\u00cdS &#8211; JAMES BALDWIN<\/a><\/p>\n\n\n\n<div class=\"wp-block-media-text alignwide is-stacked-on-mobile is-vertically-aligned-bottom\"><figure class=\"wp-block-media-text__media\"><a href=\"https:\/\/www.taller-palabras.com\/WordPress_05\/?p=72\"><img decoding=\"async\" loading=\"lazy\" width=\"194\" height=\"260\" src=\"https:\/\/www.taller-palabras.com\/WordPress_05\/wp-content\/uploads\/2014\/05\/Otro-pais.jpeg\" alt=\"\" class=\"wp-image-28\"\/><\/a><\/figure><div class=\"wp-block-media-text__content\">\n\n<p><\/p>\n\n<\/div><\/div>\n\n\n\n<pre class=\"wp-block-preformatted\">Otro pa\u00eds es una historia de deseo, amor, violencia y odio. A trav\u00e9s de la figura del autodestructivo Rufus Scott, un m\u00fasico de jazz en el Greenwich Village de la d\u00e9cada del 50, se nos introduce en un mundo bohemio plagado de caracteres desesperados que buscan el amor y la redenci\u00f3n.<\/pre>\n\n\n\n<p><\/p>\n","protected":false},"excerpt":{"rendered":"<p>Para ver las rese\u00f1as hacer clic sobre el titulo o imagen de cada libro. \u00c9RASE UNA VEZ EN LA TABERNA DE SWAN &#8211; DIANE SETTERFIELD Diane Setterfield con un estilo pulido y ameno ha logrado ese perfecto equilibrio entre lo real y lo que podr\u00eda serlo, a tal punto que las fronteras se desdibujan y &hellip; <a href=\"https:\/\/www.taller-palabras.com\/WordPress_05\/\" class=\"more-link\">Seguir leyendo <span class=\"screen-reader-text\">Rese\u00f1as de novelas<\/span> <span class=\"meta-nav\">&rarr;<\/span><\/a><\/p>\n","protected":false},"author":1,"featured_media":0,"parent":0,"menu_order":0,"comment_status":"closed","ping_status":"closed","template":"","meta":[],"categories":[1],"tags":[33,34,30,29,12,32,28,31],"_links":{"self":[{"href":"https:\/\/www.taller-palabras.com\/WordPress_05\/index.php?rest_route=\/wp\/v2\/pages\/2716"}],"collection":[{"href":"https:\/\/www.taller-palabras.com\/WordPress_05\/index.php?rest_route=\/wp\/v2\/pages"}],"about":[{"href":"https:\/\/www.taller-palabras.com\/WordPress_05\/index.php?rest_route=\/wp\/v2\/types\/page"}],"author":[{"embeddable":true,"href":"https:\/\/www.taller-palabras.com\/WordPress_05\/index.php?rest_route=\/wp\/v2\/users\/1"}],"replies":[{"embeddable":true,"href":"https:\/\/www.taller-palabras.com\/WordPress_05\/index.php?rest_route=%2Fwp%2Fv2%2Fcomments&post=2716"}],"version-history":[{"count":133,"href":"https:\/\/www.taller-palabras.com\/WordPress_05\/index.php?rest_route=\/wp\/v2\/pages\/2716\/revisions"}],"predecessor-version":[{"id":3399,"href":"https:\/\/www.taller-palabras.com\/WordPress_05\/index.php?rest_route=\/wp\/v2\/pages\/2716\/revisions\/3399"}],"wp:attachment":[{"href":"https:\/\/www.taller-palabras.com\/WordPress_05\/index.php?rest_route=%2Fwp%2Fv2%2Fmedia&parent=2716"}],"wp:term":[{"taxonomy":"category","embeddable":true,"href":"https:\/\/www.taller-palabras.com\/WordPress_05\/index.php?rest_route=%2Fwp%2Fv2%2Fcategories&post=2716"},{"taxonomy":"post_tag","embeddable":true,"href":"https:\/\/www.taller-palabras.com\/WordPress_05\/index.php?rest_route=%2Fwp%2Fv2%2Ftags&post=2716"}],"curies":[{"name":"wp","href":"https:\/\/api.w.org\/{rel}","templated":true}]}}